{"id":549,"date":"2026-07-14T13:46:47","date_gmt":"2026-07-14T16:46:47","guid":{"rendered":"https:\/\/marcosalencarpsicanalista.com\/?page_id=549"},"modified":"2026-08-29T16:29:11","modified_gmt":"2026-08-29T19:29:11","slug":"psicologo-para-brasileiros-no-exterior","status":"publish","type":"page","link":"https:\/\/marcosalencarpsicanalista.com\/es\/psicologo-para-brasileiros-no-exterior\/","title":{"rendered":"Psicanalista e psic\u00f3logo para brasileiros no exterior\u200b"},"content":{"rendered":"\t\t<div data-elementor-type=\"wp-page\" data-elementor-id=\"549\" class=\"elementor elementor-549\">\n\t\t\t\t<div class=\"elementor-element elementor-element-a1a5d4c e-flex e-con-boxed wpr-particle-no wpr-jarallax-no wpr-parallax-no wpr-sticky-section-no wpr-column-slider-no wpr-equal-height-no e-con e-parent\" data-id=\"a1a5d4c\" data-element_type=\"container\" data-e-type=\"container\" data-settings=\"{&quot;background_background&quot;:&quot;classic&quot;}\">\n\t\t\t\t\t<div class=\"e-con-inner\">\n\t\t\t\t<div class=\"elementor-element elementor-element-6ff6831 elementor-widget elementor-widget-heading\" data-id=\"6ff6831\" data-element_type=\"widget\" data-e-type=\"widget\" data-widget_type=\"heading.default\">\n\t\t\t\t\t<h1 class=\"elementor-heading-title elementor-size-default\">Psicanalista e psic\u00f3logo para brasileiros no exterior<\/h1>\t\t\t\t<\/div>\n\t\t\t\t<div class=\"elementor-element elementor-element-50e48e7 elementor-widget elementor-widget-heading\" data-id=\"50e48e7\" data-element_type=\"widget\" data-e-type=\"widget\" data-widget_type=\"heading.default\">\n\t\t\t\t\t<h2 class=\"elementor-heading-title elementor-size-default\"><strong>Terapia online em portugu\u00eas, ingl\u00eas ou espanhol<\/strong><\/h2>\t\t\t\t<\/div>\n\t\t\t\t\t<\/div>\n\t\t\t\t<\/div>\n\t\t<div class=\"elementor-element elementor-element-c84b57d e-flex e-con-boxed wpr-particle-no wpr-jarallax-no wpr-parallax-no wpr-sticky-section-no wpr-column-slider-no wpr-equal-height-no e-con e-parent\" data-id=\"c84b57d\" data-element_type=\"container\" data-e-type=\"container\" data-settings=\"{&quot;background_background&quot;:&quot;classic&quot;}\">\n\t\t\t\t\t<div class=\"e-con-inner\">\n\t\t<div class=\"elementor-element elementor-element-0ab779b e-con-full e-flex wpr-particle-no wpr-jarallax-no wpr-parallax-no wpr-sticky-section-no wpr-column-slider-no wpr-equal-height-no e-con e-child\" data-id=\"0ab779b\" data-element_type=\"container\" data-e-type=\"container\">\n\t\t<div class=\"elementor-element elementor-element-66bf3c6 e-con e-atomic-element e-div-block-base e-66bf3c6-a114b20 \" data-id=\"66bf3c6\" data-element_type=\"e-div-block\" data-e-type=\"e-div-block\" data-interaction-id=\"66bf3c6\">\n    \t\t<div class=\"elementor-element elementor-element-b1d8edb elementor-widget elementor-widget-text-editor\" data-id=\"b1d8edb\" data-element_type=\"widget\" data-e-type=\"widget\" data-widget_type=\"text-editor.default\">\n\t\t\t\t\t\t\t\t\t<p>Viver fora exige muito. Outra l\u00edngua o dia inteiro, outra cultura de trabalho, a dist\u00e2ncia de quem conhece voc\u00ea desde sempre \u2014 e, muitas vezes, a sensa\u00e7\u00e3o silenciosa de que \u00e9 preciso dar conta de tudo, porque a mudan\u00e7a foi escolha sua.<\/p><p>Com o tempo, chegam as perguntas que ningu\u00e9m avisa: a saudade que n\u00e3o passa, o n\u00e3o pertencer nem l\u00e1 nem c\u00e1, a vida que seguiu no Brasil sem voc\u00ea. Fazer terapia na sua l\u00edngua d\u00e1 lugar a essas experi\u00eancias: as nuances, o humor, as hesita\u00e7\u00f5es \u2014 o que carrega o que voc\u00ea sente de verdade \u2014 n\u00e3o sobrevivem bem \u00e0 tradu\u00e7\u00e3o. Na sess\u00e3o, voc\u00ea n\u00e3o deveria ter que trabalhar de tradutor de si mesmo.<\/p><p>Atendo online brasileiros que vivem em diferentes pa\u00edses, com hor\u00e1rios ajustados ao fuso e avalia\u00e7\u00e3o das condi\u00e7\u00f5es de cada atendimento.<\/p>\t\t\t\t\t\t\t\t<\/div>\n\t\t\t\t<div class=\"elementor-element elementor-element-4295dac elementor-widget elementor-widget-heading\" data-id=\"4295dac\" data-element_type=\"widget\" data-e-type=\"widget\" data-widget_type=\"heading.default\">\n\t\t\t\t\t<h2 class=\"elementor-heading-title elementor-size-default\">O que traz as pessoas aqui<\/h2>\t\t\t\t<\/div>\n\t\t\t\t<div class=\"elementor-element elementor-element-140a50a elementor-widget elementor-widget-text-editor\" data-id=\"140a50a\" data-element_type=\"widget\" data-e-type=\"widget\" data-widget_type=\"text-editor.default\">\n\t\t\t\t\t\t\t\t\t<strong>Algumas coisas s\u00f3 se dizem na l\u00edngua da gente.<\/strong>\t\t\t\t\t\t\t\t<\/div>\n\t\t\t\t<div class=\"elementor-element elementor-element-008a10f elementor-widget__width-inherit elementor-widget elementor-widget-text-editor\" data-id=\"008a10f\" data-element_type=\"widget\" data-e-type=\"widget\" data-widget_type=\"text-editor.default\">\n\t\t\t\t\t\t\t\t\t<ul>\n  <li><strong>A pr\u00f3pria mudan\u00e7a:<\/strong> adapta\u00e7\u00e3o, isolamento, a identidade dividida entre dois pa\u00edses e as perguntas que aparecem quando as refer\u00eancias conhecidas somem<\/li>\n  <li><strong>Trabalho e carreira:<\/strong> press\u00e3o, lideran\u00e7a, recome\u00e7os profissionais longe da sua rede de apoio<\/li>\n  <li><strong>Relacionamentos:<\/strong> casamentos interculturais, filhos criados em outra l\u00edngua, a fam\u00edlia que envelhece \u00e0 dist\u00e2ncia<\/li>\n  <li><strong>E o que traria voc\u00ea \u00e0 terapia em qualquer lugar:<\/strong> ansiedade, des\u00e2nimo, padr\u00f5es que se repetem, a sensa\u00e7\u00e3o de que algo pede aten\u00e7\u00e3o<\/li>\n<\/ul>\t\t\t\t\t\t\t\t<\/div>\n\t\t\t\t<div class=\"elementor-element elementor-element-c6c5a50 elementor-widget elementor-widget-heading\" data-id=\"c6c5a50\" data-element_type=\"widget\" data-e-type=\"widget\" data-widget_type=\"heading.default\">\n\t\t\t\t\t<h2 class=\"elementor-heading-title elementor-size-default\">Como funciona<\/h2>\t\t\t\t<\/div>\n\t\t\t\t<div class=\"elementor-element elementor-element-3d85e32 elementor-widget elementor-widget-text-editor\" data-id=\"3d85e32\" data-element_type=\"widget\" data-e-type=\"widget\" data-widget_type=\"text-editor.default\">\n\t\t\t\t\t\t\t\t\t<p>Come\u00e7amos com uma conversa gratuita de 30 minutos, online e sem compromisso \u2014 para nos conhecermos, voc\u00ea contar o que traz, e decidirmos juntos se faz sentido trabalharmos. O calend\u00e1rio abaixo ajusta automaticamente o seu fuso hor\u00e1rio.<\/p><p>As sess\u00f5es duram 50 minutos, em geral semanais. Os honor\u00e1rios e a forma de pagamento s\u00e3o conversados na primeira conversa.<\/p>\t\t\t\t\t\t\t\t<\/div>\n\t\t\t\t<div class=\"elementor-element elementor-element-142ee7c elementor-widget elementor-widget-text-editor\" data-id=\"142ee7c\" data-element_type=\"widget\" data-e-type=\"widget\" data-widget_type=\"text-editor.default\">\n\t\t\t\t\t\t\t\t\t<p>\n  O atendimento \u00e9 realizado por videochamada.\n  <a href=\"https:\/\/marcosalencarpsicanalista.com\/psicologo-online\/\">\n    Veja como funciona o atendimento online \u2192\n  <\/a>\n<\/p>\t\t\t\t\t\t\t\t<\/div>\n\t\t\t\t<div class=\"elementor-element elementor-element-e5e17bb elementor-widget elementor-widget-heading\" data-id=\"e5e17bb\" data-element_type=\"widget\" data-e-type=\"widget\" data-widget_type=\"heading.default\">\n\t\t\t\t\t<h2 class=\"elementor-heading-title elementor-size-default\">Quem vai te escutar<\/h2>\t\t\t\t<\/div>\n\t\t\t\t<div class=\"elementor-element elementor-element-e7833c0 elementor-widget elementor-widget-text-editor\" data-id=\"e7833c0\" data-element_type=\"widget\" data-e-type=\"widget\" data-widget_type=\"text-editor.default\">\n\t\t\t\t\t\t\t\t\t<p>Sou Marcos Alencar, Psicanalista e Psic\u00f3logo&nbsp;(CRP 06\/30117). Antes de me dedicar integralmente \u00e0 cl\u00ednica, fui executivo e empreendedor por muitos anos, com forma\u00e7\u00e3o no MIT \u2014 o mundo profissional que voc\u00ea navega a\u00ed fora, eu conhe\u00e7o por dentro, n\u00e3o pelos livros.<\/p>\n<p>Meu trabalho \u00e9 anal\u00edtico: escutamos sua hist\u00f3ria, seus padr\u00f5es e o que se repete \u2014 no seu ritmo, sem protocolos prontos. As sess\u00f5es podem ser em portugu\u00eas, ingl\u00eas ou espanhol, o que servir ao que voc\u00ea precisa dizer.<\/p>\t\t\t\t\t\t\t\t<\/div>\n\t\t\n<\/div>\n<div class=\"elementor-element elementor-element-a191a85 e-con e-atomic-element e-div-block-base e-a191a85-bf9b527 \" data-id=\"a191a85\" data-element_type=\"e-div-block\" data-e-type=\"e-div-block\" data-interaction-id=\"a191a85\">\n    \t\t<div class=\"elementor-element elementor-element-06fab14 elementor-widget elementor-widget-heading\" data-id=\"06fab14\" data-element_type=\"widget\" data-e-type=\"widget\" data-widget_type=\"heading.default\">\n\t\t\t\t\t<h3 class=\"elementor-heading-title elementor-size-default\">Artigos<\/h3>\t\t\t\t<\/div>\n\t\t\t\t<div class=\"elementor-element elementor-element-b4c3ba9 elementor-widget elementor-widget-html\" data-id=\"b4c3ba9\" data-element_type=\"widget\" data-e-type=\"widget\" data-widget_type=\"html.default\">\n\t\t\t\t\t<div class=\"artigo-suica\">\n\n  <h3>\n    <a href=\"https:\/\/marcosalencarpsicanalista.com\/terapia-breve-o-que-e-para-quem-e-indicada-e-quando-e-a-melhor-escolha\/\">\n      Terapia breve: o que \u00e9 e para quem \u00e9 indicada\n    <\/a>\n  <\/h3>\n\n  <p>\n    Um espa\u00e7o de escuta para compreender o que voc\u00ea est\u00e1 vivendo e encontrar novos caminhos.\n  <\/p>\n\n  <h3 style=\"margin-top: 28px;\">\n    <a href=\"https:\/\/marcosalencarpsicanalista.com\/o-sujeito-diante-da-tecnologia\/\">\n      Tecnologia e subjetividade contempor\u00e2nea\n    <\/a>\n  <\/h3>\n\n  <p>\n    Como plataformas, algoritmos e sistemas digitais participam da aten\u00e7\u00e3o, da mem\u00f3ria, das rela\u00e7\u00f5es e da constru\u00e7\u00e3o de n\u00f3s mesmos.\n  <\/p>\n\n  <h3 style=\"margin-top: 28px;\">\n    <a href=\"https:\/\/marcosalencarpsicanalista.com\/brasileiros-na-suica-idioma-e-pertencimento\/\">\n      Idioma, adapta\u00e7\u00e3o e pertencimento\n    <\/a>\n  <\/h3>\n\n  <p>\n    A experi\u00eancia de viver entre diferentes l\u00ednguas, v\u00ednculos e formas de pertencimento.\n  <\/p>\n\n  <h3 style=\"margin-top: 28px;\">\n    <a href=\"https:\/\/marcosalencarpsicanalista.com\/brasileiros-no-reino-unido-vida-entre-culturas\/\">\n      Vida entre culturas, idiomas e pertencimentos\n    <\/a>\n  <\/h3>\n\n  <p>\n    Trabalho, rela\u00e7\u00f5es e identidade na experi\u00eancia de construir uma vida fora do Brasil.\n  <\/p>\n\n  <h3 style=\"margin-top: 28px;\">\n    <a href=\"https:\/\/marcosalencarpsicanalista.com\/brasileiros-em-vancouver-distancia-e-pertencimento\/\">\n      Dist\u00e2ncia, adapta\u00e7\u00e3o e pertencimento\n    <\/a>\n  <\/h3>\n\n  <p>\n    Idioma, carreira e v\u00ednculos na experi\u00eancia de construir uma vida no oeste do Canad\u00e1.\n  <\/p>\n\n<\/div>\t\t\t\t<\/div>\n\t\t\n<\/div>\n\t\t<\/div>\n\t\t\t\t<div class=\"elementor-element elementor-element-528ad80 elementor-widget elementor-widget-heading\" data-id=\"528ad80\" data-element_type=\"widget\" data-e-type=\"widget\" data-widget_type=\"heading.default\">\n\t\t\t\t\t<h2 class=\"elementor-heading-title elementor-size-default\">Agende sua conversa gratuita de 30 minutos<\/h2>\t\t\t\t<\/div>\n\t\t<div class=\"elementor-element elementor-element-706a471 e-con-full e-flex wpr-particle-no wpr-jarallax-no wpr-parallax-no wpr-sticky-section-no wpr-column-slider-no wpr-equal-height-no e-con e-child\" data-id=\"706a471\" data-element_type=\"container\" data-e-type=\"container\">\n\t\t<div class=\"elementor-element elementor-element-699db0d e-con-full e-flex wpr-particle-no wpr-jarallax-no wpr-parallax-no wpr-sticky-section-no wpr-column-slider-no wpr-equal-height-no e-con e-child\" data-id=\"699db0d\" data-element_type=\"container\" data-e-type=\"container\">\n\t\t\t\t<div class=\"elementor-element elementor-element-26ea6d6 elementor-widget__width-inherit elementor-widget elementor-widget-html\" data-id=\"26ea6d6\" data-element_type=\"widget\" data-e-type=\"widget\" data-widget_type=\"html.default\">\n\t\t\t\t\t<!-- Widget em linha do Calendly - in\u00edcio -->\n<div\n  class=\"calendly-inline-widget\"\n  data-url=\"https:\/\/calendly.com\/marcos-alencar\/30min?hide_event_type_details=1&hide_gdpr_banner=1\"\n  style=\"min-width:320px;height:700px;\">\n<\/div>\n\n<script\n  type=\"text\/javascript\"\n  src=\"https:\/\/assets.calendly.com\/assets\/external\/widget.js\"\n  async>\n<\/script>\n<!-- Widget em linha do Calendly - fim -->\t\t\t\t<\/div>\n\t\t\t\t<div class=\"elementor-element elementor-element-34abbc6 elementor-widget elementor-widget-text-editor\" data-id=\"34abbc6\" data-element_type=\"widget\" data-e-type=\"widget\" data-widget_type=\"text-editor.default\">\n\t\t\t\t\t\t\t\t\t<div style=\"text-align: center; max-width: 380px; margin: 0 auto;\">\n\n<img decoding=\"async\" style=\"width: 100%; object-fit: cover; object-position: center top; border-radius: 14px; display: block;\" src=\"https:\/\/marcosalencarpsicanalista.com\/wp-content\/uploads\/2026\/08\/marcosalencarpsicanalistaterapiaonlineSaoPaulo-283x300.webp\" alt=\"Marcos Alencar, psicoterapeuta de orienta\u00e7\u00e3o anal\u00edtica\" \/>\n<div style=\"margin-top: 18px;\">\n<div style=\"font-size: 22px; font-weight: 600; line-height: 1.2;\">Marcos Alencar<\/div>\n<div style=\"margin-top: 4px; color: #666; font-size: 15px;\">CRP 06\/30117<\/div>\n<a style=\"display: inline-block; margin-top: 18px; padding: 10px 22px; border: 1px solid #bca48a; border-radius: 999px; text-decoration: none; color: #6b5644; font-size: 15px; font-weight: 500; transition: all .2s ease;\" href=\"https:\/\/marcosalencarpsicanalista.com\/psicanalista-marcos-alencar\/\">Conhe\u00e7a minha trajet\u00f3ria\n<\/a>\n\n<\/div>\n<\/div>\n<div class=\"nta_wa_button\" data-id=\"1509\" data-info=\"{&quot;name&quot;:&quot;Voc\\u00ea tem alguma d\\u00favida?&quot;,&quot;info&quot;:{&quot;number&quot;:&quot;+5511915665300&quot;,&quot;title&quot;:&quot;D\\u00favidas antes do agendamento&quot;,&quot;predefinedText&quot;:&quot;Ol\\u00e1, Marcos. Encontrei seu site e gostaria de esclarecer uma d\\u00favida antes do agendamento. Sei que os hor\\u00e1rios s\\u00e3o marcados exclusivamente pelo calend\\u00e1rio dispon\\u00edvel no site. Minha d\\u00favida \\u00e9:&quot;,&quot;willBeBackText&quot;:&quot;Responderei a partir das [njwa_time_work].&quot;,&quot;dayOffsText&quot;:&quot;Responderei no pr\\u00f3ximo dia \\u00fatil.&quot;,&quot;isAlwaysAvailable&quot;:&quot;ON&quot;,&quot;daysOfWeekWorking&quot;:{&quot;sunday&quot;:{&quot;isWorkingOnDay&quot;:&quot;OFF&quot;,&quot;workHours&quot;:[{&quot;startTime&quot;:&quot;09:00&quot;,&quot;endTime&quot;:&quot;19:00&quot;}]},&quot;monday&quot;:{&quot;isWorkingOnDay&quot;:&quot;ON&quot;,&quot;workHours&quot;:[{&quot;startTime&quot;:&quot;09:00&quot;,&quot;endTime&quot;:&quot;19:00&quot;}]},&quot;tuesday&quot;:{&quot;isWorkingOnDay&quot;:&quot;OFF&quot;,&quot;workHours&quot;:[{&quot;startTime&quot;:&quot;09:00&quot;,&quot;endTime&quot;:&quot;19:00&quot;}]},&quot;wednesday&quot;:{&quot;isWorkingOnDay&quot;:&quot;ON&quot;,&quot;workHours&quot;:[{&quot;startTime&quot;:&quot;09:00&quot;,&quot;endTime&quot;:&quot;19:00&quot;}]},&quot;thursday&quot;:{&quot;isWorkingOnDay&quot;:&quot;ON&quot;,&quot;workHours&quot;:[{&quot;startTime&quot;:&quot;09:00&quot;,&quot;endTime&quot;:&quot;19:00&quot;}]},&quot;friday&quot;:{&quot;isWorkingOnDay&quot;:&quot;ON&quot;,&quot;workHours&quot;:[{&quot;startTime&quot;:&quot;09:00&quot;,&quot;endTime&quot;:&quot;19:00&quot;}]},&quot;saturday&quot;:{&quot;isWorkingOnDay&quot;:&quot;OFF&quot;,&quot;workHours&quot;:[{&quot;startTime&quot;:&quot;09:00&quot;,&quot;endTime&quot;:&quot;19:00&quot;}]}}},&quot;styles&quot;:{&quot;type&quot;:&quot;round&quot;,&quot;backgroundColor&quot;:&quot;#f7f3ec&quot;,&quot;textColor&quot;:&quot;#5f4b42&quot;,&quot;label&quot;:&quot;Fale comigo por aqui&quot;,&quot;width&quot;:300,&quot;height&quot;:64},&quot;avatar&quot;:false,&quot;options&quot;:{&quot;display&quot;:{&quot;displayCondition&quot;:&quot;showAllPage&quot;,&quot;displayPostCondition&quot;:&quot;showAllPost&quot;,&quot;includePages&quot;:[],&quot;excludePages&quot;:[],&quot;includePosts&quot;:[],&quot;excludePosts&quot;:[],&quot;showOnDesktop&quot;:&quot;ON&quot;,&quot;showOnMobile&quot;:&quot;ON&quot;,&quot;time_symbols&quot;:&quot;h:m&quot;},&quot;styles&quot;:{&quot;title&quot;:&quot;Start a Conversation&quot;,&quot;responseText&quot;:&quot;The team typically replies in a few minutes.&quot;,&quot;description&quot;:&quot;Hi! Click one of our member below to chat on &lt;strong&gt;WhatsApp&lt;\\\/strong&gt;&quot;,&quot;backgroundColor&quot;:&quot;#2db742&quot;,&quot;textColor&quot;:&quot;#fff&quot;,&quot;titleSize&quot;:18,&quot;accountNameSize&quot;:14,&quot;descriptionTextSize&quot;:12,&quot;regularTextSize&quot;:11,&quot;scrollHeight&quot;:500,&quot;isShowScroll&quot;:&quot;OFF&quot;,&quot;isShowResponseText&quot;:&quot;ON&quot;,&quot;isShowPoweredBy&quot;:&quot;ON&quot;,&quot;btnLabel&quot;:&quot;Need Help? &lt;strong&gt;Chat with us&lt;\\\/strong&gt;&quot;,&quot;btnLabelWidth&quot;:156,&quot;btnPosition&quot;:&quot;right&quot;,&quot;btnLeftDistance&quot;:30,&quot;btnRightDistance&quot;:30,&quot;btnBottomDistance&quot;:30,&quot;isShowBtnLabel&quot;:&quot;ON&quot;,&quot;isShowGDPR&quot;:&quot;OFF&quot;,&quot;gdprContent&quot;:&quot;Please accept our &lt;a href=\\&quot;https:\\\/\\\/ninjateam.org\\\/privacy-policy\\\/\\&quot;&gt;privacy policy&lt;\\\/a&gt; first to start a conversation.&quot;,&quot;widgetType&quot;:&quot;expandable&quot;},&quot;analytics&quot;:{&quot;enabledGoogle&quot;:&quot;ON&quot;,&quot;enabledFacebook&quot;:&quot;OFF&quot;,&quot;enabledGoogleGA4&quot;:&quot;ON&quot;}},&quot;gdprStatus&quot;:false,&quot;defaultAvatar&quot;:&quot;https:\\\/\\\/marcosalencarpsicanalista.com\\\/wp-content\\\/plugins\\\/whatsapp-for-wordpress\\\/assets\\\/img\\\/whatsapp_logo.svg&quot;}\"><\/div>\t\t\t\t\t\t\t\t<\/div>\n\t\t\t\t<\/div>\n\t\t\t\t<\/div>\n\t\t\t\t<div class=\"elementor-element elementor-element-0d5c841 elementor-widget elementor-widget-heading\" data-id=\"0d5c841\" data-element_type=\"widget\" data-e-type=\"widget\" data-widget_type=\"heading.default\">\n\t\t\t\t\t<h2 class=\"elementor-heading-title elementor-size-default\">D\u00favidas comuns<\/h2>\t\t\t\t<\/div>\n\t\t\t\t<div class=\"elementor-element elementor-element-c65e485 elementor-widget elementor-widget-n-accordion\" data-id=\"c65e485\" data-element_type=\"widget\" data-e-type=\"widget\" data-settings=\"{&quot;default_state&quot;:&quot;expanded&quot;,&quot;max_items_expended&quot;:&quot;one&quot;,&quot;n_accordion_animation_duration&quot;:{&quot;unit&quot;:&quot;ms&quot;,&quot;size&quot;:400,&quot;sizes&quot;:[]}}\" data-widget_type=\"nested-accordion.default\">\n\t\t\t\t\t\t\t<div class=\"e-n-accordion\" aria-label=\"Accordion. Open links with Enter or Space, close with Escape, and navigate with Arrow Keys\">\n\t\t\t\t\t\t<details id=\"e-n-accordion-item-2080\" class=\"e-n-accordion-item\" open>\n\t\t\t\t<summary class=\"e-n-accordion-item-title\" data-accordion-index=\"1\" tabindex=\"0\" aria-expanded=\"true\" aria-controls=\"e-n-accordion-item-2080\" >\n\t\t\t\t\t<span class='e-n-accordion-item-title-header'><div class=\"e-n-accordion-item-title-text\"> Quanto dura uma sess\u00e3o? <\/div><\/span>\n\t\t\t\t\t\t\t<span class='e-n-accordion-item-title-icon'>\n\t\t\t<span class='e-opened' ><svg aria-hidden=\"true\" class=\"e-font-icon-svg e-fas-minus\" viewBox=\"0 0 448 512\" xmlns=\"http:\/\/www.w3.org\/2000\/svg\"><path d=\"M416 208H32c-17.67 0-32 14.33-32 32v32c0 17.67 14.33 32 32 32h384c17.67 0 32-14.33 32-32v-32c0-17.67-14.33-32-32-32z\"><\/path><\/svg><\/span>\n\t\t\t<span class='e-closed'><svg aria-hidden=\"true\" class=\"e-font-icon-svg e-fas-plus\" viewBox=\"0 0 448 512\" xmlns=\"http:\/\/www.w3.org\/2000\/svg\"><path d=\"M416 208H272V64c0-17.67-14.33-32-32-32h-32c-17.67 0-32 14.33-32 32v144H32c-17.67 0-32 14.33-32 32v32c0 17.67 14.33 32 32 32h144v144c0 17.67 14.33 32 32 32h32c17.67 0 32-14.33 32-32V304h144c17.67 0 32-14.33 32-32v-32c0-17.67-14.33-32-32-32z\"><\/path><\/svg><\/span>\n\t\t<\/span>\n\n\t\t\t\t\t\t<\/summary>\n\t\t\t\t<div role=\"region\" aria-labelledby=\"e-n-accordion-item-2080\" class=\"elementor-element elementor-element-3eabfb4 e-con-full e-flex wpr-particle-no wpr-jarallax-no wpr-parallax-no wpr-sticky-section-no wpr-column-slider-no wpr-equal-height-no e-con e-child\" data-id=\"3eabfb4\" data-element_type=\"container\" data-e-type=\"container\">\n\t\t\t\t<div class=\"elementor-element elementor-element-4925aed elementor-widget elementor-widget-text-editor\" data-id=\"4925aed\" data-element_type=\"widget\" data-e-type=\"widget\" data-widget_type=\"text-editor.default\">\n\t\t\t\t\t\t\t\t\t<p>Cada sess\u00e3o dura em torno de 50 minutos. A frequ\u00eancia \u2014 geralmente semanal \u2014 \u00e9 definida em conjunto, de acordo com a sua necessidade e disponibilidade.<\/p>\t\t\t\t\t\t\t\t<\/div>\n\t\t\t\t<\/div>\n\t\t\t\t\t<\/details>\n\t\t\t\t\t\t<details id=\"e-n-accordion-item-2081\" class=\"e-n-accordion-item\" >\n\t\t\t\t<summary class=\"e-n-accordion-item-title\" data-accordion-index=\"2\" tabindex=\"-1\" aria-expanded=\"false\" aria-controls=\"e-n-accordion-item-2081\" >\n\t\t\t\t\t<span class='e-n-accordion-item-title-header'><div class=\"e-n-accordion-item-title-text\"> A terapia online funciona? <\/div><\/span>\n\t\t\t\t\t\t\t<span class='e-n-accordion-item-title-icon'>\n\t\t\t<span class='e-opened' ><svg aria-hidden=\"true\" class=\"e-font-icon-svg e-fas-minus\" viewBox=\"0 0 448 512\" xmlns=\"http:\/\/www.w3.org\/2000\/svg\"><path d=\"M416 208H32c-17.67 0-32 14.33-32 32v32c0 17.67 14.33 32 32 32h384c17.67 0 32-14.33 32-32v-32c0-17.67-14.33-32-32-32z\"><\/path><\/svg><\/span>\n\t\t\t<span class='e-closed'><svg aria-hidden=\"true\" class=\"e-font-icon-svg e-fas-plus\" viewBox=\"0 0 448 512\" xmlns=\"http:\/\/www.w3.org\/2000\/svg\"><path d=\"M416 208H272V64c0-17.67-14.33-32-32-32h-32c-17.67 0-32 14.33-32 32v144H32c-17.67 0-32 14.33-32 32v32c0 17.67 14.33 32 32 32h144v144c0 17.67 14.33 32 32 32h32c17.67 0 32-14.33 32-32V304h144c17.67 0 32-14.33 32-32v-32c0-17.67-14.33-32-32-32z\"><\/path><\/svg><\/span>\n\t\t<\/span>\n\n\t\t\t\t\t\t<\/summary>\n\t\t\t\t<div role=\"region\" aria-labelledby=\"e-n-accordion-item-2081\" class=\"elementor-element elementor-element-53c46e2 e-con-full e-flex wpr-particle-no wpr-jarallax-no wpr-parallax-no wpr-sticky-section-no wpr-column-slider-no wpr-equal-height-no e-con e-child\" data-id=\"53c46e2\" data-element_type=\"container\" data-e-type=\"container\">\n\t\t\t\t<div class=\"elementor-element elementor-element-fc506fe elementor-widget elementor-widget-text-editor\" data-id=\"fc506fe\" data-element_type=\"widget\" data-e-type=\"widget\" data-widget_type=\"text-editor.default\">\n\t\t\t\t\t\t\t\t\t<p>Sim. A escuta e o v\u00ednculo terap\u00eautico se estabelecem tamb\u00e9m por videochamada, com o mesmo sigilo e qualidade do atendimento presencial. \u00c9 uma alternativa consolidada, especialmente para quem vive fora do Brasil ou tem uma rotina intensa.<\/p>\t\t\t\t\t\t\t\t<\/div>\n\t\t\t\t<\/div>\n\t\t\t\t\t<\/details>\n\t\t\t\t\t\t<details id=\"e-n-accordion-item-2082\" class=\"e-n-accordion-item\" >\n\t\t\t\t<summary class=\"e-n-accordion-item-title\" data-accordion-index=\"3\" tabindex=\"-1\" aria-expanded=\"false\" aria-controls=\"e-n-accordion-item-2082\" >\n\t\t\t\t\t<span class='e-n-accordion-item-title-header'><div class=\"e-n-accordion-item-title-text\"> Em que idiomas posso fazer terapia? <\/div><\/span>\n\t\t\t\t\t\t\t<span class='e-n-accordion-item-title-icon'>\n\t\t\t<span class='e-opened' ><svg aria-hidden=\"true\" class=\"e-font-icon-svg e-fas-minus\" viewBox=\"0 0 448 512\" xmlns=\"http:\/\/www.w3.org\/2000\/svg\"><path d=\"M416 208H32c-17.67 0-32 14.33-32 32v32c0 17.67 14.33 32 32 32h384c17.67 0 32-14.33 32-32v-32c0-17.67-14.33-32-32-32z\"><\/path><\/svg><\/span>\n\t\t\t<span class='e-closed'><svg aria-hidden=\"true\" class=\"e-font-icon-svg e-fas-plus\" viewBox=\"0 0 448 512\" xmlns=\"http:\/\/www.w3.org\/2000\/svg\"><path d=\"M416 208H272V64c0-17.67-14.33-32-32-32h-32c-17.67 0-32 14.33-32 32v144H32c-17.67 0-32 14.33-32 32v32c0 17.67 14.33 32 32 32h144v144c0 17.67 14.33 32 32 32h32c17.67 0 32-14.33 32-32V304h144c17.67 0 32-14.33 32-32v-32c0-17.67-14.33-32-32-32z\"><\/path><\/svg><\/span>\n\t\t<\/span>\n\n\t\t\t\t\t\t<\/summary>\n\t\t\t\t<div role=\"region\" aria-labelledby=\"e-n-accordion-item-2082\" class=\"elementor-element elementor-element-9b70368 e-con-full e-flex wpr-particle-no wpr-jarallax-no wpr-parallax-no wpr-sticky-section-no wpr-column-slider-no wpr-equal-height-no e-con e-child\" data-id=\"9b70368\" data-element_type=\"container\" data-e-type=\"container\">\n\t\t\t\t<div class=\"elementor-element elementor-element-71395ec elementor-widget elementor-widget-text-editor\" data-id=\"71395ec\" data-element_type=\"widget\" data-e-type=\"widget\" data-widget_type=\"text-editor.default\">\n\t\t\t\t\t\t\t\t\tEm portugu\u00eas, ingl\u00eas ou espanhol. Voc\u00ea escolhe o idioma em que se sente mais \u00e0 vontade para falar de si \u2014 e pode mudar, se quiser.\t\t\t\t\t\t\t\t<\/div>\n\t\t\t\t<\/div>\n\t\t\t\t\t<\/details>\n\t\t\t\t\t\t<details id=\"e-n-accordion-item-2083\" class=\"e-n-accordion-item\" >\n\t\t\t\t<summary class=\"e-n-accordion-item-title\" data-accordion-index=\"4\" tabindex=\"-1\" aria-expanded=\"false\" aria-controls=\"e-n-accordion-item-2083\" >\n\t\t\t\t\t<span class='e-n-accordion-item-title-header'><div class=\"e-n-accordion-item-title-text\"> Posso cancelar ou reagendar? <\/div><\/span>\n\t\t\t\t\t\t\t<span class='e-n-accordion-item-title-icon'>\n\t\t\t<span class='e-opened' ><svg aria-hidden=\"true\" class=\"e-font-icon-svg e-fas-minus\" viewBox=\"0 0 448 512\" xmlns=\"http:\/\/www.w3.org\/2000\/svg\"><path d=\"M416 208H32c-17.67 0-32 14.33-32 32v32c0 17.67 14.33 32 32 32h384c17.67 0 32-14.33 32-32v-32c0-17.67-14.33-32-32-32z\"><\/path><\/svg><\/span>\n\t\t\t<span class='e-closed'><svg aria-hidden=\"true\" class=\"e-font-icon-svg e-fas-plus\" viewBox=\"0 0 448 512\" xmlns=\"http:\/\/www.w3.org\/2000\/svg\"><path d=\"M416 208H272V64c0-17.67-14.33-32-32-32h-32c-17.67 0-32 14.33-32 32v144H32c-17.67 0-32 14.33-32 32v32c0 17.67 14.33 32 32 32h144v144c0 17.67 14.33 32 32 32h32c17.67 0 32-14.33 32-32V304h144c17.67 0 32-14.33 32-32v-32c0-17.67-14.33-32-32-32z\"><\/path><\/svg><\/span>\n\t\t<\/span>\n\n\t\t\t\t\t\t<\/summary>\n\t\t\t\t<div role=\"region\" aria-labelledby=\"e-n-accordion-item-2083\" class=\"elementor-element elementor-element-9b3dab9 e-flex e-con-boxed wpr-particle-no wpr-jarallax-no wpr-parallax-no wpr-sticky-section-no wpr-column-slider-no wpr-equal-height-no e-con e-child\" data-id=\"9b3dab9\" data-element_type=\"container\" data-e-type=\"container\">\n\t\t\t\t\t<div class=\"e-con-inner\">\n\t\t\t\t<div class=\"elementor-element elementor-element-86907fb elementor-widget elementor-widget-text-editor\" data-id=\"86907fb\" data-element_type=\"widget\" data-e-type=\"widget\" data-widget_type=\"text-editor.default\">\n\t\t\t\t\t\t\t\t\t<p>Sim, com pelo menos 24 horas de anteced\u00eancia, sem custo. Cancelamentos feitos ap\u00f3s esse prazo poder\u00e3o ser cobrados, pois o hor\u00e1rio fica reservado para voc\u00ea.<\/p>\t\t\t\t\t\t\t\t<\/div>\n\t\t\t\t\t<\/div>\n\t\t\t\t<\/div>\n\t\t\t\t\t<\/details>\n\t\t\t\t\t\t<details id=\"e-n-accordion-item-2084\" class=\"e-n-accordion-item\" >\n\t\t\t\t<summary class=\"e-n-accordion-item-title\" data-accordion-index=\"5\" tabindex=\"-1\" aria-expanded=\"false\" aria-controls=\"e-n-accordion-item-2084\" >\n\t\t\t\t\t<span class='e-n-accordion-item-title-header'><div class=\"e-n-accordion-item-title-text\"> Qual a diferen\u00e7a entre An\u00e1lise Individual e Terapia Breve? <\/div><\/span>\n\t\t\t\t\t\t\t<span class='e-n-accordion-item-title-icon'>\n\t\t\t<span class='e-opened' ><svg aria-hidden=\"true\" class=\"e-font-icon-svg e-fas-minus\" viewBox=\"0 0 448 512\" xmlns=\"http:\/\/www.w3.org\/2000\/svg\"><path d=\"M416 208H32c-17.67 0-32 14.33-32 32v32c0 17.67 14.33 32 32 32h384c17.67 0 32-14.33 32-32v-32c0-17.67-14.33-32-32-32z\"><\/path><\/svg><\/span>\n\t\t\t<span class='e-closed'><svg aria-hidden=\"true\" class=\"e-font-icon-svg e-fas-plus\" viewBox=\"0 0 448 512\" xmlns=\"http:\/\/www.w3.org\/2000\/svg\"><path d=\"M416 208H272V64c0-17.67-14.33-32-32-32h-32c-17.67 0-32 14.33-32 32v144H32c-17.67 0-32 14.33-32 32v32c0 17.67 14.33 32 32 32h144v144c0 17.67 14.33 32 32 32h32c17.67 0 32-14.33 32-32V304h144c17.67 0 32-14.33 32-32v-32c0-17.67-14.33-32-32-32z\"><\/path><\/svg><\/span>\n\t\t<\/span>\n\n\t\t\t\t\t\t<\/summary>\n\t\t\t\t<div role=\"region\" aria-labelledby=\"e-n-accordion-item-2084\" class=\"elementor-element elementor-element-1fd77e4 e-flex e-con-boxed wpr-particle-no wpr-jarallax-no wpr-parallax-no wpr-sticky-section-no wpr-column-slider-no wpr-equal-height-no e-con e-child\" data-id=\"1fd77e4\" data-element_type=\"container\" data-e-type=\"container\">\n\t\t\t\t\t<div class=\"e-con-inner\">\n\t\t\t\t<div class=\"elementor-element elementor-element-7982858 elementor-widget elementor-widget-text-editor\" data-id=\"7982858\" data-element_type=\"widget\" data-e-type=\"widget\" data-widget_type=\"text-editor.default\">\n\t\t\t\t\t\t\t\t\t<p>A An\u00e1lise Individual \u00e9 um processo cont\u00ednuo, sem prazo definido, voltado ao autoconhecimento em profundidade. A Terapia Breve tem foco e dura\u00e7\u00e3o delimitados \u2014 em torno de 10 a 16 sess\u00f5es \u2014 e trabalha uma quest\u00e3o espec\u00edfica, como estresse, press\u00e3o no trabalho ou uma transi\u00e7\u00e3o de carreira. Na primeira conversa, definimos juntos qual caminho faz mais sentido para o seu momento. E \u00e9 poss\u00edvel transitar de um para o outro.<\/p>\t\t\t\t\t\t\t\t<\/div>\n\t\t\t\t\t<\/div>\n\t\t\t\t<\/div>\n\t\t\t\t\t<\/details>\n\t\t\t\t\t\t<details id=\"e-n-accordion-item-2085\" class=\"e-n-accordion-item\" >\n\t\t\t\t<summary class=\"e-n-accordion-item-title\" data-accordion-index=\"6\" tabindex=\"-1\" aria-expanded=\"false\" aria-controls=\"e-n-accordion-item-2085\" >\n\t\t\t\t\t<span class='e-n-accordion-item-title-header'><div class=\"e-n-accordion-item-title-text\"> Para quem a Terapia Breve \u00e9 indicada? <\/div><\/span>\n\t\t\t\t\t\t\t<span class='e-n-accordion-item-title-icon'>\n\t\t\t<span class='e-opened' ><svg aria-hidden=\"true\" class=\"e-font-icon-svg e-fas-minus\" viewBox=\"0 0 448 512\" xmlns=\"http:\/\/www.w3.org\/2000\/svg\"><path d=\"M416 208H32c-17.67 0-32 14.33-32 32v32c0 17.67 14.33 32 32 32h384c17.67 0 32-14.33 32-32v-32c0-17.67-14.33-32-32-32z\"><\/path><\/svg><\/span>\n\t\t\t<span class='e-closed'><svg aria-hidden=\"true\" class=\"e-font-icon-svg e-fas-plus\" viewBox=\"0 0 448 512\" xmlns=\"http:\/\/www.w3.org\/2000\/svg\"><path d=\"M416 208H272V64c0-17.67-14.33-32-32-32h-32c-17.67 0-32 14.33-32 32v144H32c-17.67 0-32 14.33-32 32v32c0 17.67 14.33 32 32 32h144v144c0 17.67 14.33 32 32 32h32c17.67 0 32-14.33 32-32V304h144c17.67 0 32-14.33 32-32v-32c0-17.67-14.33-32-32-32z\"><\/path><\/svg><\/span>\n\t\t<\/span>\n\n\t\t\t\t\t\t<\/summary>\n\t\t\t\t<div role=\"region\" aria-labelledby=\"e-n-accordion-item-2085\" class=\"elementor-element elementor-element-340973f e-flex e-con-boxed wpr-particle-no wpr-jarallax-no wpr-parallax-no wpr-sticky-section-no wpr-column-slider-no wpr-equal-height-no e-con e-child\" data-id=\"340973f\" data-element_type=\"container\" data-e-type=\"container\">\n\t\t\t\t\t<div class=\"e-con-inner\">\n\t\t\t\t<div class=\"elementor-element elementor-element-638c7b7 elementor-widget elementor-widget-text-editor\" data-id=\"638c7b7\" data-element_type=\"widget\" data-e-type=\"widget\" data-widget_type=\"text-editor.default\">\n\t\t\t\t\t\t\t\t\t<p>Para quem vive um momento que pede clareza agora: sobrecarga e esgotamento no trabalho, sa\u00edda ou in\u00edcio em uma empresa, decis\u00f5es dif\u00edceis de carreira, ou simplesmente a necessidade de falar com algu\u00e9m e organizar o que sente antes de dar o pr\u00f3ximo passo.<\/p>\t\t\t\t\t\t\t\t<\/div>\n\t\t\t\t\t<\/div>\n\t\t\t\t<\/div>\n\t\t\t\t\t<\/details>\n\t\t\t\t\t\t<details id=\"e-n-accordion-item-2086\" class=\"e-n-accordion-item\" >\n\t\t\t\t<summary class=\"e-n-accordion-item-title\" data-accordion-index=\"7\" tabindex=\"-1\" aria-expanded=\"false\" aria-controls=\"e-n-accordion-item-2086\" >\n\t\t\t\t\t<span class='e-n-accordion-item-title-header'><div class=\"e-n-accordion-item-title-text\"> Qual o valor da sess\u00e3o <\/div><\/span>\n\t\t\t\t\t\t\t<span class='e-n-accordion-item-title-icon'>\n\t\t\t<span class='e-opened' ><svg aria-hidden=\"true\" class=\"e-font-icon-svg e-fas-minus\" viewBox=\"0 0 448 512\" xmlns=\"http:\/\/www.w3.org\/2000\/svg\"><path d=\"M416 208H32c-17.67 0-32 14.33-32 32v32c0 17.67 14.33 32 32 32h384c17.67 0 32-14.33 32-32v-32c0-17.67-14.33-32-32-32z\"><\/path><\/svg><\/span>\n\t\t\t<span class='e-closed'><svg aria-hidden=\"true\" class=\"e-font-icon-svg e-fas-plus\" viewBox=\"0 0 448 512\" xmlns=\"http:\/\/www.w3.org\/2000\/svg\"><path d=\"M416 208H272V64c0-17.67-14.33-32-32-32h-32c-17.67 0-32 14.33-32 32v144H32c-17.67 0-32 14.33-32 32v32c0 17.67 14.33 32 32 32h144v144c0 17.67 14.33 32 32 32h32c17.67 0 32-14.33 32-32V304h144c17.67 0 32-14.33 32-32v-32c0-17.67-14.33-32-32-32z\"><\/path><\/svg><\/span>\n\t\t<\/span>\n\n\t\t\t\t\t\t<\/summary>\n\t\t\t\t<div role=\"region\" aria-labelledby=\"e-n-accordion-item-2086\" class=\"elementor-element elementor-element-268aee1 e-flex e-con-boxed wpr-particle-no wpr-jarallax-no wpr-parallax-no wpr-sticky-section-no wpr-column-slider-no wpr-equal-height-no e-con e-child\" data-id=\"268aee1\" data-element_type=\"container\" data-e-type=\"container\">\n\t\t\t\t\t<div class=\"e-con-inner\">\n\t\t\t\t<div class=\"elementor-element elementor-element-75ba1af elementor-widget elementor-widget-text-editor\" data-id=\"75ba1af\" data-element_type=\"widget\" data-e-type=\"widget\" data-widget_type=\"text-editor.default\">\n\t\t\t\t\t\t\t\t\t<p>O valor \u00e9 informado na primeira conversa, que \u00e9 gratuita, online e sem compromisso \u2014 30 minutos para nos conhecermos e entender o que voc\u00ea busca. Nela tamb\u00e9m definimos juntos formato, frequ\u00eancia e hor\u00e1rio. Condi\u00e7\u00f5es para frequ\u00eancia semanal s\u00e3o conversadas individualmente.<\/p>\t\t\t\t\t\t\t\t<\/div>\n\t\t\t\t\t<\/div>\n\t\t\t\t<\/div>\n\t\t\t\t\t<\/details>\n\t\t\t\t\t<\/div>\n\t\t\t\t\t\t<\/div>\n\t\t\t\t\t<\/div>\n\t\t\t\t<\/div>\n\t\t\t\t<\/div>\n\t\t","protected":false},"excerpt":{"rendered":"<p>Viver fora exige muito. Outra l\u00edngua o dia inteiro, outra cultura de trabalho, a dist\u00e2ncia de quem conhece voc\u00ea desde sempre \u2014 e, muitas vezes, a sensa\u00e7\u00e3o silenciosa de que \u00e9 preciso dar conta de tudo,<\/p>","protected":false},"author":1,"featured_media":1030,"parent":0,"menu_order":0,"comment_status":"closed","ping_status":"closed","template":"elementor_header_footer","meta":{"footnotes":""},"class_list":["post-549","page","type-page","status-publish","has-post-thumbnail","hentry"],"yoast_head":"<!-- This site is optimized with the Yoast SEO Premium plugin v28.2 (Yoast SEO v28.4) - https:\/\/yoast.com\/product\/yoast-seo-premium-wordpress\/ -->\n<title>Psicanalista e Psic\u00f3logo para Brasileiros no Exterior<\/title>\n<meta name=\"description\" content=\"Psican\u00e1lise e psicoterapia online em portugu\u00eas para brasileiros que vivem no exterior. Atendimento em portugu\u00eas, ingl\u00eas ou espanhol com Marcos Alencar, psic\u00f3logo registrado no Brasil.\" \/>\n<meta name=\"robots\" content=\"index, follow, max-snippet:-1, max-image-preview:large, max-video-preview:-1\" \/>\n<link rel=\"canonical\" href=\"https:\/\/marcosalencarpsicanalista.com\/es\/psicologo-para-brasileiros-no-exterior\/\" \/>\n<meta property=\"og:locale\" content=\"es_ES\" \/>\n<meta property=\"og:type\" content=\"article\" \/>\n<meta property=\"og:title\" content=\"Psic\u00f3logo para Brasileiros no Exterior | Terapia Online em Portugu\u00eas\" \/>\n<meta property=\"og:description\" content=\"Terapia online em portugu\u00eas para brasileiros que vivem fora do Brasil. Orienta\u00e7\u00e3o anal\u00edtica, d\u00e9cadas de cl\u00ednica e hor\u00e1rios que se ajustam ao seu fuso. Primeira conversa gratuita de 30 minutos.\" \/>\n<meta property=\"og:url\" content=\"https:\/\/marcosalencarpsicanalista.com\/es\/psicologo-para-brasileiros-no-exterior\/\" \/>\n<meta property=\"og:site_name\" content=\"Marcos Alencar | Psicanalista em S\u00e3o Paulo\" \/>\n<meta property=\"article:modified_time\" content=\"2026-08-29T19:29:11+00:00\" \/>\n<meta property=\"og:image\" content=\"https:\/\/marcosalencarpsicanalista.com\/wp-content\/uploads\/2026\/07\/reinounido-e1785607871189.png\" \/>\n\t<meta property=\"og:image:width\" content=\"1000\" \/>\n\t<meta property=\"og:image:height\" content=\"333\" \/>\n\t<meta property=\"og:image:type\" content=\"image\/png\" \/>\n<meta name=\"twitter:card\" content=\"summary_large_image\" \/>\n<meta name=\"twitter:title\" content=\"Psic\u00f3logo para Brasileiros no Exterior | Terapia Online em Portugu\u00eas\" \/>\n<meta name=\"twitter:description\" content=\"Terapia online em portugu\u00eas para brasileiros que vivem fora do Brasil. Orienta\u00e7\u00e3o anal\u00edtica, d\u00e9cadas de cl\u00ednica e hor\u00e1rios que se ajustam ao seu fuso. Primeira conversa gratuita de 30 minutos.\" \/>\n<meta name=\"twitter:image\" content=\"https:\/\/marcosalencarpsicanalista.com\/wp-content\/uploads\/2026\/07\/Vancouver.png\" \/>\n<meta name=\"twitter:label1\" content=\"Tiempo de lectura\" \/>\n\t<meta name=\"twitter:data1\" content=\"5 minutos\" \/>\n<script type=\"application\/ld+json\" class=\"yoast-schema-graph\">{\"@context\":\"https:\\\/\\\/schema.org\",\"@graph\":[{\"@type\":\"WebPage\",\"@id\":\"https:\\\/\\\/marcosalencarpsicanalista.com\\\/psicologo-para-brasileiros-no-exterior\\\/\",\"url\":\"https:\\\/\\\/marcosalencarpsicanalista.com\\\/psicologo-para-brasileiros-no-exterior\\\/\",\"name\":\"Psicanalista e Psic\u00f3logo para Brasileiros no Exterior\",\"isPartOf\":{\"@id\":\"https:\\\/\\\/marcosalencarpsicanalista.com\\\/#website\"},\"primaryImageOfPage\":{\"@id\":\"https:\\\/\\\/marcosalencarpsicanalista.com\\\/psicologo-para-brasileiros-no-exterior\\\/#primaryimage\"},\"image\":{\"@id\":\"https:\\\/\\\/marcosalencarpsicanalista.com\\\/psicologo-para-brasileiros-no-exterior\\\/#primaryimage\"},\"thumbnailUrl\":\"https:\\\/\\\/marcosalencarpsicanalista.com\\\/wp-content\\\/uploads\\\/2026\\\/07\\\/Switzerland.png\",\"datePublished\":\"2026-07-14T16:46:47+00:00\",\"dateModified\":\"2026-08-29T19:29:11+00:00\",\"description\":\"Psican\u00e1lise e psicoterapia online em portugu\u00eas para brasileiros que vivem no exterior. Atendimento em portugu\u00eas, ingl\u00eas ou espanhol com Marcos Alencar, psic\u00f3logo registrado no Brasil.\",\"breadcrumb\":{\"@id\":\"https:\\\/\\\/marcosalencarpsicanalista.com\\\/psicologo-para-brasileiros-no-exterior\\\/#breadcrumb\"},\"inLanguage\":\"es-AR\",\"potentialAction\":[{\"@type\":\"ReadAction\",\"target\":[\"https:\\\/\\\/marcosalencarpsicanalista.com\\\/psicologo-para-brasileiros-no-exterior\\\/\"]}],\"about\":[{\"@id\":\"https:\\\/\\\/marcosalencarpsicanalista.com\\\/es\\\/#marcos-correa-alencar\"},{\"@id\":\"https:\\\/\\\/marcosalencarpsicanalista.com\\\/es\\\/#consultorio-marcos-alencar\"}]},{\"@type\":\"ImageObject\",\"inLanguage\":\"es-AR\",\"@id\":\"https:\\\/\\\/marcosalencarpsicanalista.com\\\/psicologo-para-brasileiros-no-exterior\\\/#primaryimage\",\"url\":\"https:\\\/\\\/marcosalencarpsicanalista.com\\\/wp-content\\\/uploads\\\/2026\\\/07\\\/Switzerland.png\",\"contentUrl\":\"https:\\\/\\\/marcosalencarpsicanalista.com\\\/wp-content\\\/uploads\\\/2026\\\/07\\\/Switzerland.png\",\"width\":2172,\"height\":724},{\"@type\":\"BreadcrumbList\",\"@id\":\"https:\\\/\\\/marcosalencarpsicanalista.com\\\/psicologo-para-brasileiros-no-exterior\\\/#breadcrumb\",\"itemListElement\":[{\"@type\":\"ListItem\",\"position\":1,\"name\":\"Home\",\"item\":\"https:\\\/\\\/marcosalencarpsicanalista.com\\\/\"},{\"@type\":\"ListItem\",\"position\":2,\"name\":\"Psicanalista e psic\u00f3logo para brasileiros no exterior\u200b\"}]},{\"@type\":\"WebSite\",\"@id\":\"https:\\\/\\\/marcosalencarpsicanalista.com\\\/#website\",\"url\":\"https:\\\/\\\/marcosalencarpsicanalista.com\\\/\",\"name\":\"Marcos Alencar | Psicanalista e Psic\u00f3logo\",\"description\":\"Psican\u00e1lise e psicoterapia presencial em S\u00e3o Paulo e online no Brasil e no exterior.\",\"publisher\":{\"@id\":\"https:\\\/\\\/marcosalencarpsicanalista.com\\\/es\\\/#consultorio-marcos-alencar\"},\"alternateName\":\"Marcos Alencar\",\"potentialAction\":[{\"@type\":\"SearchAction\",\"target\":{\"@type\":\"EntryPoint\",\"urlTemplate\":\"https:\\\/\\\/marcosalencarpsicanalista.com\\\/?s={search_term_string}\"},\"query-input\":{\"@type\":\"PropertyValueSpecification\",\"valueRequired\":true,\"valueName\":\"search_term_string\"}}],\"inLanguage\":\"es-AR\",\"about\":[{\"@id\":\"https:\\\/\\\/marcosalencarpsicanalista.com\\\/es\\\/#marcos-correa-alencar\"},{\"@id\":\"https:\\\/\\\/marcosalencarpsicanalista.com\\\/es\\\/#consultorio-marcos-alencar\"}]},{\"@type\":\"Organization\",\"@id\":\"https:\\\/\\\/marcosalencarpsicanalista.com\\\/#organization\",\"name\":\"Marcos Alencar | Psicologo e Psicanalista\",\"url\":\"https:\\\/\\\/marcosalencarpsicanalista.com\\\/\",\"logo\":{\"@type\":\"ImageObject\",\"inLanguage\":\"es-AR\",\"@id\":\"https:\\\/\\\/marcosalencarpsicanalista.com\\\/#\\\/schema\\\/logo\\\/image\\\/\",\"url\":\"https:\\\/\\\/marcosalencarpsicanalista.com\\\/wp-content\\\/uploads\\\/2026\\\/08\\\/marcosalencar-psicanalista-psicologo-sao-paulo-sp-port.png\",\"contentUrl\":\"https:\\\/\\\/marcosalencarpsicanalista.com\\\/wp-content\\\/uploads\\\/2026\\\/08\\\/marcosalencar-psicanalista-psicologo-sao-paulo-sp-port.png\",\"width\":1122,\"height\":1402,\"caption\":\"Marcos Alencar | Psicologo e Psicanalista\"},\"image\":{\"@id\":\"https:\\\/\\\/marcosalencarpsicanalista.com\\\/#\\\/schema\\\/logo\\\/image\\\/\"},\"description\":\"Psican\u00e1lise e psicoterapia com Marcos Alencar, Psicanalista e Psic\u00f3logo (CRP 06\\\/30117). Atendimento presencial em S\u00e3o Paulo e online, em portugu\u00eas, ingl\u00eas e espanhol. Primeira conversa gratuita de 30 minutos.\"},{\"@type\":\"Person\",\"@id\":\"https:\\\/\\\/marcosalencarpsicanalista.com\\\/es\\\/#marcos-correa-alencar\",\"name\":\"Marcos Corr\u00eaa Alencar\",\"alternateName\":\"Marcos Alencar\",\"givenName\":\"Marcos\",\"additionalName\":\"Corr\u00eaa\",\"familyName\":\"Alencar\",\"url\":\"https:\\\/\\\/marcosalencarpsicanalista.com\\\/es\\\/es\\\/psicanalista-marcos-alencar\\\/\",\"mainEntityOfPage\":{\"@id\":\"https:\\\/\\\/marcosalencarpsicanalista.com\\\/es\\\/es\\\/psicanalista-marcos-alencar\\\/\"},\"image\":{\"@type\":\"ImageObject\",\"@id\":\"https:\\\/\\\/marcosalencarpsicanalista.com\\\/es\\\/#imagem-marcos-alencar\",\"url\":\"https:\\\/\\\/marcosalencarpsicanalista.com\\\/es\\\/wp-content\\\/uploads\\\/2026\\\/07\\\/DrMarcosAlencar.webp\",\"contentUrl\":\"https:\\\/\\\/marcosalencarpsicanalista.com\\\/es\\\/wp-content\\\/uploads\\\/2026\\\/07\\\/DrMarcosAlencar.webp\",\"caption\":\"Marcos Corr\u00eaa Alencar, Psicanalista e Psic\u00f3logo\"},\"description\":\"Marcos Corr\u00eaa Alencar es Psicoanalista y Psic\u00f3logo, registrado en el CRP 06\\\/30117. Atiende presencialmente en S\u00e3o Paulo y online en Brasil y en el exterior, en portugu\u00e9s, ingl\u00e9s y espa\u00f1ol.\",\"jobTitle\":[\"Psicanalista\",\"Psic\u00f3logo\"],\"identifier\":{\"@type\":\"PropertyValue\",\"propertyID\":\"CRP\",\"value\":\"06\\\/30117\",\"name\":\"Registro profissional no Conselho Regional de Psicologia\"},\"knowsLanguage\":[{\"@type\":\"Language\",\"name\":\"Portugu\u00eas\",\"alternateName\":\"pt-BR\"},{\"@type\":\"Language\",\"name\":\"English\",\"alternateName\":\"en\"},{\"@type\":\"Language\",\"name\":\"Espa\u00f1ol\",\"alternateName\":\"es\"}],\"telephone\":\"+55 11 91566-5300\",\"email\":\"contato@marcosalencarpsicanalista.com\",\"workLocation\":{\"@type\":\"Place\",\"name\":\"S\u00e3o Paulo, SP, Brasil\",\"address\":{\"@type\":\"PostalAddress\",\"addressLocality\":\"S\u00e3o Paulo\",\"addressRegion\":\"SP\",\"postalCode\":\"05447-140\",\"addressCountry\":\"BR\"},\"geo\":{\"@type\":\"GeoCoordinates\",\"latitude\":-23.5468322,\"longitude\":-46.705219}},\"worksFor\":{\"@id\":\"https:\\\/\\\/marcosalencarpsicanalista.com\\\/es\\\/#consultorio-marcos-alencar\"},\"knowsAbout\":[\"Psican\u00e1lise\",\"Psicologia\",\"Psicoterapia de orienta\u00e7\u00e3o anal\u00edtica\",\"An\u00e1lise individual\",\"Terapia breve\",\"Autoconhecimento\",\"Sa\u00fade mental\",\"Subjetividade\",\"Migra\u00e7\u00e3o e adapta\u00e7\u00e3o cultural\",\"Tecnologia e subjetividade\",\"Supervis\u00e3o cl\u00ednica\"],\"makesOffer\":[{\"@id\":\"https:\\\/\\\/marcosalencarpsicanalista.com\\\/es\\\/#oferta-primeira-conversa\"}]},{\"@type\":\"LocalBusiness\",\"@id\":\"https:\\\/\\\/marcosalencarpsicanalista.com\\\/es\\\/#consultorio-marcos-alencar\",\"name\":\"Marcos Alencar \u2014 Psicoanalista y Psic\u00f3logo\",\"alternateName\":\"Marcos Alencar\",\"url\":\"https:\\\/\\\/marcosalencarpsicanalista.com\\\/es\\\/es\\\/\",\"description\":\"Psicoan\u00e1lisis y psicoterapia de orientaci\u00f3n anal\u00edtica con Marcos Corr\u00eaa Alencar, CRP 06\\\/30117. Atenci\u00f3n presencial en S\u00e3o Paulo y online en Brasil y en el exterior, en portugu\u00e9s, ingl\u00e9s y espa\u00f1ol.\",\"image\":{\"@id\":\"https:\\\/\\\/marcosalencarpsicanalista.com\\\/es\\\/#imagem-marcos-alencar\"},\"telephone\":\"+55 11 91566-5300\",\"email\":\"contato@marcosalencarpsicanalista.com\",\"address\":{\"@type\":\"PostalAddress\",\"addressLocality\":\"S\u00e3o Paulo\",\"addressRegion\":\"SP\",\"postalCode\":\"05447-140\",\"addressCountry\":\"BR\"},\"geo\":{\"@type\":\"GeoCoordinates\",\"latitude\":-23.5468322,\"longitude\":-46.705219},\"areaServed\":[{\"@type\":\"City\",\"name\":\"S\u00e3o Paulo\"},{\"@type\":\"Country\",\"name\":\"Brasil\"},{\"@type\":\"AdministrativeArea\",\"name\":\"Atendimento online internacional\"}],\"availableLanguage\":[{\"@type\":\"Language\",\"name\":\"Portugu\u00eas\",\"alternateName\":\"pt-BR\"},{\"@type\":\"Language\",\"name\":\"English\",\"alternateName\":\"en\"},{\"@type\":\"Language\",\"name\":\"Espa\u00f1ol\",\"alternateName\":\"es\"}],\"founder\":{\"@id\":\"https:\\\/\\\/marcosalencarpsicanalista.com\\\/es\\\/#marcos-correa-alencar\"},\"employee\":{\"@id\":\"https:\\\/\\\/marcosalencarpsicanalista.com\\\/es\\\/#marcos-correa-alencar\"},\"openingHoursSpecification\":[{\"@type\":\"OpeningHoursSpecification\",\"dayOfWeek\":[\"https:\\\/\\\/schema.org\\\/Monday\",\"https:\\\/\\\/schema.org\\\/Tuesday\",\"https:\\\/\\\/schema.org\\\/Wednesday\",\"https:\\\/\\\/schema.org\\\/Thursday\",\"https:\\\/\\\/schema.org\\\/Friday\"],\"opens\":\"09:00\",\"closes\":\"19:00\"}],\"hasOfferCatalog\":{\"@type\":\"OfferCatalog\",\"name\":\"Atendimentos e servi\u00e7os\",\"itemListElement\":[{\"@id\":\"https:\\\/\\\/marcosalencarpsicanalista.com\\\/es\\\/#analise-individual\"},{\"@id\":\"https:\\\/\\\/marcosalencarpsicanalista.com\\\/es\\\/#terapia-breve\"},{\"@id\":\"https:\\\/\\\/marcosalencarpsicanalista.com\\\/es\\\/#supervisao-clinica\"},{\"@id\":\"https:\\\/\\\/marcosalencarpsicanalista.com\\\/es\\\/#primeira-conversa\"}]},\"makesOffer\":[{\"@id\":\"https:\\\/\\\/marcosalencarpsicanalista.com\\\/es\\\/#oferta-primeira-conversa\"}]},{\"@type\":\"Service\",\"@id\":\"https:\\\/\\\/marcosalencarpsicanalista.com\\\/es\\\/#analise-individual\",\"name\":\"An\u00e1lisis Individual\",\"serviceType\":\"Psican\u00e1lise e psicoterapia de orienta\u00e7\u00e3o anal\u00edtica\",\"description\":\"Un proceso continuo y profundo de escucha y autoconocimiento, desarrollado de acuerdo con la singularidad y el tiempo de cada persona.\",\"provider\":{\"@id\":\"https:\\\/\\\/marcosalencarpsicanalista.com\\\/es\\\/#marcos-correa-alencar\"},\"broker\":{\"@id\":\"https:\\\/\\\/marcosalencarpsicanalista.com\\\/es\\\/#consultorio-marcos-alencar\"},\"areaServed\":[{\"@type\":\"City\",\"name\":\"S\u00e3o Paulo\"},{\"@type\":\"Country\",\"name\":\"Brasil\"},{\"@type\":\"AdministrativeArea\",\"name\":\"Atendimento online internacional\"}],\"availableChannel\":[{\"@type\":\"ServiceChannel\",\"name\":\"Consultorio en S\u00e3o Paulo\",\"serviceLocation\":{\"@type\":\"Place\",\"name\":\"Consultorio en S\u00e3o Paulo\",\"address\":{\"@type\":\"PostalAddress\",\"addressLocality\":\"S\u00e3o Paulo\",\"addressRegion\":\"SP\",\"postalCode\":\"05447-140\",\"addressCountry\":\"BR\"},\"geo\":{\"@type\":\"GeoCoordinates\",\"latitude\":-23.5468322,\"longitude\":-46.705219}},\"availableLanguage\":[{\"@type\":\"Language\",\"name\":\"Portugu\u00eas\",\"alternateName\":\"pt-BR\"},{\"@type\":\"Language\",\"name\":\"English\",\"alternateName\":\"en\"},{\"@type\":\"Language\",\"name\":\"Espa\u00f1ol\",\"alternateName\":\"es\"}]},{\"@type\":\"ServiceChannel\",\"name\":\"Atenci\u00f3n online\",\"serviceUrl\":\"https:\\\/\\\/marcosalencarpsicanalista.com\\\/es\\\/es\\\/30min\\\/\",\"availableLanguage\":[{\"@type\":\"Language\",\"name\":\"Portugu\u00eas\",\"alternateName\":\"pt-BR\"},{\"@type\":\"Language\",\"name\":\"English\",\"alternateName\":\"en\"},{\"@type\":\"Language\",\"name\":\"Espa\u00f1ol\",\"alternateName\":\"es\"}]}],\"url\":\"https:\\\/\\\/marcosalencarpsicanalista.com\\\/es\\\/es\\\/#Modalidades\"},{\"@type\":\"Service\",\"@id\":\"https:\\\/\\\/marcosalencarpsicanalista.com\\\/es\\\/#terapia-breve\",\"name\":\"Terapia Breve\",\"serviceType\":\"Terapia breve focal\",\"description\":\"Un proceso terap\u00e9utico con foco y duraci\u00f3n delimitados, dirigido a una cuesti\u00f3n espec\u00edfica como estr\u00e9s, presi\u00f3n profesional, decisiones dif\u00edciles o transiciones de carrera.\",\"provider\":{\"@id\":\"https:\\\/\\\/marcosalencarpsicanalista.com\\\/es\\\/#marcos-correa-alencar\"},\"broker\":{\"@id\":\"https:\\\/\\\/marcosalencarpsicanalista.com\\\/es\\\/#consultorio-marcos-alencar\"},\"areaServed\":[{\"@type\":\"City\",\"name\":\"S\u00e3o Paulo\"},{\"@type\":\"Country\",\"name\":\"Brasil\"},{\"@type\":\"AdministrativeArea\",\"name\":\"Atendimento online internacional\"}],\"availableChannel\":[{\"@type\":\"ServiceChannel\",\"name\":\"Consultorio en S\u00e3o Paulo\",\"serviceLocation\":{\"@type\":\"Place\",\"name\":\"Consultorio en S\u00e3o Paulo\",\"address\":{\"@type\":\"PostalAddress\",\"addressLocality\":\"S\u00e3o Paulo\",\"addressRegion\":\"SP\",\"postalCode\":\"05447-140\",\"addressCountry\":\"BR\"},\"geo\":{\"@type\":\"GeoCoordinates\",\"latitude\":-23.5468322,\"longitude\":-46.705219}},\"availableLanguage\":[{\"@type\":\"Language\",\"name\":\"Portugu\u00eas\",\"alternateName\":\"pt-BR\"},{\"@type\":\"Language\",\"name\":\"English\",\"alternateName\":\"en\"},{\"@type\":\"Language\",\"name\":\"Espa\u00f1ol\",\"alternateName\":\"es\"}]},{\"@type\":\"ServiceChannel\",\"name\":\"Atenci\u00f3n online\",\"serviceUrl\":\"https:\\\/\\\/marcosalencarpsicanalista.com\\\/es\\\/es\\\/30min\\\/\",\"availableLanguage\":[{\"@type\":\"Language\",\"name\":\"Portugu\u00eas\",\"alternateName\":\"pt-BR\"},{\"@type\":\"Language\",\"name\":\"English\",\"alternateName\":\"en\"},{\"@type\":\"Language\",\"name\":\"Espa\u00f1ol\",\"alternateName\":\"es\"}]}],\"url\":\"https:\\\/\\\/marcosalencarpsicanalista.com\\\/es\\\/es\\\/#Modalidades\"},{\"@type\":\"Service\",\"@id\":\"https:\\\/\\\/marcosalencarpsicanalista.com\\\/es\\\/#supervisao-clinica\",\"name\":\"Supervisi\u00f3n Cl\u00ednica\",\"serviceType\":\"Supervis\u00e3o cl\u00ednica para profissionais de sa\u00fade mental\",\"description\":\"Supervisi\u00f3n cl\u00ednica para psic\u00f3logos, psicoanalistas, psicoterapeutas y profesionales en formaci\u00f3n.\",\"url\":\"https:\\\/\\\/marcosalencarpsicanalista.com\\\/es\\\/es\\\/supervisao-clinica\\\/\",\"provider\":{\"@id\":\"https:\\\/\\\/marcosalencarpsicanalista.com\\\/es\\\/#marcos-correa-alencar\"},\"broker\":{\"@id\":\"https:\\\/\\\/marcosalencarpsicanalista.com\\\/es\\\/#consultorio-marcos-alencar\"},\"areaServed\":[{\"@type\":\"City\",\"name\":\"S\u00e3o Paulo\"},{\"@type\":\"Country\",\"name\":\"Brasil\"},{\"@type\":\"AdministrativeArea\",\"name\":\"Atendimento online internacional\"}],\"availableChannel\":[{\"@type\":\"ServiceChannel\",\"name\":\"Consultorio en S\u00e3o Paulo\",\"serviceLocation\":{\"@type\":\"Place\",\"name\":\"Consultorio en S\u00e3o Paulo\",\"address\":{\"@type\":\"PostalAddress\",\"addressLocality\":\"S\u00e3o Paulo\",\"addressRegion\":\"SP\",\"postalCode\":\"05447-140\",\"addressCountry\":\"BR\"},\"geo\":{\"@type\":\"GeoCoordinates\",\"latitude\":-23.5468322,\"longitude\":-46.705219}},\"availableLanguage\":[{\"@type\":\"Language\",\"name\":\"Portugu\u00eas\",\"alternateName\":\"pt-BR\"},{\"@type\":\"Language\",\"name\":\"English\",\"alternateName\":\"en\"},{\"@type\":\"Language\",\"name\":\"Espa\u00f1ol\",\"alternateName\":\"es\"}]},{\"@type\":\"ServiceChannel\",\"name\":\"Atenci\u00f3n online\",\"serviceUrl\":\"https:\\\/\\\/marcosalencarpsicanalista.com\\\/es\\\/es\\\/30min\\\/\",\"availableLanguage\":[{\"@type\":\"Language\",\"name\":\"Portugu\u00eas\",\"alternateName\":\"pt-BR\"},{\"@type\":\"Language\",\"name\":\"English\",\"alternateName\":\"en\"},{\"@type\":\"Language\",\"name\":\"Espa\u00f1ol\",\"alternateName\":\"es\"}]}]},{\"@type\":\"Service\",\"@id\":\"https:\\\/\\\/marcosalencarpsicanalista.com\\\/es\\\/#primeira-conversa\",\"name\":\"Primera conversaci\u00f3n online de 30 minutos\",\"serviceType\":\"Conversa inicial online de 30 minutos\",\"description\":\"Una conversaci\u00f3n inicial online, gratuita y sin compromiso, de 30 minutos, para conocer la demanda y considerar la posibilidad de comenzar el proceso terap\u00e9utico.\",\"url\":\"https:\\\/\\\/marcosalencarpsicanalista.com\\\/es\\\/es\\\/30min\\\/\",\"provider\":{\"@id\":\"https:\\\/\\\/marcosalencarpsicanalista.com\\\/es\\\/#marcos-correa-alencar\"},\"areaServed\":[{\"@type\":\"City\",\"name\":\"S\u00e3o Paulo\"},{\"@type\":\"Country\",\"name\":\"Brasil\"},{\"@type\":\"AdministrativeArea\",\"name\":\"Atendimento online internacional\"}],\"availableChannel\":[{\"@type\":\"ServiceChannel\",\"name\":\"Atenci\u00f3n online\",\"serviceUrl\":\"https:\\\/\\\/marcosalencarpsicanalista.com\\\/es\\\/es\\\/30min\\\/\",\"availableLanguage\":[{\"@type\":\"Language\",\"name\":\"Portugu\u00eas\",\"alternateName\":\"pt-BR\"},{\"@type\":\"Language\",\"name\":\"English\",\"alternateName\":\"en\"},{\"@type\":\"Language\",\"name\":\"Espa\u00f1ol\",\"alternateName\":\"es\"}]}],\"offers\":{\"@id\":\"https:\\\/\\\/marcosalencarpsicanalista.com\\\/es\\\/#oferta-primeira-conversa\"}},{\"@type\":\"Offer\",\"@id\":\"https:\\\/\\\/marcosalencarpsicanalista.com\\\/es\\\/#oferta-primeira-conversa\",\"name\":\"Primera conversaci\u00f3n online de 30 minutos\",\"url\":\"https:\\\/\\\/marcosalencarpsicanalista.com\\\/es\\\/es\\\/30min\\\/\",\"price\":\"0\",\"priceCurrency\":\"BRL\",\"itemOffered\":{\"@id\":\"https:\\\/\\\/marcosalencarpsicanalista.com\\\/es\\\/#primeira-conversa\"},\"seller\":{\"@id\":\"https:\\\/\\\/marcosalencarpsicanalista.com\\\/es\\\/#consultorio-marcos-alencar\"}}]}<\/script>\n<!-- \/ Yoast SEO Premium plugin. -->","yoast_head_json":{"title":"Psicoanalista y Psic\u00f3logo para Brasile\u00f1os que Viven en el Exterior","description":"Psicoan\u00e1lisis y psicoterapia online en portugu\u00e9s para brasile\u00f1os que viven en el exterior. Atenci\u00f3n en portugu\u00e9s, ingl\u00e9s o espa\u00f1ol con Marcos Alencar, psic\u00f3logo registrado en Brasil.","robots":{"index":"index","follow":"follow","max-snippet":"max-snippet:-1","max-image-preview":"max-image-preview:large","max-video-preview":"max-video-preview:-1"},"canonical":"https:\/\/marcosalencarpsicanalista.com\/es\/psicologo-para-brasileiros-no-exterior\/","og_locale":"es_ES","og_type":"article","og_title":"Psic\u00f3logo para Brasileiros no Exterior | Terapia Online em Portugu\u00eas","og_description":"Terapia online em portugu\u00eas para brasileiros que vivem fora do Brasil. Orienta\u00e7\u00e3o anal\u00edtica, d\u00e9cadas de cl\u00ednica e hor\u00e1rios que se ajustam ao seu fuso. Primeira conversa gratuita de 30 minutos.","og_url":"https:\/\/marcosalencarpsicanalista.com\/es\/psicologo-para-brasileiros-no-exterior\/","og_site_name":"Marcos Alencar | Psicanalista em S\u00e3o Paulo","article_modified_time":"2026-08-29T19:29:11+00:00","og_image":[{"width":1000,"height":333,"url":"https:\/\/marcosalencarpsicanalista.com\/wp-content\/uploads\/2026\/07\/reinounido-e1785607871189.png","type":"image\/png"}],"twitter_card":"summary_large_image","twitter_title":"Psic\u00f3logo para Brasileiros no Exterior | Terapia Online em Portugu\u00eas","twitter_description":"Terapia online em portugu\u00eas para brasileiros que vivem fora do Brasil. Orienta\u00e7\u00e3o anal\u00edtica, d\u00e9cadas de cl\u00ednica e hor\u00e1rios que se ajustam ao seu fuso. Primeira conversa gratuita de 30 minutos.","twitter_image":"https:\/\/marcosalencarpsicanalista.com\/wp-content\/uploads\/2026\/07\/Vancouver.png","twitter_misc":{"Tiempo de lectura":"5 minutos"},"schema":{"@context":"https:\/\/schema.org","@graph":[{"@type":"WebPage","@id":"https:\/\/marcosalencarpsicanalista.com\/psicologo-para-brasileiros-no-exterior\/","url":"https:\/\/marcosalencarpsicanalista.com\/psicologo-para-brasileiros-no-exterior\/","name":"Psicoanalista y Psic\u00f3logo para Brasile\u00f1os que Viven en el Exterior","isPartOf":{"@id":"https:\/\/marcosalencarpsicanalista.com\/#website"},"primaryImageOfPage":{"@id":"https:\/\/marcosalencarpsicanalista.com\/psicologo-para-brasileiros-no-exterior\/#primaryimage"},"image":{"@id":"https:\/\/marcosalencarpsicanalista.com\/psicologo-para-brasileiros-no-exterior\/#primaryimage"},"thumbnailUrl":"https:\/\/marcosalencarpsicanalista.com\/wp-content\/uploads\/2026\/07\/Switzerland.png","datePublished":"2026-07-14T16:46:47+00:00","dateModified":"2026-08-29T19:29:11+00:00","description":"Psicoan\u00e1lisis y psicoterapia online en portugu\u00e9s para brasile\u00f1os que viven en el exterior. Atenci\u00f3n en portugu\u00e9s, ingl\u00e9s o espa\u00f1ol con Marcos Alencar, psic\u00f3logo registrado en Brasil.","breadcrumb":{"@id":"https:\/\/marcosalencarpsicanalista.com\/psicologo-para-brasileiros-no-exterior\/#breadcrumb"},"inLanguage":"es-AR","potentialAction":[{"@type":"ReadAction","target":["https:\/\/marcosalencarpsicanalista.com\/psicologo-para-brasileiros-no-exterior\/"]}],"about":[{"@id":"https:\/\/marcosalencarpsicanalista.com\/es\/#marcos-correa-alencar"},{"@id":"https:\/\/marcosalencarpsicanalista.com\/es\/#consultorio-marcos-alencar"}]},{"@type":"ImageObject","inLanguage":"es-AR","@id":"https:\/\/marcosalencarpsicanalista.com\/psicologo-para-brasileiros-no-exterior\/#primaryimage","url":"https:\/\/marcosalencarpsicanalista.com\/wp-content\/uploads\/2026\/07\/Switzerland.png","contentUrl":"https:\/\/marcosalencarpsicanalista.com\/wp-content\/uploads\/2026\/07\/Switzerland.png","width":2172,"height":724},{"@type":"BreadcrumbList","@id":"https:\/\/marcosalencarpsicanalista.com\/psicologo-para-brasileiros-no-exterior\/#breadcrumb","itemListElement":[{"@type":"ListItem","position":1,"name":"Home","item":"https:\/\/marcosalencarpsicanalista.com\/"},{"@type":"ListItem","position":2,"name":"Psicanalista e psic\u00f3logo para brasileiros no exterior\u200b"}]},{"@type":"WebSite","@id":"https:\/\/marcosalencarpsicanalista.com\/#website","url":"https:\/\/marcosalencarpsicanalista.com\/","name":"Marcos Alencar | Psicoanalista y Psic\u00f3logo","description":"Psican\u00e1lise e psicoterapia presencial em S\u00e3o Paulo e online no Brasil e no exterior.","publisher":{"@id":"https:\/\/marcosalencarpsicanalista.com\/es\/#consultorio-marcos-alencar"},"alternateName":"Marcos Alencar","potentialAction":[{"@type":"SearchAction","target":{"@type":"EntryPoint","urlTemplate":"https:\/\/marcosalencarpsicanalista.com\/?s={search_term_string}"},"query-input":{"@type":"PropertyValueSpecification","valueRequired":true,"valueName":"search_term_string"}}],"inLanguage":"es-AR","about":[{"@id":"https:\/\/marcosalencarpsicanalista.com\/es\/#marcos-correa-alencar"},{"@id":"https:\/\/marcosalencarpsicanalista.com\/es\/#consultorio-marcos-alencar"}]},{"@type":"Organization","@id":"https:\/\/marcosalencarpsicanalista.com\/#organization","name":"Marcos Alencar | Psicologo e Psicanalista","url":"https:\/\/marcosalencarpsicanalista.com\/","logo":{"@type":"ImageObject","inLanguage":"es-AR","@id":"https:\/\/marcosalencarpsicanalista.com\/#\/schema\/logo\/image\/","url":"https:\/\/marcosalencarpsicanalista.com\/wp-content\/uploads\/2026\/08\/marcosalencar-psicanalista-psicologo-sao-paulo-sp-port.png","contentUrl":"https:\/\/marcosalencarpsicanalista.com\/wp-content\/uploads\/2026\/08\/marcosalencar-psicanalista-psicologo-sao-paulo-sp-port.png","width":1122,"height":1402,"caption":"Marcos Alencar | Psicologo e Psicanalista"},"image":{"@id":"https:\/\/marcosalencarpsicanalista.com\/#\/schema\/logo\/image\/"},"description":"Psicoan\u00e1lisis y psicoterapia con Marcos Alencar, Psicoanalista y Psic\u00f3logo (CRP 06\/30117). Atenci\u00f3n presencial en S\u00e3o Paulo y online, en portugu\u00e9s, ingl\u00e9s y espa\u00f1ol. Primera conversaci\u00f3n gratuita de 30 minutos."},{"@type":"Person","@id":"https:\/\/marcosalencarpsicanalista.com\/es\/#marcos-correa-alencar","name":"Marcos Corr\u00eaa Alencar","alternateName":"Marcos Alencar","givenName":"Marcos","additionalName":"Corr\u00eaa","familyName":"Alencar","url":"https:\/\/marcosalencarpsicanalista.com\/es\/es\/psicanalista-marcos-alencar\/","mainEntityOfPage":{"@id":"https:\/\/marcosalencarpsicanalista.com\/es\/es\/psicanalista-marcos-alencar\/"},"image":{"@type":"ImageObject","@id":"https:\/\/marcosalencarpsicanalista.com\/es\/#imagem-marcos-alencar","url":"https:\/\/marcosalencarpsicanalista.com\/es\/wp-content\/uploads\/2026\/07\/DrMarcosAlencar.webp","contentUrl":"https:\/\/marcosalencarpsicanalista.com\/es\/wp-content\/uploads\/2026\/07\/DrMarcosAlencar.webp","caption":"Marcos Corr\u00eaa Alencar, Psicanalista e Psic\u00f3logo"},"description":"Marcos Corr\u00eaa Alencar es psicoanalista y psic\u00f3logo, registrado con el n\u00famero CRP 06\/30117. Atiende presencialmente en S\u00e3o Paulo y en l\u00ednea en Brasil y en el extranjero, en portugu\u00e9s, ingl\u00e9s y espa\u00f1ol.","jobTitle":["Psicanalista","Psic\u00f3logo"],"identifier":{"@type":"PropertyValue","propertyID":"CRP","value":"06\/30117","name":"Registro profissional no Conselho Regional de Psicologia"},"knowsLanguage":[{"@type":"Language","name":"Portugu\u00eas","alternateName":"pt-BR"},{"@type":"Language","name":"English","alternateName":"en"},{"@type":"Language","name":"Espa\u00f1ol","alternateName":"es"}],"telephone":"+55 11 91566-5300","email":"contato@marcosalencarpsicanalista.com","workLocation":{"@type":"Place","name":"S\u00e3o Paulo, SP, Brasil","address":{"@type":"PostalAddress","addressLocality":"S\u00e3o Paulo","addressRegion":"SP","postalCode":"05447-140","addressCountry":"BR"},"geo":{"@type":"GeoCoordinates","latitude":-23.5468322,"longitude":-46.705219}},"worksFor":{"@id":"https:\/\/marcosalencarpsicanalista.com\/es\/#consultorio-marcos-alencar"},"knowsAbout":["Psican\u00e1lise","Psicologia","Psicoterapia de orienta\u00e7\u00e3o anal\u00edtica","An\u00e1lise individual","Terapia breve","Autoconhecimento","Sa\u00fade mental","Subjetividade","Migra\u00e7\u00e3o e adapta\u00e7\u00e3o cultural","Tecnologia e subjetividade","Supervis\u00e3o cl\u00ednica"],"makesOffer":[{"@id":"https:\/\/marcosalencarpsicanalista.com\/es\/#oferta-primeira-conversa"}]},{"@type":"LocalBusiness","@id":"https:\/\/marcosalencarpsicanalista.com\/es\/#consultorio-marcos-alencar","name":"Marcos Alencar \u2014 Psicoanalista y psic\u00f3logo","alternateName":"Marcos Alencar","url":"https:\/\/marcosalencarpsicanalista.com\/es\/es\/","description":"Psicoan\u00e1lisis y psicoterapia de orientaci\u00f3n anal\u00edtica con Marcos Corr\u00eaa Alencar, CRP 06\/30117. Asistencia presencial en S\u00e3o Paulo y en l\u00ednea en Brasil y en el extranjero, en portugu\u00e9s, ingl\u00e9s y espa\u00f1ol.","image":{"@id":"https:\/\/marcosalencarpsicanalista.com\/es\/#imagem-marcos-alencar"},"telephone":"+55 11 91566-5300","email":"contato@marcosalencarpsicanalista.com","address":{"@type":"PostalAddress","addressLocality":"S\u00e3o Paulo","addressRegion":"SP","postalCode":"05447-140","addressCountry":"BR"},"geo":{"@type":"GeoCoordinates","latitude":-23.5468322,"longitude":-46.705219},"areaServed":[{"@type":"City","name":"S\u00e3o Paulo"},{"@type":"Country","name":"Brasil"},{"@type":"AdministrativeArea","name":"Atendimento online internacional"}],"availableLanguage":[{"@type":"Language","name":"Portugu\u00eas","alternateName":"pt-BR"},{"@type":"Language","name":"English","alternateName":"en"},{"@type":"Language","name":"Espa\u00f1ol","alternateName":"es"}],"founder":{"@id":"https:\/\/marcosalencarpsicanalista.com\/es\/#marcos-correa-alencar"},"employee":{"@id":"https:\/\/marcosalencarpsicanalista.com\/es\/#marcos-correa-alencar"},"openingHoursSpecification":[{"@type":"OpeningHoursSpecification","dayOfWeek":["https:\/\/schema.org\/Monday","https:\/\/schema.org\/Tuesday","https:\/\/schema.org\/Wednesday","https:\/\/schema.org\/Thursday","https:\/\/schema.org\/Friday"],"opens":"09:00","closes":"19:00"}],"hasOfferCatalog":{"@type":"OfferCatalog","name":"Atendimentos e servi\u00e7os","itemListElement":[{"@id":"https:\/\/marcosalencarpsicanalista.com\/es\/#analise-individual"},{"@id":"https:\/\/marcosalencarpsicanalista.com\/es\/#terapia-breve"},{"@id":"https:\/\/marcosalencarpsicanalista.com\/es\/#supervisao-clinica"},{"@id":"https:\/\/marcosalencarpsicanalista.com\/es\/#primeira-conversa"}]},"makesOffer":[{"@id":"https:\/\/marcosalencarpsicanalista.com\/es\/#oferta-primeira-conversa"}]},{"@type":"Service","@id":"https:\/\/marcosalencarpsicanalista.com\/es\/#analise-individual","name":"An\u00e1lisis individual","serviceType":"Psican\u00e1lise e psicoterapia de orienta\u00e7\u00e3o anal\u00edtica","description":"Un proceso continuo y profundo de escucha y autoconocimiento, desarrollado seg\u00fan la singularidad y el ritmo de cada persona.","provider":{"@id":"https:\/\/marcosalencarpsicanalista.com\/es\/#marcos-correa-alencar"},"broker":{"@id":"https:\/\/marcosalencarpsicanalista.com\/es\/#consultorio-marcos-alencar"},"areaServed":[{"@type":"City","name":"S\u00e3o Paulo"},{"@type":"Country","name":"Brasil"},{"@type":"AdministrativeArea","name":"Atendimento online internacional"}],"availableChannel":[{"@type":"ServiceChannel","name":"Consultorio en S\u00e3o Paulo","serviceLocation":{"@type":"Place","name":"Consultorio en S\u00e3o Paulo","address":{"@type":"PostalAddress","addressLocality":"S\u00e3o Paulo","addressRegion":"SP","postalCode":"05447-140","addressCountry":"BR"},"geo":{"@type":"GeoCoordinates","latitude":-23.5468322,"longitude":-46.705219}},"availableLanguage":[{"@type":"Language","name":"Portugu\u00eas","alternateName":"pt-BR"},{"@type":"Language","name":"English","alternateName":"en"},{"@type":"Language","name":"Espa\u00f1ol","alternateName":"es"}]},{"@type":"ServiceChannel","name":"Atenci\u00f3n online","serviceUrl":"https:\/\/marcosalencarpsicanalista.com\/es\/es\/30min\/","availableLanguage":[{"@type":"Language","name":"Portugu\u00eas","alternateName":"pt-BR"},{"@type":"Language","name":"English","alternateName":"en"},{"@type":"Language","name":"Espa\u00f1ol","alternateName":"es"}]}],"url":"https:\/\/marcosalencarpsicanalista.com\/es\/es\/#Modalidades"},{"@type":"Service","@id":"https:\/\/marcosalencarpsicanalista.com\/es\/#terapia-breve","name":"Terapia Breve","serviceType":"Terapia breve focal","description":"Un proceso terap\u00e9utico con un enfoque y una duraci\u00f3n definidos, dirigido a situaciones espec\u00edficas como el estr\u00e9s, la presi\u00f3n profesional, las decisiones dif\u00edciles o las transiciones profesionales.","provider":{"@id":"https:\/\/marcosalencarpsicanalista.com\/es\/#marcos-correa-alencar"},"broker":{"@id":"https:\/\/marcosalencarpsicanalista.com\/es\/#consultorio-marcos-alencar"},"areaServed":[{"@type":"City","name":"S\u00e3o Paulo"},{"@type":"Country","name":"Brasil"},{"@type":"AdministrativeArea","name":"Atendimento online internacional"}],"availableChannel":[{"@type":"ServiceChannel","name":"Consultorio en S\u00e3o Paulo","serviceLocation":{"@type":"Place","name":"Consultorio en S\u00e3o Paulo","address":{"@type":"PostalAddress","addressLocality":"S\u00e3o Paulo","addressRegion":"SP","postalCode":"05447-140","addressCountry":"BR"},"geo":{"@type":"GeoCoordinates","latitude":-23.5468322,"longitude":-46.705219}},"availableLanguage":[{"@type":"Language","name":"Portugu\u00eas","alternateName":"pt-BR"},{"@type":"Language","name":"English","alternateName":"en"},{"@type":"Language","name":"Espa\u00f1ol","alternateName":"es"}]},{"@type":"ServiceChannel","name":"Atenci\u00f3n online","serviceUrl":"https:\/\/marcosalencarpsicanalista.com\/es\/es\/30min\/","availableLanguage":[{"@type":"Language","name":"Portugu\u00eas","alternateName":"pt-BR"},{"@type":"Language","name":"English","alternateName":"en"},{"@type":"Language","name":"Espa\u00f1ol","alternateName":"es"}]}],"url":"https:\/\/marcosalencarpsicanalista.com\/es\/es\/#Modalidades"},{"@type":"Service","@id":"https:\/\/marcosalencarpsicanalista.com\/es\/#supervisao-clinica","name":"Supervisi\u00f3n cl\u00ednica","serviceType":"Supervis\u00e3o cl\u00ednica para profissionais de sa\u00fade mental","description":"Supervisi\u00f3n cl\u00ednica para psic\u00f3logos, psicoanalistas, psicoterapeutas y profesionales en formaci\u00f3n.","url":"https:\/\/marcosalencarpsicanalista.com\/es\/es\/supervisao-clinica\/","provider":{"@id":"https:\/\/marcosalencarpsicanalista.com\/es\/#marcos-correa-alencar"},"broker":{"@id":"https:\/\/marcosalencarpsicanalista.com\/es\/#consultorio-marcos-alencar"},"areaServed":[{"@type":"City","name":"S\u00e3o Paulo"},{"@type":"Country","name":"Brasil"},{"@type":"AdministrativeArea","name":"Atendimento online internacional"}],"availableChannel":[{"@type":"ServiceChannel","name":"Consultorio en S\u00e3o Paulo","serviceLocation":{"@type":"Place","name":"Consultorio en S\u00e3o Paulo","address":{"@type":"PostalAddress","addressLocality":"S\u00e3o Paulo","addressRegion":"SP","postalCode":"05447-140","addressCountry":"BR"},"geo":{"@type":"GeoCoordinates","latitude":-23.5468322,"longitude":-46.705219}},"availableLanguage":[{"@type":"Language","name":"Portugu\u00eas","alternateName":"pt-BR"},{"@type":"Language","name":"English","alternateName":"en"},{"@type":"Language","name":"Espa\u00f1ol","alternateName":"es"}]},{"@type":"ServiceChannel","name":"Atenci\u00f3n online","serviceUrl":"https:\/\/marcosalencarpsicanalista.com\/es\/es\/30min\/","availableLanguage":[{"@type":"Language","name":"Portugu\u00eas","alternateName":"pt-BR"},{"@type":"Language","name":"English","alternateName":"en"},{"@type":"Language","name":"Espa\u00f1ol","alternateName":"es"}]}]},{"@type":"Service","@id":"https:\/\/marcosalencarpsicanalista.com\/es\/#primeira-conversa","name":"Primera conversaci\u00f3n en l\u00ednea de 30 minutos","serviceType":"Conversa inicial online de 30 minutos","description":"Una primera conversaci\u00f3n online, gratuita y sin compromiso, de 30 minutos de duraci\u00f3n, para comprender las necesidades y considerar la posibilidad de iniciar el proceso terap\u00e9utico.","url":"https:\/\/marcosalencarpsicanalista.com\/es\/es\/30min\/","provider":{"@id":"https:\/\/marcosalencarpsicanalista.com\/es\/#marcos-correa-alencar"},"areaServed":[{"@type":"City","name":"S\u00e3o Paulo"},{"@type":"Country","name":"Brasil"},{"@type":"AdministrativeArea","name":"Atendimento online internacional"}],"availableChannel":[{"@type":"ServiceChannel","name":"Atenci\u00f3n online","serviceUrl":"https:\/\/marcosalencarpsicanalista.com\/es\/es\/30min\/","availableLanguage":[{"@type":"Language","name":"Portugu\u00eas","alternateName":"pt-BR"},{"@type":"Language","name":"English","alternateName":"en"},{"@type":"Language","name":"Espa\u00f1ol","alternateName":"es"}]}],"offers":{"@id":"https:\/\/marcosalencarpsicanalista.com\/es\/#oferta-primeira-conversa"}},{"@type":"Offer","@id":"https:\/\/marcosalencarpsicanalista.com\/es\/#oferta-primeira-conversa","name":"Primera conversaci\u00f3n en l\u00ednea de 30 minutos","url":"https:\/\/marcosalencarpsicanalista.com\/es\/es\/30min\/","price":"0","priceCurrency":"BRL","itemOffered":{"@id":"https:\/\/marcosalencarpsicanalista.com\/es\/#primeira-conversa"},"seller":{"@id":"https:\/\/marcosalencarpsicanalista.com\/es\/#consultorio-marcos-alencar"}}]}},"_links":{"self":[{"href":"https:\/\/marcosalencarpsicanalista.com\/es\/wp-json\/wp\/v2\/pages\/549","targetHints":{"allow":["GET"]}}],"collection":[{"href":"https:\/\/marcosalencarpsicanalista.com\/es\/wp-json\/wp\/v2\/pages"}],"about":[{"href":"https:\/\/marcosalencarpsicanalista.com\/es\/wp-json\/wp\/v2\/types\/page"}],"author":[{"embeddable":true,"href":"https:\/\/marcosalencarpsicanalista.com\/es\/wp-json\/wp\/v2\/users\/1"}],"replies":[{"embeddable":true,"href":"https:\/\/marcosalencarpsicanalista.com\/es\/wp-json\/wp\/v2\/comments?post=549"}],"version-history":[{"count":117,"href":"https:\/\/marcosalencarpsicanalista.com\/es\/wp-json\/wp\/v2\/pages\/549\/revisions"}],"predecessor-version":[{"id":2695,"href":"https:\/\/marcosalencarpsicanalista.com\/es\/wp-json\/wp\/v2\/pages\/549\/revisions\/2695"}],"wp:featuredmedia":[{"embeddable":true,"href":"https:\/\/marcosalencarpsicanalista.com\/es\/wp-json\/wp\/v2\/media\/1030"}],"wp:attachment":[{"href":"https:\/\/marcosalencarpsicanalista.com\/es\/wp-json\/wp\/v2\/media?parent=549"}],"curies":[{"name":"wp","href":"https:\/\/api.w.org\/{rel}","templated":true}]}}