{"id":1357,"date":"2026-07-24T18:37:13","date_gmt":"2026-07-24T21:37:13","guid":{"rendered":"https:\/\/marcosalencarpsicanalista.com\/?page_id=1357"},"modified":"2026-08-29T16:37:29","modified_gmt":"2026-08-29T19:37:29","slug":"terapia-breve-o-que-e-para-quem-e-indicada-e-quando-e-a-melhor-escolha","status":"publish","type":"page","link":"https:\/\/marcosalencarpsicanalista.com\/es\/terapia-breve-o-que-e-para-quem-e-indicada-e-quando-e-a-melhor-escolha\/","title":{"rendered":"Terapia breve: \u00bfqu\u00e9 es y para qui\u00e9n est\u00e1 indicada?"},"content":{"rendered":"<div data-elementor-type=\"wp-page\" data-elementor-id=\"1357\" class=\"elementor elementor-1357\">\n\t\t\t\t<div class=\"elementor-element elementor-element-a1a5d4c e-flex e-con-boxed wpr-particle-no wpr-jarallax-no wpr-parallax-no wpr-sticky-section-no wpr-column-slider-no wpr-equal-height-no e-con e-parent\" data-id=\"a1a5d4c\" data-element_type=\"container\" data-e-type=\"container\" data-settings=\"{&quot;background_background&quot;:&quot;classic&quot;}\">\n\t\t\t\t\t<div class=\"e-con-inner\">\n\t\t\t\t<div class=\"elementor-element elementor-element-9a2cdfb elementor-widget elementor-widget-heading\" data-id=\"9a2cdfb\" data-element_type=\"widget\" data-e-type=\"widget\" data-widget_type=\"heading.default\">\n\t\t\t\t\t<h1 class=\"elementor-heading-title elementor-size-default\">Terapia breve: \u00bfqu\u00e9 es, para qui\u00e9n est\u00e1 indicada y cu\u00e1ndo es la mejor opci\u00f3n?<\/h1>\t\t\t\t<\/div>\n\t\t\t\t<div class=\"elementor-element elementor-element-924d8ca elementor-widget elementor-widget-text-editor\" data-id=\"924d8ca\" data-element_type=\"widget\" data-e-type=\"widget\" data-widget_type=\"text-editor.default\">\n\t\t\t\t\t\t\t\t\t<strong>Un espacio de escucha para comprender lo que est\u00e1s viviendo.<\/strong>\t\t\t\t\t\t\t\t<\/div>\n\t\t\t\t\t<\/div>\n\t\t\t\t<\/div>\n\t\t<div class=\"elementor-element elementor-element-6c2f3be e-flex e-con-boxed wpr-particle-no wpr-jarallax-no wpr-parallax-no wpr-sticky-section-no wpr-column-slider-no wpr-equal-height-no e-con e-parent\" data-id=\"6c2f3be\" data-element_type=\"container\" data-e-type=\"container\" data-settings=\"{&quot;background_background&quot;:&quot;classic&quot;}\">\n\t\t\t\t\t<div class=\"e-con-inner\">\n\t\t\t\t<div class=\"elementor-element elementor-element-31756c6 elementor-widget elementor-widget-text-editor\" data-id=\"31756c6\" data-element_type=\"widget\" data-e-type=\"widget\" data-widget_type=\"text-editor.default\">\n\t\t\t\t\t\t\t\t\t<div class=\"artigo-suica\"><p class=\"artigo-abertura\">No todo proceso terap\u00e9utico necesita comenzar sin una duraci\u00f3n definida. En determinados momentos, una persona puede encontrarse ante una cuesti\u00f3n espec\u00edfica, una decisi\u00f3n importante o una dificultad delimitada que requiere escucha, comprensi\u00f3n y elaboraci\u00f3n durante un per\u00edodo m\u00e1s concentrado.<\/p><p>La terapia breve es una modalidad de atenci\u00f3n psicol\u00f3gica organizada en torno a un foco previamente definido. No pretende abordar todos los aspectos de la vida de la persona, sino crear las condiciones para comprender y trabajar una cuesti\u00f3n central que est\u00e9 generando sufrimiento, conflicto o dificultad.<\/p><p class=\"artigo-destaque\">La brevedad no significa superficialidad. Se refiere a la delimitaci\u00f3n del foco, no a la simplificaci\u00f3n de la experiencia.<\/p><h2>\u00bfQu\u00e9 es la terapia breve?<\/h2><p>A terapia breve \u00e9 um processo com objetivos mais delimitados e dura\u00e7\u00e3o inicialmente combinada. Em geral, os encontros acontecem semanalmente e o percurso pode se desenvolver ao longo de aproximadamente 10 a 16 sess\u00f5es, embora o n\u00famero exato dependa da situa\u00e7\u00e3o apresentada e da evolu\u00e7\u00e3o do trabalho.<\/p><p>O trabalho busca compreender como determinada dificuldade se manifesta, quais conflitos est\u00e3o envolvidos e de que maneira a pessoa participa, muitas vezes sem perceber, das situa\u00e7\u00f5es que se repetem em sua vida.<\/p><p>Embora exista um foco inicial, isso n\u00e3o significa que a escuta fique restrita apenas aos aspectos mais evidentes do problema. Uma quest\u00e3o aparentemente pontual pode revelar conflitos, expectativas e formas de rela\u00e7\u00e3o mais profundas.<\/p><h2>\u00bfQui\u00e9n puede beneficiarse de la terapia breve?<\/h2><p>La terapia breve puede ser adecuada cuando existe una cuesti\u00f3n relativamente identificable, como:<\/p><ul><li>una decisi\u00f3n profesional o personal;<\/li><li>dificultades en el trabajo;<\/li><li>conflictos en una relaci\u00f3n;<\/li><li>per\u00edodos de cambio o transici\u00f3n;<\/li><li>ansiedad asociada a una situaci\u00f3n espec\u00edfica;<\/li><li>dificultades de adaptaci\u00f3n;<\/li><li>agotamiento o sobrecarga;<\/li><li>repetici\u00f3n de un problema delimitado;<\/li><li>necesidad de comprender una situaci\u00f3n antes de tomar una decisi\u00f3n.<\/li><\/ul><p>Puede ser especialmente \u00fatil cuando la persona reconoce que hay algo que necesita ser pensado, pero todav\u00eda no consigue organizar por s\u00ed sola aquello que est\u00e1 viviendo.<\/p><p class=\"artigo-pergunta\">La cuesti\u00f3n no es solamente \"\u00bfc\u00f3mo resolver este problema?\", sino tambi\u00e9n \"\u00bfqu\u00e9 revela esta situaci\u00f3n sobre la forma en que estoy viviendo, eligiendo o relacion\u00e1ndome?\"<\/p><h2>\u00bfCu\u00e1ndo puede no ser la mejor opci\u00f3n?<\/h2><p>A terapia breve pode ser insuficiente quando o sofrimento est\u00e1 relacionado a conflitos mais antigos, padr\u00f5es recorrentes presentes em diferentes \u00e1reas da vida ou quest\u00f5es que exigem um trabalho mais amplo e sem prazo previamente estabelecido.<\/p><p>Tamb\u00e9m pode n\u00e3o ser a modalidade mais adequada quando a pessoa chega sem conseguir delimitar uma quest\u00e3o principal e sente necessidade de compreender sua hist\u00f3ria, seus v\u00ednculos, seus desejos e suas repeti\u00e7\u00f5es de maneira mais aberta.<\/p><p>Nesses casos, um processo anal\u00edtico ou uma psicoterapia de maior dura\u00e7\u00e3o pode fazer mais sentido.<\/p><p class=\"artigo-frase-curta\">Esta decisi\u00f3n no necesita ser tomada por la persona con anticipaci\u00f3n.<\/p><p>La elecci\u00f3n del formato puede construirse durante los primeros encuentros, a partir de lo que aparece en la conversaci\u00f3n y de la naturaleza de la cuesti\u00f3n planteada.<\/p><h2>\u00bfCu\u00e1l es la diferencia entre la terapia breve y el an\u00e1lisis individual?<\/h2><p>A principal diferen\u00e7a est\u00e1 no enquadre do trabalho.<\/p><p>Na terapia breve, estabelece-se um foco principal e um per\u00edodo inicialmente delimitado. O processo procura compreender e trabalhar uma quest\u00e3o espec\u00edfica, sem que isso impe\u00e7a o aparecimento de aspectos mais profundos da experi\u00eancia.<\/p><p>Na an\u00e1lise individual, o percurso \u00e9 mais aberto. N\u00e3o h\u00e1 necessariamente um tema \u00fanico nem uma dura\u00e7\u00e3o previamente definida. A escuta acompanha as associa\u00e7\u00f5es, os conflitos, os desejos e as repeti\u00e7\u00f5es que surgem ao longo do processo.<\/p><p>A an\u00e1lise pode permitir que quest\u00f5es inicialmente secund\u00e1rias ou ainda desconhecidas encontrem espa\u00e7o para aparecer e ser elaboradas.<\/p><p class=\"artigo-destaque\">Ninguna modalidad es mejor de forma absoluta. Cada una responde a necesidades, momentos y posibilidades diferentes.<\/p><h2>Terapia breve y psicoan\u00e1lisis<\/h2><p>La terapia breve puede llevarse a cabo desde una orientaci\u00f3n psicoanal\u00edtica. Esto significa que, incluso con un foco previamente definido y una duraci\u00f3n m\u00e1s delimitada, la escucha considera los conflictos inconscientes, las repeticiones, las formas de relaci\u00f3n y los sentidos que van m\u00e1s all\u00e1 de la explicaci\u00f3n m\u00e1s inmediata del problema. El objetivo no es solamente eliminar un s\u00edntoma o encontrar una soluci\u00f3n r\u00e1pida, sino comprender qu\u00e9 revela una determinada situaci\u00f3n sobre la manera en que la persona desea, elige, se posiciona y se relaciona.<\/p><h2>\u00bfC\u00f3mo se define el foco?<\/h2><p>O foco n\u00e3o deve ser imposto pelo terapeuta nem reduzido a uma meta r\u00edgida. Ele \u00e9 constru\u00eddo em conjunto, a partir da quest\u00e3o que levou a pessoa a procurar atendimento.<\/p><p>Por exemplo, algu\u00e9m pode chegar dizendo que deseja mudar de emprego. Ao longo das conversas, pode aparecer que a dificuldade n\u00e3o est\u00e1 apenas na decis\u00e3o profissional, mas tamb\u00e9m no medo de decepcionar outras pessoas, na necessidade de reconhecimento ou na repeti\u00e7\u00e3o de escolhas que produzem insatisfa\u00e7\u00e3o.<\/p><p>Da mesma forma, uma pessoa pode procurar ajuda por causa de conflitos em um relacionamento e perceber que a quest\u00e3o envolve tamb\u00e9m sua dificuldade de estabelecer limites, expressar desejos ou suportar a possibilidade de desagradar.<\/p><p>O foco inicial orienta o trabalho, mas pode ganhar maior profundidade \u00e0 medida que a experi\u00eancia \u00e9 colocada em palavras.<\/p><h2>\u00bfQu\u00e9 puede alcanzarse en un proceso breve?<\/h2><p>La terapia breve puede ayudar a la persona a:<\/p><ul><li>comprender mejor el conflicto que est\u00e1 viviendo;<\/li><li>reconocer patrones de comportamiento y de relaci\u00f3n;<\/li><li>nombrar sentimientos que todav\u00eda no estaban claros;<\/li><li>percibir alternativas que antes no pod\u00eda ver;<\/li><li>tomar decisiones de manera m\u00e1s consciente;<\/li><li>desarrollar nuevas formas de posicionarse frente a una situaci\u00f3n;<\/li><li>identificar recursos internos para afrontar per\u00edodos de cambio;<\/li><li>comprender el sentido de determinadas repeticiones.<\/li><\/ul><p>El objetivo no es ofrecer respuestas preparadas, consejos ni f\u00f3rmulas de comportamiento. El trabajo busca ampliar la capacidad de la persona para comprender y elaborar aquello que est\u00e1 ocurriendo.<\/p><p class=\"artigo-frase-curta\">Una decisi\u00f3n puede cambiar cuando el conflicto que la sostiene se vuelve m\u00e1s claro.<\/p><h2>\u00bfLa terapia breve produce cambios duraderos?<\/h2><p>A dura\u00e7\u00e3o limitada n\u00e3o impede que ocorram mudan\u00e7as importantes. Quando uma pessoa consegue reconhecer um padr\u00e3o, compreender um conflito ou encontrar uma nova forma de se posicionar, os efeitos do processo podem permanecer depois do encerramento das sess\u00f5es.<\/p><p>Ao mesmo tempo, a terapia breve n\u00e3o pretende resolver todas as quest\u00f5es da vida ps\u00edquica. Seu alcance est\u00e1 relacionado ao foco constru\u00eddo e ao que pode ser elaborado dentro daquele enquadre.<\/p><p>Em alguns casos, o processo breve \u00e9 suficiente. Em outros, ele pode revelar o desejo ou a necessidade de continuar em um trabalho mais amplo.<\/p><h2>\u00bfC\u00f3mo saber si esta modalidad tiene sentido para ti?<\/h2><p>Essa escolha pode ser feita durante uma primeira conversa. Nesse encontro inicial, procuramos compreender o que motivou a busca por atendimento, qual \u00e9 a quest\u00e3o principal e que tipo de processo pode ser mais adequado.<\/p><p>N\u00e3o \u00e9 necess\u00e1rio chegar com um diagn\u00f3stico, uma explica\u00e7\u00e3o organizada ou uma certeza sobre a modalidade desejada. A pr\u00f3pria conversa pode ajudar a delimitar o que est\u00e1 acontecendo.<\/p><p class=\"artigo-pergunta\">\u00bfQu\u00e9 es lo que, en este momento, pide ser comprendido?<\/p><p>En algunos casos, la terapia breve ser\u00e1 suficiente. En otros, la conversaci\u00f3n podr\u00e1 indicar la necesidad de un recorrido m\u00e1s abierto y profundo.<\/p><h2>Primera conversaci\u00f3n<\/h2><p>La primera conversaci\u00f3n tiene una duraci\u00f3n de 30 minutos, es gratuita y sin compromiso. Es un espacio para que puedas presentar lo que est\u00e1s viviendo, conocer mi forma de trabajo y evaluar juntos qu\u00e9 camino puede tener m\u00e1s sentido.<\/p><p class=\"artigo-frase-final\">Cada momento de la vida puede requerir una forma diferente de escucha.<\/p><\/div>\t\t\t\t\t\t\t\t<\/div>\n\t\t\t\t<div class=\"elementor-element elementor-element-d4d82dc wpr-button-icon-position-left wpr-button-icon-style-inline elementor-widget elementor-widget-wpr-button\" data-id=\"d4d82dc\" data-element_type=\"widget\" data-e-type=\"widget\" data-widget_type=\"wpr-button.default\">\n\t\t\t\t\t\t\n\t\t\t\n\t\t\n\t\t<div class=\"wpr-button-wrap elementor-clearfix\">\n\t\t<a class=\"wpr-button wpr-button-effect wpr-button-none\" data-text=\"\" href=\"https:\/\/marcosalencarpsicanalista.com\/es\/30min\/\">\n\t\t\t\n\t\t\t<span class=\"wpr-button-content\">\n\t\t\t\t\t\t\t\t\t<span class=\"wpr-button-text\">Agendar una conversaci\u00f3n<\/span>\n\t\t\t\t\t\t\t\t\n\t\t\t\t\t\t\t\t\t<span class=\"wpr-button-icon\"><svg class=\"e-font-icon-svg e-far-calendar-alt\" viewbox=\"0 0 448 512\" xmlns=\"http:\/\/www.w3.org\/2000\/svg\"><path d=\"M148 288h-40c-6.6 0-12-5.4-12-12v-40c0-6.6 5.4-12 12-12h40c6.6 0 12 5.4 12 12v40c0 6.6-5.4 12-12 12zm108-12v-40c0-6.6-5.4-12-12-12h-40c-6.6 0-12 5.4-12 12v40c0 6.6 5.4 12 12 12h40c6.6 0 12-5.4 12-12zm96 0v-40c0-6.6-5.4-12-12-12h-40c-6.6 0-12 5.4-12 12v40c0 6.6 5.4 12 12 12h40c6.6 0 12-5.4 12-12zm-96 96v-40c0-6.6-5.4-12-12-12h-40c-6.6 0-12 5.4-12 12v40c0 6.6 5.4 12 12 12h40c6.6 0 12-5.4 12-12zm-96 0v-40c0-6.6-5.4-12-12-12h-40c-6.6 0-12 5.4-12 12v40c0 6.6 5.4 12 12 12h40c6.6 0 12-5.4 12-12zm192 0v-40c0-6.6-5.4-12-12-12h-40c-6.6 0-12 5.4-12 12v40c0 6.6 5.4 12 12 12h40c6.6 0 12-5.4 12-12zm96-260v352c0 26.5-21.5 48-48 48H48c-26.5 0-48-21.5-48-48V112c0-26.5 21.5-48 48-48h48V12c0-6.6 5.4-12 12-12h40c6.6 0 12 5.4 12 12v52h128V12c0-6.6 5.4-12 12-12h40c6.6 0 12 5.4 12 12v52h48c26.5 0 48 21.5 48 48zm-48 346V160H48v298c0 3.3 2.7 6 6 6h340c3.3 0 6-2.7 6-6z\"><\/path><\/svg><\/span>\n\t\t\t\t\t\t\t<\/span>\n\t\t<\/a>\n\n\t\t\t\t<\/div>\n\t\n\t\n\t\t\t\t\t<\/div>\n\t\t\t\t\t<\/div>\n\t\t\t\t<\/div>\n\t\t\t\t<\/div>","protected":false},"excerpt":{"rendered":"<p>Comprenda qu\u00e9 es la terapia breve, para qui\u00e9n es adecuada, cu\u00e1nto tiempo puede durar y cu\u00e1ndo esta modalidad podr\u00eda ser la mejor opci\u00f3n.<\/p>","protected":false},"author":1,"featured_media":1740,"parent":0,"menu_order":0,"comment_status":"closed","ping_status":"closed","template":"elementor_header_footer","meta":{"footnotes":""},"class_list":["post-1357","page","type-page","status-publish","has-post-thumbnail","hentry"],"yoast_head":"<!-- This site is optimized with the Yoast SEO Premium plugin v28.2 (Yoast SEO v28.4) - https:\/\/yoast.com\/product\/yoast-seo-premium-wordpress\/ -->\n<title>Terapia breve: o que \u00e9 e para quem \u00e9 indicada?<\/title>\n<meta name=\"description\" content=\"Entenda o que \u00e9 terapia breve, para quem ela \u00e9 indicada, quanto tempo pode durar e quando essa modalidade pode ser a melhor escolha.\" \/>\n<meta name=\"robots\" content=\"index, follow, max-snippet:-1, max-image-preview:large, max-video-preview:-1\" \/>\n<link rel=\"canonical\" href=\"https:\/\/marcosalencarpsicanalista.com\/es\/terapia-breve-o-que-e-para-quem-e-indicada-e-quando-e-a-melhor-escolha\/\" \/>\n<meta property=\"og:locale\" content=\"es_ES\" \/>\n<meta property=\"og:type\" content=\"article\" \/>\n<meta property=\"og:title\" content=\"Terapia breve: o que \u00e9 e para quem \u00e9 indicada?\" \/>\n<meta property=\"og:description\" content=\"Entenda o que \u00e9 terapia breve, para quem ela \u00e9 indicada, quanto tempo pode durar e quando essa modalidade pode ser a melhor escolha.\" \/>\n<meta property=\"og:url\" content=\"https:\/\/marcosalencarpsicanalista.com\/es\/terapia-breve-o-que-e-para-quem-e-indicada-e-quando-e-a-melhor-escolha\/\" \/>\n<meta property=\"og:site_name\" content=\"Marcos Alencar | Psicanalista em S\u00e3o Paulo\" \/>\n<meta property=\"article:modified_time\" content=\"2026-08-29T19:37:29+00:00\" \/>\n<meta property=\"og:image\" content=\"https:\/\/marcosalencarpsicanalista.com\/wp-content\/uploads\/2026\/07\/DrMarcosAlencar.webp\" \/>\n\t<meta property=\"og:image:width\" content=\"1448\" \/>\n\t<meta property=\"og:image:height\" content=\"1086\" \/>\n\t<meta property=\"og:image:type\" content=\"image\/webp\" \/>\n<meta name=\"twitter:card\" content=\"summary_large_image\" \/>\n<meta name=\"twitter:title\" content=\"Terapia breve: o que \u00e9 e para quem \u00e9 indicada? Agende sua primeira conversa de 30 minutos\" \/>\n<meta name=\"twitter:description\" content=\"Entenda o que \u00e9 terapia breve, para quem ela \u00e9 indicada, quanto tempo pode durar e quando essa modalidade pode ser a melhor escolha.\" \/>\n<meta name=\"twitter:image\" content=\"https:\/\/marcosalencarpsicanalista.com\/wp-content\/uploads\/2026\/07\/DrMarcosAlencar.webp\" \/>\n<meta name=\"twitter:label1\" content=\"Tiempo de lectura\" \/>\n\t<meta name=\"twitter:data1\" content=\"7 minutos\" \/>\n<script type=\"application\/ld+json\" class=\"yoast-schema-graph\">{\"@context\":\"https:\\\/\\\/schema.org\",\"@graph\":[{\"@type\":\"WebPage\",\"@id\":\"https:\\\/\\\/marcosalencarpsicanalista.com\\\/terapia-breve-o-que-e-para-quem-e-indicada-e-quando-e-a-melhor-escolha\\\/\",\"url\":\"https:\\\/\\\/marcosalencarpsicanalista.com\\\/terapia-breve-o-que-e-para-quem-e-indicada-e-quando-e-a-melhor-escolha\\\/\",\"name\":\"Terapia breve: o que \u00e9 e para quem \u00e9 indicada?\",\"isPartOf\":{\"@id\":\"https:\\\/\\\/marcosalencarpsicanalista.com\\\/#website\"},\"primaryImageOfPage\":{\"@id\":\"https:\\\/\\\/marcosalencarpsicanalista.com\\\/terapia-breve-o-que-e-para-quem-e-indicada-e-quando-e-a-melhor-escolha\\\/#primaryimage\"},\"image\":{\"@id\":\"https:\\\/\\\/marcosalencarpsicanalista.com\\\/terapia-breve-o-que-e-para-quem-e-indicada-e-quando-e-a-melhor-escolha\\\/#primaryimage\"},\"thumbnailUrl\":\"https:\\\/\\\/marcosalencarpsicanalista.com\\\/wp-content\\\/uploads\\\/2026\\\/08\\\/terapiabreve.webp\",\"datePublished\":\"2026-07-24T21:37:13+00:00\",\"dateModified\":\"2026-08-29T19:37:29+00:00\",\"description\":\"Entenda o que \u00e9 terapia breve, para quem ela \u00e9 indicada, quanto tempo pode durar e quando essa modalidade pode ser a melhor escolha.\",\"breadcrumb\":{\"@id\":\"https:\\\/\\\/marcosalencarpsicanalista.com\\\/terapia-breve-o-que-e-para-quem-e-indicada-e-quando-e-a-melhor-escolha\\\/#breadcrumb\"},\"inLanguage\":\"es-AR\",\"potentialAction\":[{\"@type\":\"ReadAction\",\"target\":[\"https:\\\/\\\/marcosalencarpsicanalista.com\\\/terapia-breve-o-que-e-para-quem-e-indicada-e-quando-e-a-melhor-escolha\\\/\"]}],\"about\":[{\"@id\":\"https:\\\/\\\/marcosalencarpsicanalista.com\\\/es\\\/#marcos-correa-alencar\"},{\"@id\":\"https:\\\/\\\/marcosalencarpsicanalista.com\\\/es\\\/#consultorio-marcos-alencar\"}]},{\"@type\":\"ImageObject\",\"inLanguage\":\"es-AR\",\"@id\":\"https:\\\/\\\/marcosalencarpsicanalista.com\\\/terapia-breve-o-que-e-para-quem-e-indicada-e-quando-e-a-melhor-escolha\\\/#primaryimage\",\"url\":\"https:\\\/\\\/marcosalencarpsicanalista.com\\\/wp-content\\\/uploads\\\/2026\\\/08\\\/terapiabreve.webp\",\"contentUrl\":\"https:\\\/\\\/marcosalencarpsicanalista.com\\\/wp-content\\\/uploads\\\/2026\\\/08\\\/terapiabreve.webp\",\"width\":1600,\"height\":900},{\"@type\":\"BreadcrumbList\",\"@id\":\"https:\\\/\\\/marcosalencarpsicanalista.com\\\/terapia-breve-o-que-e-para-quem-e-indicada-e-quando-e-a-melhor-escolha\\\/#breadcrumb\",\"itemListElement\":[{\"@type\":\"ListItem\",\"position\":1,\"name\":\"Home\",\"item\":\"https:\\\/\\\/marcosalencarpsicanalista.com\\\/\"},{\"@type\":\"ListItem\",\"position\":2,\"name\":\"Terapia breve: o que \u00e9 e para quem \u00e9 indicada?\"}]},{\"@type\":\"WebSite\",\"@id\":\"https:\\\/\\\/marcosalencarpsicanalista.com\\\/#website\",\"url\":\"https:\\\/\\\/marcosalencarpsicanalista.com\\\/\",\"name\":\"Marcos Alencar | Psicanalista e Psic\u00f3logo\",\"description\":\"Psican\u00e1lise e psicoterapia presencial em S\u00e3o Paulo e online no Brasil e no exterior.\",\"publisher\":{\"@id\":\"https:\\\/\\\/marcosalencarpsicanalista.com\\\/es\\\/#consultorio-marcos-alencar\"},\"alternateName\":\"Marcos Alencar\",\"potentialAction\":[{\"@type\":\"SearchAction\",\"target\":{\"@type\":\"EntryPoint\",\"urlTemplate\":\"https:\\\/\\\/marcosalencarpsicanalista.com\\\/?s={search_term_string}\"},\"query-input\":{\"@type\":\"PropertyValueSpecification\",\"valueRequired\":true,\"valueName\":\"search_term_string\"}}],\"inLanguage\":\"es-AR\",\"about\":[{\"@id\":\"https:\\\/\\\/marcosalencarpsicanalista.com\\\/es\\\/#marcos-correa-alencar\"},{\"@id\":\"https:\\\/\\\/marcosalencarpsicanalista.com\\\/es\\\/#consultorio-marcos-alencar\"}]},{\"@type\":\"Organization\",\"@id\":\"https:\\\/\\\/marcosalencarpsicanalista.com\\\/#organization\",\"name\":\"Marcos Alencar | Psicologo e Psicanalista\",\"url\":\"https:\\\/\\\/marcosalencarpsicanalista.com\\\/\",\"logo\":{\"@type\":\"ImageObject\",\"inLanguage\":\"es-AR\",\"@id\":\"https:\\\/\\\/marcosalencarpsicanalista.com\\\/#\\\/schema\\\/logo\\\/image\\\/\",\"url\":\"https:\\\/\\\/marcosalencarpsicanalista.com\\\/wp-content\\\/uploads\\\/2026\\\/08\\\/marcosalencar-psicanalista-psicologo-sao-paulo-sp-port.png\",\"contentUrl\":\"https:\\\/\\\/marcosalencarpsicanalista.com\\\/wp-content\\\/uploads\\\/2026\\\/08\\\/marcosalencar-psicanalista-psicologo-sao-paulo-sp-port.png\",\"width\":1122,\"height\":1402,\"caption\":\"Marcos Alencar | Psicologo e Psicanalista\"},\"image\":{\"@id\":\"https:\\\/\\\/marcosalencarpsicanalista.com\\\/#\\\/schema\\\/logo\\\/image\\\/\"},\"description\":\"Psican\u00e1lise e psicoterapia com Marcos Alencar, Psicanalista e Psic\u00f3logo (CRP 06\\\/30117). Atendimento presencial em S\u00e3o Paulo e online, em portugu\u00eas, ingl\u00eas e espanhol. Primeira conversa gratuita de 30 minutos.\"},{\"@type\":\"Person\",\"@id\":\"https:\\\/\\\/marcosalencarpsicanalista.com\\\/es\\\/#marcos-correa-alencar\",\"name\":\"Marcos Corr\u00eaa Alencar\",\"alternateName\":\"Marcos Alencar\",\"givenName\":\"Marcos\",\"additionalName\":\"Corr\u00eaa\",\"familyName\":\"Alencar\",\"url\":\"https:\\\/\\\/marcosalencarpsicanalista.com\\\/es\\\/es\\\/psicanalista-marcos-alencar\\\/\",\"mainEntityOfPage\":{\"@id\":\"https:\\\/\\\/marcosalencarpsicanalista.com\\\/es\\\/es\\\/psicanalista-marcos-alencar\\\/\"},\"image\":{\"@type\":\"ImageObject\",\"@id\":\"https:\\\/\\\/marcosalencarpsicanalista.com\\\/es\\\/#imagem-marcos-alencar\",\"url\":\"https:\\\/\\\/marcosalencarpsicanalista.com\\\/es\\\/wp-content\\\/uploads\\\/2026\\\/07\\\/DrMarcosAlencar.webp\",\"contentUrl\":\"https:\\\/\\\/marcosalencarpsicanalista.com\\\/es\\\/wp-content\\\/uploads\\\/2026\\\/07\\\/DrMarcosAlencar.webp\",\"caption\":\"Marcos Corr\u00eaa Alencar, Psicanalista e Psic\u00f3logo\"},\"description\":\"Marcos Corr\u00eaa Alencar es Psicoanalista y Psic\u00f3logo, registrado en el CRP 06\\\/30117. Atiende presencialmente en S\u00e3o Paulo y online en Brasil y en el exterior, en portugu\u00e9s, ingl\u00e9s y espa\u00f1ol.\",\"jobTitle\":[\"Psicanalista\",\"Psic\u00f3logo\"],\"identifier\":{\"@type\":\"PropertyValue\",\"propertyID\":\"CRP\",\"value\":\"06\\\/30117\",\"name\":\"Registro profissional no Conselho Regional de Psicologia\"},\"knowsLanguage\":[{\"@type\":\"Language\",\"name\":\"Portugu\u00eas\",\"alternateName\":\"pt-BR\"},{\"@type\":\"Language\",\"name\":\"English\",\"alternateName\":\"en\"},{\"@type\":\"Language\",\"name\":\"Espa\u00f1ol\",\"alternateName\":\"es\"}],\"telephone\":\"+55 11 91566-5300\",\"email\":\"contato@marcosalencarpsicanalista.com\",\"workLocation\":{\"@type\":\"Place\",\"name\":\"S\u00e3o Paulo, SP, Brasil\",\"address\":{\"@type\":\"PostalAddress\",\"addressLocality\":\"S\u00e3o Paulo\",\"addressRegion\":\"SP\",\"postalCode\":\"05447-140\",\"addressCountry\":\"BR\"},\"geo\":{\"@type\":\"GeoCoordinates\",\"latitude\":-23.5468322,\"longitude\":-46.705219}},\"worksFor\":{\"@id\":\"https:\\\/\\\/marcosalencarpsicanalista.com\\\/es\\\/#consultorio-marcos-alencar\"},\"knowsAbout\":[\"Psican\u00e1lise\",\"Psicologia\",\"Psicoterapia de orienta\u00e7\u00e3o anal\u00edtica\",\"An\u00e1lise individual\",\"Terapia breve\",\"Autoconhecimento\",\"Sa\u00fade mental\",\"Subjetividade\",\"Migra\u00e7\u00e3o e adapta\u00e7\u00e3o cultural\",\"Tecnologia e subjetividade\",\"Supervis\u00e3o cl\u00ednica\"],\"makesOffer\":[{\"@id\":\"https:\\\/\\\/marcosalencarpsicanalista.com\\\/es\\\/#oferta-primeira-conversa\"}]},{\"@type\":\"LocalBusiness\",\"@id\":\"https:\\\/\\\/marcosalencarpsicanalista.com\\\/es\\\/#consultorio-marcos-alencar\",\"name\":\"Marcos Alencar \u2014 Psicoanalista y Psic\u00f3logo\",\"alternateName\":\"Marcos Alencar\",\"url\":\"https:\\\/\\\/marcosalencarpsicanalista.com\\\/es\\\/es\\\/\",\"description\":\"Psicoan\u00e1lisis y psicoterapia de orientaci\u00f3n anal\u00edtica con Marcos Corr\u00eaa Alencar, CRP 06\\\/30117. Atenci\u00f3n presencial en S\u00e3o Paulo y online en Brasil y en el exterior, en portugu\u00e9s, ingl\u00e9s y espa\u00f1ol.\",\"image\":{\"@id\":\"https:\\\/\\\/marcosalencarpsicanalista.com\\\/es\\\/#imagem-marcos-alencar\"},\"telephone\":\"+55 11 91566-5300\",\"email\":\"contato@marcosalencarpsicanalista.com\",\"address\":{\"@type\":\"PostalAddress\",\"addressLocality\":\"S\u00e3o Paulo\",\"addressRegion\":\"SP\",\"postalCode\":\"05447-140\",\"addressCountry\":\"BR\"},\"geo\":{\"@type\":\"GeoCoordinates\",\"latitude\":-23.5468322,\"longitude\":-46.705219},\"areaServed\":[{\"@type\":\"City\",\"name\":\"S\u00e3o Paulo\"},{\"@type\":\"Country\",\"name\":\"Brasil\"},{\"@type\":\"AdministrativeArea\",\"name\":\"Atendimento online internacional\"}],\"availableLanguage\":[{\"@type\":\"Language\",\"name\":\"Portugu\u00eas\",\"alternateName\":\"pt-BR\"},{\"@type\":\"Language\",\"name\":\"English\",\"alternateName\":\"en\"},{\"@type\":\"Language\",\"name\":\"Espa\u00f1ol\",\"alternateName\":\"es\"}],\"founder\":{\"@id\":\"https:\\\/\\\/marcosalencarpsicanalista.com\\\/es\\\/#marcos-correa-alencar\"},\"employee\":{\"@id\":\"https:\\\/\\\/marcosalencarpsicanalista.com\\\/es\\\/#marcos-correa-alencar\"},\"openingHoursSpecification\":[{\"@type\":\"OpeningHoursSpecification\",\"dayOfWeek\":[\"https:\\\/\\\/schema.org\\\/Monday\",\"https:\\\/\\\/schema.org\\\/Tuesday\",\"https:\\\/\\\/schema.org\\\/Wednesday\",\"https:\\\/\\\/schema.org\\\/Thursday\",\"https:\\\/\\\/schema.org\\\/Friday\"],\"opens\":\"09:00\",\"closes\":\"19:00\"}],\"hasOfferCatalog\":{\"@type\":\"OfferCatalog\",\"name\":\"Atendimentos e servi\u00e7os\",\"itemListElement\":[{\"@id\":\"https:\\\/\\\/marcosalencarpsicanalista.com\\\/es\\\/#analise-individual\"},{\"@id\":\"https:\\\/\\\/marcosalencarpsicanalista.com\\\/es\\\/#terapia-breve\"},{\"@id\":\"https:\\\/\\\/marcosalencarpsicanalista.com\\\/es\\\/#supervisao-clinica\"},{\"@id\":\"https:\\\/\\\/marcosalencarpsicanalista.com\\\/es\\\/#primeira-conversa\"}]},\"makesOffer\":[{\"@id\":\"https:\\\/\\\/marcosalencarpsicanalista.com\\\/es\\\/#oferta-primeira-conversa\"}]},{\"@type\":\"Service\",\"@id\":\"https:\\\/\\\/marcosalencarpsicanalista.com\\\/es\\\/#analise-individual\",\"name\":\"An\u00e1lisis Individual\",\"serviceType\":\"Psican\u00e1lise e psicoterapia de orienta\u00e7\u00e3o anal\u00edtica\",\"description\":\"Un proceso continuo y profundo de escucha y autoconocimiento, desarrollado de acuerdo con la singularidad y el tiempo de cada persona.\",\"provider\":{\"@id\":\"https:\\\/\\\/marcosalencarpsicanalista.com\\\/es\\\/#marcos-correa-alencar\"},\"broker\":{\"@id\":\"https:\\\/\\\/marcosalencarpsicanalista.com\\\/es\\\/#consultorio-marcos-alencar\"},\"areaServed\":[{\"@type\":\"City\",\"name\":\"S\u00e3o Paulo\"},{\"@type\":\"Country\",\"name\":\"Brasil\"},{\"@type\":\"AdministrativeArea\",\"name\":\"Atendimento online internacional\"}],\"availableChannel\":[{\"@type\":\"ServiceChannel\",\"name\":\"Consultorio en S\u00e3o Paulo\",\"serviceLocation\":{\"@type\":\"Place\",\"name\":\"Consultorio en S\u00e3o Paulo\",\"address\":{\"@type\":\"PostalAddress\",\"addressLocality\":\"S\u00e3o Paulo\",\"addressRegion\":\"SP\",\"postalCode\":\"05447-140\",\"addressCountry\":\"BR\"},\"geo\":{\"@type\":\"GeoCoordinates\",\"latitude\":-23.5468322,\"longitude\":-46.705219}},\"availableLanguage\":[{\"@type\":\"Language\",\"name\":\"Portugu\u00eas\",\"alternateName\":\"pt-BR\"},{\"@type\":\"Language\",\"name\":\"English\",\"alternateName\":\"en\"},{\"@type\":\"Language\",\"name\":\"Espa\u00f1ol\",\"alternateName\":\"es\"}]},{\"@type\":\"ServiceChannel\",\"name\":\"Atenci\u00f3n online\",\"serviceUrl\":\"https:\\\/\\\/marcosalencarpsicanalista.com\\\/es\\\/es\\\/30min\\\/\",\"availableLanguage\":[{\"@type\":\"Language\",\"name\":\"Portugu\u00eas\",\"alternateName\":\"pt-BR\"},{\"@type\":\"Language\",\"name\":\"English\",\"alternateName\":\"en\"},{\"@type\":\"Language\",\"name\":\"Espa\u00f1ol\",\"alternateName\":\"es\"}]}],\"url\":\"https:\\\/\\\/marcosalencarpsicanalista.com\\\/es\\\/es\\\/#Modalidades\"},{\"@type\":\"Service\",\"@id\":\"https:\\\/\\\/marcosalencarpsicanalista.com\\\/es\\\/#terapia-breve\",\"name\":\"Terapia Breve\",\"serviceType\":\"Terapia breve focal\",\"description\":\"Un proceso terap\u00e9utico con foco y duraci\u00f3n delimitados, dirigido a una cuesti\u00f3n espec\u00edfica como estr\u00e9s, presi\u00f3n profesional, decisiones dif\u00edciles o transiciones de carrera.\",\"provider\":{\"@id\":\"https:\\\/\\\/marcosalencarpsicanalista.com\\\/es\\\/#marcos-correa-alencar\"},\"broker\":{\"@id\":\"https:\\\/\\\/marcosalencarpsicanalista.com\\\/es\\\/#consultorio-marcos-alencar\"},\"areaServed\":[{\"@type\":\"City\",\"name\":\"S\u00e3o Paulo\"},{\"@type\":\"Country\",\"name\":\"Brasil\"},{\"@type\":\"AdministrativeArea\",\"name\":\"Atendimento online internacional\"}],\"availableChannel\":[{\"@type\":\"ServiceChannel\",\"name\":\"Consultorio en S\u00e3o Paulo\",\"serviceLocation\":{\"@type\":\"Place\",\"name\":\"Consultorio en S\u00e3o Paulo\",\"address\":{\"@type\":\"PostalAddress\",\"addressLocality\":\"S\u00e3o Paulo\",\"addressRegion\":\"SP\",\"postalCode\":\"05447-140\",\"addressCountry\":\"BR\"},\"geo\":{\"@type\":\"GeoCoordinates\",\"latitude\":-23.5468322,\"longitude\":-46.705219}},\"availableLanguage\":[{\"@type\":\"Language\",\"name\":\"Portugu\u00eas\",\"alternateName\":\"pt-BR\"},{\"@type\":\"Language\",\"name\":\"English\",\"alternateName\":\"en\"},{\"@type\":\"Language\",\"name\":\"Espa\u00f1ol\",\"alternateName\":\"es\"}]},{\"@type\":\"ServiceChannel\",\"name\":\"Atenci\u00f3n online\",\"serviceUrl\":\"https:\\\/\\\/marcosalencarpsicanalista.com\\\/es\\\/es\\\/30min\\\/\",\"availableLanguage\":[{\"@type\":\"Language\",\"name\":\"Portugu\u00eas\",\"alternateName\":\"pt-BR\"},{\"@type\":\"Language\",\"name\":\"English\",\"alternateName\":\"en\"},{\"@type\":\"Language\",\"name\":\"Espa\u00f1ol\",\"alternateName\":\"es\"}]}],\"url\":\"https:\\\/\\\/marcosalencarpsicanalista.com\\\/es\\\/es\\\/#Modalidades\"},{\"@type\":\"Service\",\"@id\":\"https:\\\/\\\/marcosalencarpsicanalista.com\\\/es\\\/#supervisao-clinica\",\"name\":\"Supervisi\u00f3n Cl\u00ednica\",\"serviceType\":\"Supervis\u00e3o cl\u00ednica para profissionais de sa\u00fade mental\",\"description\":\"Supervisi\u00f3n cl\u00ednica para psic\u00f3logos, psicoanalistas, psicoterapeutas y profesionales en formaci\u00f3n.\",\"url\":\"https:\\\/\\\/marcosalencarpsicanalista.com\\\/es\\\/es\\\/supervisao-clinica\\\/\",\"provider\":{\"@id\":\"https:\\\/\\\/marcosalencarpsicanalista.com\\\/es\\\/#marcos-correa-alencar\"},\"broker\":{\"@id\":\"https:\\\/\\\/marcosalencarpsicanalista.com\\\/es\\\/#consultorio-marcos-alencar\"},\"areaServed\":[{\"@type\":\"City\",\"name\":\"S\u00e3o Paulo\"},{\"@type\":\"Country\",\"name\":\"Brasil\"},{\"@type\":\"AdministrativeArea\",\"name\":\"Atendimento online internacional\"}],\"availableChannel\":[{\"@type\":\"ServiceChannel\",\"name\":\"Consultorio en S\u00e3o Paulo\",\"serviceLocation\":{\"@type\":\"Place\",\"name\":\"Consultorio en S\u00e3o Paulo\",\"address\":{\"@type\":\"PostalAddress\",\"addressLocality\":\"S\u00e3o Paulo\",\"addressRegion\":\"SP\",\"postalCode\":\"05447-140\",\"addressCountry\":\"BR\"},\"geo\":{\"@type\":\"GeoCoordinates\",\"latitude\":-23.5468322,\"longitude\":-46.705219}},\"availableLanguage\":[{\"@type\":\"Language\",\"name\":\"Portugu\u00eas\",\"alternateName\":\"pt-BR\"},{\"@type\":\"Language\",\"name\":\"English\",\"alternateName\":\"en\"},{\"@type\":\"Language\",\"name\":\"Espa\u00f1ol\",\"alternateName\":\"es\"}]},{\"@type\":\"ServiceChannel\",\"name\":\"Atenci\u00f3n online\",\"serviceUrl\":\"https:\\\/\\\/marcosalencarpsicanalista.com\\\/es\\\/es\\\/30min\\\/\",\"availableLanguage\":[{\"@type\":\"Language\",\"name\":\"Portugu\u00eas\",\"alternateName\":\"pt-BR\"},{\"@type\":\"Language\",\"name\":\"English\",\"alternateName\":\"en\"},{\"@type\":\"Language\",\"name\":\"Espa\u00f1ol\",\"alternateName\":\"es\"}]}]},{\"@type\":\"Service\",\"@id\":\"https:\\\/\\\/marcosalencarpsicanalista.com\\\/es\\\/#primeira-conversa\",\"name\":\"Primera conversaci\u00f3n online de 30 minutos\",\"serviceType\":\"Conversa inicial online de 30 minutos\",\"description\":\"Una conversaci\u00f3n inicial online, gratuita y sin compromiso, de 30 minutos, para conocer la demanda y considerar la posibilidad de comenzar el proceso terap\u00e9utico.\",\"url\":\"https:\\\/\\\/marcosalencarpsicanalista.com\\\/es\\\/es\\\/30min\\\/\",\"provider\":{\"@id\":\"https:\\\/\\\/marcosalencarpsicanalista.com\\\/es\\\/#marcos-correa-alencar\"},\"areaServed\":[{\"@type\":\"City\",\"name\":\"S\u00e3o Paulo\"},{\"@type\":\"Country\",\"name\":\"Brasil\"},{\"@type\":\"AdministrativeArea\",\"name\":\"Atendimento online internacional\"}],\"availableChannel\":[{\"@type\":\"ServiceChannel\",\"name\":\"Atenci\u00f3n online\",\"serviceUrl\":\"https:\\\/\\\/marcosalencarpsicanalista.com\\\/es\\\/es\\\/30min\\\/\",\"availableLanguage\":[{\"@type\":\"Language\",\"name\":\"Portugu\u00eas\",\"alternateName\":\"pt-BR\"},{\"@type\":\"Language\",\"name\":\"English\",\"alternateName\":\"en\"},{\"@type\":\"Language\",\"name\":\"Espa\u00f1ol\",\"alternateName\":\"es\"}]}],\"offers\":{\"@id\":\"https:\\\/\\\/marcosalencarpsicanalista.com\\\/es\\\/#oferta-primeira-conversa\"}},{\"@type\":\"Offer\",\"@id\":\"https:\\\/\\\/marcosalencarpsicanalista.com\\\/es\\\/#oferta-primeira-conversa\",\"name\":\"Primera conversaci\u00f3n online de 30 minutos\",\"url\":\"https:\\\/\\\/marcosalencarpsicanalista.com\\\/es\\\/es\\\/30min\\\/\",\"price\":\"0\",\"priceCurrency\":\"BRL\",\"itemOffered\":{\"@id\":\"https:\\\/\\\/marcosalencarpsicanalista.com\\\/es\\\/#primeira-conversa\"},\"seller\":{\"@id\":\"https:\\\/\\\/marcosalencarpsicanalista.com\\\/es\\\/#consultorio-marcos-alencar\"}}]}<\/script>\n<!-- \/ Yoast SEO Premium plugin. -->","yoast_head_json":{"title":"Terapia breve: \u00bfqu\u00e9 es y para qui\u00e9n est\u00e1 indicada?","description":"Comprenda qu\u00e9 es la terapia breve, para qui\u00e9n es adecuada, cu\u00e1nto tiempo puede durar y cu\u00e1ndo esta modalidad podr\u00eda ser la mejor opci\u00f3n.","robots":{"index":"index","follow":"follow","max-snippet":"max-snippet:-1","max-image-preview":"max-image-preview:large","max-video-preview":"max-video-preview:-1"},"canonical":"https:\/\/marcosalencarpsicanalista.com\/es\/terapia-breve-o-que-e-para-quem-e-indicada-e-quando-e-a-melhor-escolha\/","og_locale":"es_ES","og_type":"article","og_title":"Terapia breve: o que \u00e9 e para quem \u00e9 indicada?","og_description":"Entenda o que \u00e9 terapia breve, para quem ela \u00e9 indicada, quanto tempo pode durar e quando essa modalidade pode ser a melhor escolha.","og_url":"https:\/\/marcosalencarpsicanalista.com\/es\/terapia-breve-o-que-e-para-quem-e-indicada-e-quando-e-a-melhor-escolha\/","og_site_name":"Marcos Alencar | Psicanalista em S\u00e3o Paulo","article_modified_time":"2026-08-29T19:37:29+00:00","og_image":[{"width":1448,"height":1086,"url":"https:\/\/marcosalencarpsicanalista.com\/wp-content\/uploads\/2026\/07\/DrMarcosAlencar.webp","type":"image\/webp"}],"twitter_card":"summary_large_image","twitter_title":"Terapia breve: o que \u00e9 e para quem \u00e9 indicada? Agende sua primeira conversa de 30 minutos","twitter_description":"Entenda o que \u00e9 terapia breve, para quem ela \u00e9 indicada, quanto tempo pode durar e quando essa modalidade pode ser a melhor escolha.","twitter_image":"https:\/\/marcosalencarpsicanalista.com\/wp-content\/uploads\/2026\/07\/DrMarcosAlencar.webp","twitter_misc":{"Tiempo de lectura":"7 minutos"},"schema":{"@context":"https:\/\/schema.org","@graph":[{"@type":"WebPage","@id":"https:\/\/marcosalencarpsicanalista.com\/terapia-breve-o-que-e-para-quem-e-indicada-e-quando-e-a-melhor-escolha\/","url":"https:\/\/marcosalencarpsicanalista.com\/terapia-breve-o-que-e-para-quem-e-indicada-e-quando-e-a-melhor-escolha\/","name":"Terapia breve: \u00bfqu\u00e9 es y para qui\u00e9n est\u00e1 indicada?","isPartOf":{"@id":"https:\/\/marcosalencarpsicanalista.com\/#website"},"primaryImageOfPage":{"@id":"https:\/\/marcosalencarpsicanalista.com\/terapia-breve-o-que-e-para-quem-e-indicada-e-quando-e-a-melhor-escolha\/#primaryimage"},"image":{"@id":"https:\/\/marcosalencarpsicanalista.com\/terapia-breve-o-que-e-para-quem-e-indicada-e-quando-e-a-melhor-escolha\/#primaryimage"},"thumbnailUrl":"https:\/\/marcosalencarpsicanalista.com\/wp-content\/uploads\/2026\/08\/terapiabreve.webp","datePublished":"2026-07-24T21:37:13+00:00","dateModified":"2026-08-29T19:37:29+00:00","description":"Comprenda qu\u00e9 es la terapia breve, para qui\u00e9n es adecuada, cu\u00e1nto tiempo puede durar y cu\u00e1ndo esta modalidad podr\u00eda ser la mejor opci\u00f3n.","breadcrumb":{"@id":"https:\/\/marcosalencarpsicanalista.com\/terapia-breve-o-que-e-para-quem-e-indicada-e-quando-e-a-melhor-escolha\/#breadcrumb"},"inLanguage":"es-AR","potentialAction":[{"@type":"ReadAction","target":["https:\/\/marcosalencarpsicanalista.com\/terapia-breve-o-que-e-para-quem-e-indicada-e-quando-e-a-melhor-escolha\/"]}],"about":[{"@id":"https:\/\/marcosalencarpsicanalista.com\/es\/#marcos-correa-alencar"},{"@id":"https:\/\/marcosalencarpsicanalista.com\/es\/#consultorio-marcos-alencar"}]},{"@type":"ImageObject","inLanguage":"es-AR","@id":"https:\/\/marcosalencarpsicanalista.com\/terapia-breve-o-que-e-para-quem-e-indicada-e-quando-e-a-melhor-escolha\/#primaryimage","url":"https:\/\/marcosalencarpsicanalista.com\/wp-content\/uploads\/2026\/08\/terapiabreve.webp","contentUrl":"https:\/\/marcosalencarpsicanalista.com\/wp-content\/uploads\/2026\/08\/terapiabreve.webp","width":1600,"height":900},{"@type":"BreadcrumbList","@id":"https:\/\/marcosalencarpsicanalista.com\/terapia-breve-o-que-e-para-quem-e-indicada-e-quando-e-a-melhor-escolha\/#breadcrumb","itemListElement":[{"@type":"ListItem","position":1,"name":"Home","item":"https:\/\/marcosalencarpsicanalista.com\/"},{"@type":"ListItem","position":2,"name":"Terapia breve: o que \u00e9 e para quem \u00e9 indicada?"}]},{"@type":"WebSite","@id":"https:\/\/marcosalencarpsicanalista.com\/#website","url":"https:\/\/marcosalencarpsicanalista.com\/","name":"Marcos Alencar | Psicoanalista y Psic\u00f3logo","description":"Psican\u00e1lise e psicoterapia presencial em S\u00e3o Paulo e online no Brasil e no exterior.","publisher":{"@id":"https:\/\/marcosalencarpsicanalista.com\/es\/#consultorio-marcos-alencar"},"alternateName":"Marcos Alencar","potentialAction":[{"@type":"SearchAction","target":{"@type":"EntryPoint","urlTemplate":"https:\/\/marcosalencarpsicanalista.com\/?s={search_term_string}"},"query-input":{"@type":"PropertyValueSpecification","valueRequired":true,"valueName":"search_term_string"}}],"inLanguage":"es-AR","about":[{"@id":"https:\/\/marcosalencarpsicanalista.com\/es\/#marcos-correa-alencar"},{"@id":"https:\/\/marcosalencarpsicanalista.com\/es\/#consultorio-marcos-alencar"}]},{"@type":"Organization","@id":"https:\/\/marcosalencarpsicanalista.com\/#organization","name":"Marcos Alencar | Psicologo e Psicanalista","url":"https:\/\/marcosalencarpsicanalista.com\/","logo":{"@type":"ImageObject","inLanguage":"es-AR","@id":"https:\/\/marcosalencarpsicanalista.com\/#\/schema\/logo\/image\/","url":"https:\/\/marcosalencarpsicanalista.com\/wp-content\/uploads\/2026\/08\/marcosalencar-psicanalista-psicologo-sao-paulo-sp-port.png","contentUrl":"https:\/\/marcosalencarpsicanalista.com\/wp-content\/uploads\/2026\/08\/marcosalencar-psicanalista-psicologo-sao-paulo-sp-port.png","width":1122,"height":1402,"caption":"Marcos Alencar | Psicologo e Psicanalista"},"image":{"@id":"https:\/\/marcosalencarpsicanalista.com\/#\/schema\/logo\/image\/"},"description":"Psicoan\u00e1lisis y psicoterapia con Marcos Alencar, Psicoanalista y Psic\u00f3logo (CRP 06\/30117). Atenci\u00f3n presencial en S\u00e3o Paulo y online, en portugu\u00e9s, ingl\u00e9s y espa\u00f1ol. Primera conversaci\u00f3n gratuita de 30 minutos."},{"@type":"Person","@id":"https:\/\/marcosalencarpsicanalista.com\/es\/#marcos-correa-alencar","name":"Marcos Corr\u00eaa Alencar","alternateName":"Marcos Alencar","givenName":"Marcos","additionalName":"Corr\u00eaa","familyName":"Alencar","url":"https:\/\/marcosalencarpsicanalista.com\/es\/es\/psicanalista-marcos-alencar\/","mainEntityOfPage":{"@id":"https:\/\/marcosalencarpsicanalista.com\/es\/es\/psicanalista-marcos-alencar\/"},"image":{"@type":"ImageObject","@id":"https:\/\/marcosalencarpsicanalista.com\/es\/#imagem-marcos-alencar","url":"https:\/\/marcosalencarpsicanalista.com\/es\/wp-content\/uploads\/2026\/07\/DrMarcosAlencar.webp","contentUrl":"https:\/\/marcosalencarpsicanalista.com\/es\/wp-content\/uploads\/2026\/07\/DrMarcosAlencar.webp","caption":"Marcos Corr\u00eaa Alencar, Psicanalista e Psic\u00f3logo"},"description":"Marcos Corr\u00eaa Alencar es psicoanalista y psic\u00f3logo, registrado con el n\u00famero CRP 06\/30117. Atiende presencialmente en S\u00e3o Paulo y en l\u00ednea en Brasil y en el extranjero, en portugu\u00e9s, ingl\u00e9s y espa\u00f1ol.","jobTitle":["Psicanalista","Psic\u00f3logo"],"identifier":{"@type":"PropertyValue","propertyID":"CRP","value":"06\/30117","name":"Registro profissional no Conselho Regional de Psicologia"},"knowsLanguage":[{"@type":"Language","name":"Portugu\u00eas","alternateName":"pt-BR"},{"@type":"Language","name":"English","alternateName":"en"},{"@type":"Language","name":"Espa\u00f1ol","alternateName":"es"}],"telephone":"+55 11 91566-5300","email":"contato@marcosalencarpsicanalista.com","workLocation":{"@type":"Place","name":"S\u00e3o Paulo, SP, Brasil","address":{"@type":"PostalAddress","addressLocality":"S\u00e3o Paulo","addressRegion":"SP","postalCode":"05447-140","addressCountry":"BR"},"geo":{"@type":"GeoCoordinates","latitude":-23.5468322,"longitude":-46.705219}},"worksFor":{"@id":"https:\/\/marcosalencarpsicanalista.com\/es\/#consultorio-marcos-alencar"},"knowsAbout":["Psican\u00e1lise","Psicologia","Psicoterapia de orienta\u00e7\u00e3o anal\u00edtica","An\u00e1lise individual","Terapia breve","Autoconhecimento","Sa\u00fade mental","Subjetividade","Migra\u00e7\u00e3o e adapta\u00e7\u00e3o cultural","Tecnologia e subjetividade","Supervis\u00e3o cl\u00ednica"],"makesOffer":[{"@id":"https:\/\/marcosalencarpsicanalista.com\/es\/#oferta-primeira-conversa"}]},{"@type":"LocalBusiness","@id":"https:\/\/marcosalencarpsicanalista.com\/es\/#consultorio-marcos-alencar","name":"Marcos Alencar \u2014 Psicoanalista y psic\u00f3logo","alternateName":"Marcos Alencar","url":"https:\/\/marcosalencarpsicanalista.com\/es\/es\/","description":"Psicoan\u00e1lisis y psicoterapia de orientaci\u00f3n anal\u00edtica con Marcos Corr\u00eaa Alencar, CRP 06\/30117. Asistencia presencial en S\u00e3o Paulo y en l\u00ednea en Brasil y en el extranjero, en portugu\u00e9s, ingl\u00e9s y espa\u00f1ol.","image":{"@id":"https:\/\/marcosalencarpsicanalista.com\/es\/#imagem-marcos-alencar"},"telephone":"+55 11 91566-5300","email":"contato@marcosalencarpsicanalista.com","address":{"@type":"PostalAddress","addressLocality":"S\u00e3o Paulo","addressRegion":"SP","postalCode":"05447-140","addressCountry":"BR"},"geo":{"@type":"GeoCoordinates","latitude":-23.5468322,"longitude":-46.705219},"areaServed":[{"@type":"City","name":"S\u00e3o Paulo"},{"@type":"Country","name":"Brasil"},{"@type":"AdministrativeArea","name":"Atendimento online internacional"}],"availableLanguage":[{"@type":"Language","name":"Portugu\u00eas","alternateName":"pt-BR"},{"@type":"Language","name":"English","alternateName":"en"},{"@type":"Language","name":"Espa\u00f1ol","alternateName":"es"}],"founder":{"@id":"https:\/\/marcosalencarpsicanalista.com\/es\/#marcos-correa-alencar"},"employee":{"@id":"https:\/\/marcosalencarpsicanalista.com\/es\/#marcos-correa-alencar"},"openingHoursSpecification":[{"@type":"OpeningHoursSpecification","dayOfWeek":["https:\/\/schema.org\/Monday","https:\/\/schema.org\/Tuesday","https:\/\/schema.org\/Wednesday","https:\/\/schema.org\/Thursday","https:\/\/schema.org\/Friday"],"opens":"09:00","closes":"19:00"}],"hasOfferCatalog":{"@type":"OfferCatalog","name":"Atendimentos e servi\u00e7os","itemListElement":[{"@id":"https:\/\/marcosalencarpsicanalista.com\/es\/#analise-individual"},{"@id":"https:\/\/marcosalencarpsicanalista.com\/es\/#terapia-breve"},{"@id":"https:\/\/marcosalencarpsicanalista.com\/es\/#supervisao-clinica"},{"@id":"https:\/\/marcosalencarpsicanalista.com\/es\/#primeira-conversa"}]},"makesOffer":[{"@id":"https:\/\/marcosalencarpsicanalista.com\/es\/#oferta-primeira-conversa"}]},{"@type":"Service","@id":"https:\/\/marcosalencarpsicanalista.com\/es\/#analise-individual","name":"An\u00e1lisis individual","serviceType":"Psican\u00e1lise e psicoterapia de orienta\u00e7\u00e3o anal\u00edtica","description":"Un proceso continuo y profundo de escucha y autoconocimiento, desarrollado seg\u00fan la singularidad y el ritmo de cada persona.","provider":{"@id":"https:\/\/marcosalencarpsicanalista.com\/es\/#marcos-correa-alencar"},"broker":{"@id":"https:\/\/marcosalencarpsicanalista.com\/es\/#consultorio-marcos-alencar"},"areaServed":[{"@type":"City","name":"S\u00e3o Paulo"},{"@type":"Country","name":"Brasil"},{"@type":"AdministrativeArea","name":"Atendimento online internacional"}],"availableChannel":[{"@type":"ServiceChannel","name":"Consultorio en S\u00e3o Paulo","serviceLocation":{"@type":"Place","name":"Consultorio en S\u00e3o Paulo","address":{"@type":"PostalAddress","addressLocality":"S\u00e3o Paulo","addressRegion":"SP","postalCode":"05447-140","addressCountry":"BR"},"geo":{"@type":"GeoCoordinates","latitude":-23.5468322,"longitude":-46.705219}},"availableLanguage":[{"@type":"Language","name":"Portugu\u00eas","alternateName":"pt-BR"},{"@type":"Language","name":"English","alternateName":"en"},{"@type":"Language","name":"Espa\u00f1ol","alternateName":"es"}]},{"@type":"ServiceChannel","name":"Atenci\u00f3n online","serviceUrl":"https:\/\/marcosalencarpsicanalista.com\/es\/es\/30min\/","availableLanguage":[{"@type":"Language","name":"Portugu\u00eas","alternateName":"pt-BR"},{"@type":"Language","name":"English","alternateName":"en"},{"@type":"Language","name":"Espa\u00f1ol","alternateName":"es"}]}],"url":"https:\/\/marcosalencarpsicanalista.com\/es\/es\/#Modalidades"},{"@type":"Service","@id":"https:\/\/marcosalencarpsicanalista.com\/es\/#terapia-breve","name":"Terapia Breve","serviceType":"Terapia breve focal","description":"Un proceso terap\u00e9utico con un enfoque y una duraci\u00f3n definidos, dirigido a situaciones espec\u00edficas como el estr\u00e9s, la presi\u00f3n profesional, las decisiones dif\u00edciles o las transiciones profesionales.","provider":{"@id":"https:\/\/marcosalencarpsicanalista.com\/es\/#marcos-correa-alencar"},"broker":{"@id":"https:\/\/marcosalencarpsicanalista.com\/es\/#consultorio-marcos-alencar"},"areaServed":[{"@type":"City","name":"S\u00e3o Paulo"},{"@type":"Country","name":"Brasil"},{"@type":"AdministrativeArea","name":"Atendimento online internacional"}],"availableChannel":[{"@type":"ServiceChannel","name":"Consultorio en S\u00e3o Paulo","serviceLocation":{"@type":"Place","name":"Consultorio en S\u00e3o Paulo","address":{"@type":"PostalAddress","addressLocality":"S\u00e3o Paulo","addressRegion":"SP","postalCode":"05447-140","addressCountry":"BR"},"geo":{"@type":"GeoCoordinates","latitude":-23.5468322,"longitude":-46.705219}},"availableLanguage":[{"@type":"Language","name":"Portugu\u00eas","alternateName":"pt-BR"},{"@type":"Language","name":"English","alternateName":"en"},{"@type":"Language","name":"Espa\u00f1ol","alternateName":"es"}]},{"@type":"ServiceChannel","name":"Atenci\u00f3n online","serviceUrl":"https:\/\/marcosalencarpsicanalista.com\/es\/es\/30min\/","availableLanguage":[{"@type":"Language","name":"Portugu\u00eas","alternateName":"pt-BR"},{"@type":"Language","name":"English","alternateName":"en"},{"@type":"Language","name":"Espa\u00f1ol","alternateName":"es"}]}],"url":"https:\/\/marcosalencarpsicanalista.com\/es\/es\/#Modalidades"},{"@type":"Service","@id":"https:\/\/marcosalencarpsicanalista.com\/es\/#supervisao-clinica","name":"Supervisi\u00f3n cl\u00ednica","serviceType":"Supervis\u00e3o cl\u00ednica para profissionais de sa\u00fade mental","description":"Supervisi\u00f3n cl\u00ednica para psic\u00f3logos, psicoanalistas, psicoterapeutas y profesionales en formaci\u00f3n.","url":"https:\/\/marcosalencarpsicanalista.com\/es\/es\/supervisao-clinica\/","provider":{"@id":"https:\/\/marcosalencarpsicanalista.com\/es\/#marcos-correa-alencar"},"broker":{"@id":"https:\/\/marcosalencarpsicanalista.com\/es\/#consultorio-marcos-alencar"},"areaServed":[{"@type":"City","name":"S\u00e3o Paulo"},{"@type":"Country","name":"Brasil"},{"@type":"AdministrativeArea","name":"Atendimento online internacional"}],"availableChannel":[{"@type":"ServiceChannel","name":"Consultorio en S\u00e3o Paulo","serviceLocation":{"@type":"Place","name":"Consultorio en S\u00e3o Paulo","address":{"@type":"PostalAddress","addressLocality":"S\u00e3o Paulo","addressRegion":"SP","postalCode":"05447-140","addressCountry":"BR"},"geo":{"@type":"GeoCoordinates","latitude":-23.5468322,"longitude":-46.705219}},"availableLanguage":[{"@type":"Language","name":"Portugu\u00eas","alternateName":"pt-BR"},{"@type":"Language","name":"English","alternateName":"en"},{"@type":"Language","name":"Espa\u00f1ol","alternateName":"es"}]},{"@type":"ServiceChannel","name":"Atenci\u00f3n online","serviceUrl":"https:\/\/marcosalencarpsicanalista.com\/es\/es\/30min\/","availableLanguage":[{"@type":"Language","name":"Portugu\u00eas","alternateName":"pt-BR"},{"@type":"Language","name":"English","alternateName":"en"},{"@type":"Language","name":"Espa\u00f1ol","alternateName":"es"}]}]},{"@type":"Service","@id":"https:\/\/marcosalencarpsicanalista.com\/es\/#primeira-conversa","name":"Primera conversaci\u00f3n en l\u00ednea de 30 minutos","serviceType":"Conversa inicial online de 30 minutos","description":"Una primera conversaci\u00f3n online, gratuita y sin compromiso, de 30 minutos de duraci\u00f3n, para comprender las necesidades y considerar la posibilidad de iniciar el proceso terap\u00e9utico.","url":"https:\/\/marcosalencarpsicanalista.com\/es\/es\/30min\/","provider":{"@id":"https:\/\/marcosalencarpsicanalista.com\/es\/#marcos-correa-alencar"},"areaServed":[{"@type":"City","name":"S\u00e3o Paulo"},{"@type":"Country","name":"Brasil"},{"@type":"AdministrativeArea","name":"Atendimento online internacional"}],"availableChannel":[{"@type":"ServiceChannel","name":"Atenci\u00f3n online","serviceUrl":"https:\/\/marcosalencarpsicanalista.com\/es\/es\/30min\/","availableLanguage":[{"@type":"Language","name":"Portugu\u00eas","alternateName":"pt-BR"},{"@type":"Language","name":"English","alternateName":"en"},{"@type":"Language","name":"Espa\u00f1ol","alternateName":"es"}]}],"offers":{"@id":"https:\/\/marcosalencarpsicanalista.com\/es\/#oferta-primeira-conversa"}},{"@type":"Offer","@id":"https:\/\/marcosalencarpsicanalista.com\/es\/#oferta-primeira-conversa","name":"Primera conversaci\u00f3n en l\u00ednea de 30 minutos","url":"https:\/\/marcosalencarpsicanalista.com\/es\/es\/30min\/","price":"0","priceCurrency":"BRL","itemOffered":{"@id":"https:\/\/marcosalencarpsicanalista.com\/es\/#primeira-conversa"},"seller":{"@id":"https:\/\/marcosalencarpsicanalista.com\/es\/#consultorio-marcos-alencar"}}]}},"_links":{"self":[{"href":"https:\/\/marcosalencarpsicanalista.com\/es\/wp-json\/wp\/v2\/pages\/1357","targetHints":{"allow":["GET"]}}],"collection":[{"href":"https:\/\/marcosalencarpsicanalista.com\/es\/wp-json\/wp\/v2\/pages"}],"about":[{"href":"https:\/\/marcosalencarpsicanalista.com\/es\/wp-json\/wp\/v2\/types\/page"}],"author":[{"embeddable":true,"href":"https:\/\/marcosalencarpsicanalista.com\/es\/wp-json\/wp\/v2\/users\/1"}],"replies":[{"embeddable":true,"href":"https:\/\/marcosalencarpsicanalista.com\/es\/wp-json\/wp\/v2\/comments?post=1357"}],"version-history":[{"count":67,"href":"https:\/\/marcosalencarpsicanalista.com\/es\/wp-json\/wp\/v2\/pages\/1357\/revisions"}],"predecessor-version":[{"id":2719,"href":"https:\/\/marcosalencarpsicanalista.com\/es\/wp-json\/wp\/v2\/pages\/1357\/revisions\/2719"}],"wp:featuredmedia":[{"embeddable":true,"href":"https:\/\/marcosalencarpsicanalista.com\/es\/wp-json\/wp\/v2\/media\/1740"}],"wp:attachment":[{"href":"https:\/\/marcosalencarpsicanalista.com\/es\/wp-json\/wp\/v2\/media?parent=1357"}],"curies":[{"name":"wp","href":"https:\/\/api.w.org\/{rel}","templated":true}]}}