{"id":385,"date":"2026-07-13T10:38:50","date_gmt":"2026-07-13T13:38:50","guid":{"rendered":"https:\/\/marcosalencarpsicanalista.com\/?page_id=385"},"modified":"2026-08-29T16:36:53","modified_gmt":"2026-08-29T19:36:53","slug":"psicanalistas-e-terapeutas","status":"publish","type":"page","link":"https:\/\/marcosalencarpsicanalista.com\/en\/psicanalistas-e-terapeutas\/","title":{"rendered":"For Psychoanalysts and Therapists"},"content":{"rendered":"<div data-elementor-type=\"wp-page\" data-elementor-id=\"385\" class=\"elementor elementor-385\">\n\t\t\t\t<div class=\"elementor-element elementor-element-bf53af0 e-flex e-con-boxed wpr-particle-no wpr-jarallax-no wpr-parallax-no wpr-sticky-section-no wpr-column-slider-no wpr-equal-height-no e-con e-parent\" data-id=\"bf53af0\" data-element_type=\"container\" data-e-type=\"container\" data-settings=\"{&quot;background_background&quot;:&quot;classic&quot;}\">\n\t\t\t\t\t<div class=\"e-con-inner\">\n\t\t\t\t<div class=\"elementor-element elementor-element-6ff6831 elementor-widget elementor-widget-heading\" data-id=\"6ff6831\" data-element_type=\"widget\" data-e-type=\"widget\" data-widget_type=\"heading.default\">\n\t\t\t\t\t<h1 class=\"elementor-heading-title elementor-size-default\">For Psychoanalysts and Therapists <\/h1>\t\t\t\t<\/div>\n\t\t\t\t<div class=\"elementor-element elementor-element-0fb9c0a elementor-widget elementor-widget-heading\" data-id=\"0fb9c0a\" data-element_type=\"widget\" data-e-type=\"widget\" data-widget_type=\"heading.default\">\n\t\t\t\t\t<h2 class=\"elementor-heading-title elementor-size-default\"><strong>Supervis\u00e3o, estudo e reflex\u00e3o para quem trabalha com a escuta.<\/strong><\/h2>\t\t\t\t<\/div>\n\t\t\t\t\t<\/div>\n\t\t\t\t<\/div>\n\t\t<div class=\"elementor-element elementor-element-c84b57d e-flex e-con-boxed wpr-particle-no wpr-jarallax-no wpr-parallax-no wpr-sticky-section-no wpr-column-slider-no wpr-equal-height-no e-con e-parent\" data-id=\"c84b57d\" data-element_type=\"container\" data-e-type=\"container\" data-settings=\"{&quot;background_background&quot;:&quot;classic&quot;}\">\n\t\t\t\t\t<div class=\"e-con-inner\">\n\t\t\t\t<div class=\"elementor-element elementor-element-58c933b elementor-widget elementor-widget-text-editor\" data-id=\"58c933b\" data-element_type=\"widget\" data-e-type=\"widget\" data-widget_type=\"text-editor.default\">\n\t\t\t\t\t\t\t\t\t<p class=\"font-claude-response-body break-words whitespace-normal\" data-sourcepos=\"52:1-52:358;2472-2829\">\u00c4nimaThera began as a psychotherapy practice and has evolved into a space for both clinical work and professional development. If you have come here looking for a place to deepen your clinical practice, this is what we offer.<\/p>\t\t\t\t\t\t\t\t<\/div>\n\t\t<div class=\"elementor-element elementor-element-5af3e0b e-con-full e-flex wpr-particle-no wpr-jarallax-no wpr-parallax-no wpr-sticky-section-no wpr-column-slider-no wpr-equal-height-no e-con e-child\" data-id=\"5af3e0b\" data-element_type=\"container\" data-e-type=\"container\">\n\t\t\t\t<div class=\"elementor-element elementor-element-1e686ed elementor-widget__width-initial elementor-view-default elementor-position-block-start elementor-mobile-position-block-start elementor-widget elementor-widget-icon-box\" data-id=\"1e686ed\" data-element_type=\"widget\" data-e-type=\"widget\" data-widget_type=\"icon-box.default\">\n\t\t\t\t\t\t\t<div class=\"elementor-icon-box-wrapper\">\n\n\t\t\t\t\t\t<div class=\"elementor-icon-box-icon\">\n\t\t\t\t<span  class=\"elementor-icon\">\n\t\t\t\t<svg xmlns=\"http:\/\/www.w3.org\/2000\/svg\" width=\"24\" height=\"24\" viewbox=\"0 0 24 24\" fill=\"none\" stroke=\"currentColor\" stroke-width=\"2\" stroke-linecap=\"round\" stroke-linejoin=\"round\"><path d=\"M7 20h10\"><\/path><path d=\"M10 20c5.5-2.5.8-6.4 3-10\"><\/path><path d=\"M9.5 9.4c1.1.8 1.8 2.2 2.3 3.7-2 .4-3.5.4-4.8-.3-1.2-.6-2.3-1.9-3-4.2 2.8-.5 4.4 0 5.5.8z\"><\/path><path d=\"M14.1 6a7 7 0 0 0-1.1 4c1.9-.1 3.3-.6 4.3-1.4 1-1 1.6-2.3 1.7-4.6-2.7.1-4 1-4.9 2z\"><\/path><\/svg>\t\t\t\t<\/span>\n\t\t\t<\/div>\n\t\t\t\n\t\t\t\t\t\t<div class=\"elementor-icon-box-content\">\n\n\t\t\t\t\t\t\t\t\t<h3 class=\"elementor-icon-box-title\">\n\t\t\t\t\t\t<span  >\n\t\t\t\t\t\t\tStudy Group\t\t\t\t\t\t<\/span>\n\t\t\t\t\t<\/h3>\n\t\t\t\t\n\t\t\t\t\t\t\t\t\t<p class=\"elementor-icon-box-description\">\n\t\t\t\t\t\t<p><strong>Technology and Mental Health<\/strong> \u2014 exploring the human subject in the age of screens and artificial intelligence. Readings from the psychoanalytic tradition in dialogue with contemporary texts on hyperconnectivity, online therapy, and AI.<\/p>\n\n<p>Small-group online meetings, open to psychologists, psychoanalysts, students, and professionals from related fields.<\/p>\n\n<p class=\"translation-block\"><strong>New group currently forming.<\/strong><br>\nRegister your interest to receive dates, program details, and format.<\/p>\n\n<p style=\"text-align: center;margin-top: 28px\">\n    <a class=\"animathera-btn\" href=\"\/en\/grupo-de-estudo\/\">\n        Learn more \u2192\n    <\/a>\n<\/p>\t\t\t\t\t<\/p>\n\t\t\t\t\n\t\t\t<\/div>\n\t\t\t\n\t\t<\/div>\n\t\t\t\t\t\t<\/div>\n\t\t\t\t<div class=\"elementor-element elementor-element-26efb9a elementor-widget__width-initial elementor-view-default elementor-position-block-start elementor-mobile-position-block-start elementor-widget elementor-widget-icon-box\" data-id=\"26efb9a\" data-element_type=\"widget\" data-e-type=\"widget\" data-widget_type=\"icon-box.default\">\n\t\t\t\t\t\t\t<div class=\"elementor-icon-box-wrapper\">\n\n\t\t\t\t\t\t<div class=\"elementor-icon-box-icon\">\n\t\t\t\t<span  class=\"elementor-icon\">\n\t\t\t\t<svg xmlns=\"http:\/\/www.w3.org\/2000\/svg\" width=\"24\" height=\"24\" viewbox=\"0 0 24 24\" fill=\"none\" stroke=\"currentColor\" stroke-width=\"2\" stroke-linecap=\"round\" stroke-linejoin=\"round\"><circle cx=\"12\" cy=\"12\" r=\"10\"><\/circle><polygon points=\"16.24 7.76 14.12 14.12 7.76 16.24 9.88 9.88 16.24 7.76\"><\/polygon><\/svg>\t\t\t\t<\/span>\n\t\t\t<\/div>\n\t\t\t\n\t\t\t\t\t\t<div class=\"elementor-icon-box-content\">\n\n\t\t\t\t\t\t\t\t\t<h3 class=\"elementor-icon-box-title\">\n\t\t\t\t\t\t<span  >\n\t\t\t\t\t\t\tClinical Supervision\t\t\t\t\t\t<\/span>\n\t\t\t\t\t<\/h3>\n\t\t\t\t\n\t\t\t\t\t\t\t\t\t<p class=\"elementor-icon-box-description\">\n\t\t\t\t\t\t<p>A space to reflect on your clinical work: the cases, the impasses, recurring patterns, and what continues to resist understanding. The aim is not to correct practice according to a manual, but to deepen the capacity to listen to what each case has to teach.<\/p>\n\n<p>Available individually or in small groups, online or in person in S\u00e3o Paulo, with flexible scheduling.<\/p>\n\n<p><strong>Now accepting new supervisees.<\/strong><br>Schedule an initial conversation, with no obligation.<\/p>\n\n<p style=\"text-align: center;margin-top: 28px\">\n    <a class=\"animathera-btn\" href=\"\/en\/supervisao-clinica\/\">\n        Learn more \u2192\n    <\/a>\n<\/p>\t\t\t\t\t<\/p>\n\t\t\t\t\n\t\t\t<\/div>\n\t\t\t\n\t\t<\/div>\n\t\t\t\t\t\t<\/div>\n\t\t\t\t<\/div>\n\t\t\t\t<div class=\"elementor-element elementor-element-2821432 elementor-widget__width-initial elementor-widget elementor-widget-text-editor\" data-id=\"2821432\" data-element_type=\"widget\" data-e-type=\"widget\" data-widget_type=\"text-editor.default\">\n\t\t\t\t\t\t\t\t\t<p style=\"text-align: center;\">Led by <strong>Marcos Alencar<\/strong> CRP 06\/30117), a psychotherapist with an analytical orientation and a previous career as an executive and entrepreneur.<\/p>\n<p style=\"text-align: center;\"><a href=\"https:\/\/marcosalencarpsicanalista.com\/en\/psicanalista-marcos-alencar\/\">Learn about my background \u2192<\/a><\/p>\t\t\t\t\t\t\t\t<\/div>\n\t\t\t\t\t<\/div>\n\t\t\t\t<\/div>\n\t\t\t\t<\/div>","protected":false},"excerpt":{"rendered":"<p>Para psicanalistas e terapeutas Supervis\u00e3o, estudo e reflex\u00e3o para quem trabalha com a escuta. A \u00c4nimaThera nasceu como uma plataforma de atendimento e hoje \u00e9 um espa\u00e7o cl\u00ednico e de desenvolvimento profissional. Se voc\u00ea chegou at\u00e9 aqui buscando um lugar para crescer na cl\u00ednica, \u00e9 isto que oferecemos: Grupo de Estudo Tecnologias e Sa\u00fade Mental \u2014 pensar o sujeito na era das telas e da intelig\u00eancia artificial. Leituras da tradi\u00e7\u00e3o anal\u00edtica em di\u00e1logo com textos contempor\u00e2neos sobre hiperconex\u00e3o, terapia online e IA. Encontros online em pequeno grupo, abertos a psic\u00f3logos, psicanalistas, estudantes e \u00e1reas afins. Turma em forma\u00e7\u00e3o.Cadastre-se e receba datas, programa e formato. Saiba mais \u2192 Supervis\u00e3o cl\u00ednica Um espa\u00e7o de escuta do seu trabalho cl\u00ednico: os casos, os impasses, o que se repete e o que resiste. N\u00e3o se trata de corrigir a partir de um manual, mas de ajudar a escutar o que cada caso ensina. Individual ou em pequeno grupo, presencial em S\u00e3o Paulo ou online, com hor\u00e1rios flex\u00edveis. Vagas abertas.Agende uma conversa inicial, sem compromisso. Saiba mais \u2192 Conduzidos por Marcos Alencar (CRP 06\/30117), psicoterapeuta de orienta\u00e7\u00e3o anal\u00edtica e trajet\u00f3ria anterior como executivo e empreendedor. Conhe\u00e7a minha trajet\u00f3ria \u2192<\/p>","protected":false},"author":1,"featured_media":2670,"parent":0,"menu_order":0,"comment_status":"closed","ping_status":"closed","template":"elementor_header_footer","meta":{"footnotes":""},"class_list":["post-385","page","type-page","status-publish","has-post-thumbnail","hentry"],"yoast_head":"<!-- This site is optimized with the Yoast SEO Premium plugin v28.2 (Yoast SEO v28.4) - https:\/\/yoast.com\/product\/yoast-seo-premium-wordpress\/ -->\n<title>Cadastro para Psicanalistas | Grupo de Estudo e Supervis\u00e3o<\/title>\n<meta name=\"description\" content=\"Espa\u00e7o para psicanalistas e terapeutas: grupo de estudo, supervis\u00e3o cl\u00ednica e rede profissional. Cadastre-se e receba datas, programa e formato.\" \/>\n<meta name=\"robots\" content=\"index, follow, max-snippet:-1, max-image-preview:large, max-video-preview:-1\" \/>\n<link rel=\"canonical\" href=\"https:\/\/marcosalencarpsicanalista.com\/en\/psicanalistas-e-terapeutas\/\" \/>\n<meta property=\"og:locale\" content=\"en_US\" \/>\n<meta property=\"og:type\" content=\"article\" \/>\n<meta property=\"og:title\" content=\"Cadastro para Psicanalistas | Grupo de Estudo e Supervis\u00e3o\" \/>\n<meta property=\"og:description\" content=\"Espa\u00e7o para psicanalistas e terapeutas: grupo de estudo, supervis\u00e3o cl\u00ednica e rede profissional. Cadastre-se e receba datas, programa e formato.\" \/>\n<meta property=\"og:url\" content=\"https:\/\/marcosalencarpsicanalista.com\/en\/psicanalistas-e-terapeutas\/\" \/>\n<meta property=\"og:site_name\" content=\"Marcos Alencar | Psicanalista em S\u00e3o Paulo\" \/>\n<meta property=\"article:modified_time\" content=\"2026-08-29T19:36:53+00:00\" \/>\n<meta property=\"og:image\" content=\"https:\/\/marcosalencarpsicanalista.com\/wp-content\/uploads\/2026\/07\/animathera-og-1200x630-1.png\" \/>\n\t<meta property=\"og:image:width\" content=\"1200\" \/>\n\t<meta property=\"og:image:height\" content=\"630\" \/>\n\t<meta property=\"og:image:type\" content=\"image\/png\" \/>\n<meta name=\"twitter:card\" content=\"summary_large_image\" \/>\n<meta name=\"twitter:title\" content=\"Cadastro para Psicanalistas | Grupo de Estudo e Supervis\u00e3o\" \/>\n<meta name=\"twitter:description\" content=\"Espa\u00e7o para psicanalistas e terapeutas: grupo de estudo, supervis\u00e3o cl\u00ednica e rede profissional. Cadastre-se e receba datas, programa e formato.\" \/>\n<meta name=\"twitter:image\" content=\"https:\/\/marcosalencarpsicanalista.com\/wp-content\/uploads\/2026\/07\/animathera-og-1200x630-1.png\" \/>\n<meta name=\"twitter:label1\" content=\"Est. reading time\" \/>\n\t<meta name=\"twitter:data1\" content=\"1 minute\" \/>\n<script type=\"application\/ld+json\" class=\"yoast-schema-graph\">{\"@context\":\"https:\\\/\\\/schema.org\",\"@graph\":[{\"@type\":\"WebPage\",\"@id\":\"https:\\\/\\\/marcosalencarpsicanalista.com\\\/psicanalistas-e-terapeutas\\\/\",\"url\":\"https:\\\/\\\/marcosalencarpsicanalista.com\\\/psicanalistas-e-terapeutas\\\/\",\"name\":\"Cadastro para Psicanalistas | Grupo de Estudo e Supervis\u00e3o\",\"isPartOf\":{\"@id\":\"https:\\\/\\\/marcosalencarpsicanalista.com\\\/#website\"},\"primaryImageOfPage\":{\"@id\":\"https:\\\/\\\/marcosalencarpsicanalista.com\\\/psicanalistas-e-terapeutas\\\/#primaryimage\"},\"image\":{\"@id\":\"https:\\\/\\\/marcosalencarpsicanalista.com\\\/psicanalistas-e-terapeutas\\\/#primaryimage\"},\"thumbnailUrl\":\"https:\\\/\\\/marcosalencarpsicanalista.com\\\/wp-content\\\/uploads\\\/2026\\\/08\\\/marcosalencarpsicanalistaterapiaonlineSaoPaulo.webp\",\"datePublished\":\"2026-07-13T13:38:50+00:00\",\"dateModified\":\"2026-08-29T19:36:53+00:00\",\"description\":\"Espa\u00e7o para psicanalistas e terapeutas: grupo de estudo, supervis\u00e3o cl\u00ednica e rede profissional. Cadastre-se e receba datas, programa e formato.\",\"breadcrumb\":{\"@id\":\"https:\\\/\\\/marcosalencarpsicanalista.com\\\/psicanalistas-e-terapeutas\\\/#breadcrumb\"},\"inLanguage\":\"en-US\",\"potentialAction\":[{\"@type\":\"ReadAction\",\"target\":[\"https:\\\/\\\/marcosalencarpsicanalista.com\\\/psicanalistas-e-terapeutas\\\/\"]}],\"about\":[{\"@id\":\"https:\\\/\\\/marcosalencarpsicanalista.com\\\/en\\\/#marcos-correa-alencar\"},{\"@id\":\"https:\\\/\\\/marcosalencarpsicanalista.com\\\/en\\\/#consultorio-marcos-alencar\"}]},{\"@type\":\"ImageObject\",\"inLanguage\":\"en-US\",\"@id\":\"https:\\\/\\\/marcosalencarpsicanalista.com\\\/psicanalistas-e-terapeutas\\\/#primaryimage\",\"url\":\"https:\\\/\\\/marcosalencarpsicanalista.com\\\/wp-content\\\/uploads\\\/2026\\\/08\\\/marcosalencarpsicanalistaterapiaonlineSaoPaulo.webp\",\"contentUrl\":\"https:\\\/\\\/marcosalencarpsicanalista.com\\\/wp-content\\\/uploads\\\/2026\\\/08\\\/marcosalencarpsicanalistaterapiaonlineSaoPaulo.webp\",\"width\":544,\"height\":576},{\"@type\":\"BreadcrumbList\",\"@id\":\"https:\\\/\\\/marcosalencarpsicanalista.com\\\/psicanalistas-e-terapeutas\\\/#breadcrumb\",\"itemListElement\":[{\"@type\":\"ListItem\",\"position\":1,\"name\":\"Home\",\"item\":\"https:\\\/\\\/marcosalencarpsicanalista.com\\\/\"},{\"@type\":\"ListItem\",\"position\":2,\"name\":\"Para Psicanalistas e Terapeutas\"}]},{\"@type\":\"WebSite\",\"@id\":\"https:\\\/\\\/marcosalencarpsicanalista.com\\\/#website\",\"url\":\"https:\\\/\\\/marcosalencarpsicanalista.com\\\/\",\"name\":\"Marcos Alencar | Psicanalista e Psic\u00f3logo\",\"description\":\"Psican\u00e1lise e psicoterapia presencial em S\u00e3o Paulo e online no Brasil e no exterior.\",\"publisher\":{\"@id\":\"https:\\\/\\\/marcosalencarpsicanalista.com\\\/en\\\/#consultorio-marcos-alencar\"},\"alternateName\":\"Marcos Alencar\",\"potentialAction\":[{\"@type\":\"SearchAction\",\"target\":{\"@type\":\"EntryPoint\",\"urlTemplate\":\"https:\\\/\\\/marcosalencarpsicanalista.com\\\/?s={search_term_string}\"},\"query-input\":{\"@type\":\"PropertyValueSpecification\",\"valueRequired\":true,\"valueName\":\"search_term_string\"}}],\"inLanguage\":\"en-US\",\"about\":[{\"@id\":\"https:\\\/\\\/marcosalencarpsicanalista.com\\\/en\\\/#marcos-correa-alencar\"},{\"@id\":\"https:\\\/\\\/marcosalencarpsicanalista.com\\\/en\\\/#consultorio-marcos-alencar\"}]},{\"@type\":\"Organization\",\"@id\":\"https:\\\/\\\/marcosalencarpsicanalista.com\\\/#organization\",\"name\":\"Marcos Alencar | Psicologo e Psicanalista\",\"url\":\"https:\\\/\\\/marcosalencarpsicanalista.com\\\/\",\"logo\":{\"@type\":\"ImageObject\",\"inLanguage\":\"en-US\",\"@id\":\"https:\\\/\\\/marcosalencarpsicanalista.com\\\/#\\\/schema\\\/logo\\\/image\\\/\",\"url\":\"https:\\\/\\\/marcosalencarpsicanalista.com\\\/wp-content\\\/uploads\\\/2026\\\/08\\\/marcosalencar-psicanalista-psicologo-sao-paulo-sp-port.png\",\"contentUrl\":\"https:\\\/\\\/marcosalencarpsicanalista.com\\\/wp-content\\\/uploads\\\/2026\\\/08\\\/marcosalencar-psicanalista-psicologo-sao-paulo-sp-port.png\",\"width\":1122,\"height\":1402,\"caption\":\"Marcos Alencar | Psicologo e Psicanalista\"},\"image\":{\"@id\":\"https:\\\/\\\/marcosalencarpsicanalista.com\\\/#\\\/schema\\\/logo\\\/image\\\/\"},\"description\":\"Psican\u00e1lise e psicoterapia com Marcos Alencar, Psicanalista e Psic\u00f3logo (CRP 06\\\/30117). Atendimento presencial em S\u00e3o Paulo e online, em portugu\u00eas, ingl\u00eas e espanhol. Primeira conversa gratuita de 30 minutos.\"},{\"@type\":\"Person\",\"@id\":\"https:\\\/\\\/marcosalencarpsicanalista.com\\\/en\\\/#marcos-correa-alencar\",\"name\":\"Marcos Corr\u00eaa Alencar\",\"alternateName\":\"Marcos Alencar\",\"givenName\":\"Marcos\",\"additionalName\":\"Corr\u00eaa\",\"familyName\":\"Alencar\",\"url\":\"https:\\\/\\\/marcosalencarpsicanalista.com\\\/en\\\/en\\\/psicanalista-marcos-alencar\\\/\",\"mainEntityOfPage\":{\"@id\":\"https:\\\/\\\/marcosalencarpsicanalista.com\\\/en\\\/en\\\/psicanalista-marcos-alencar\\\/\"},\"image\":{\"@type\":\"ImageObject\",\"@id\":\"https:\\\/\\\/marcosalencarpsicanalista.com\\\/en\\\/#imagem-marcos-alencar\",\"url\":\"https:\\\/\\\/marcosalencarpsicanalista.com\\\/en\\\/wp-content\\\/uploads\\\/2026\\\/07\\\/DrMarcosAlencar.webp\",\"contentUrl\":\"https:\\\/\\\/marcosalencarpsicanalista.com\\\/en\\\/wp-content\\\/uploads\\\/2026\\\/07\\\/DrMarcosAlencar.webp\",\"caption\":\"Marcos Corr\u00eaa Alencar, Psicanalista e Psic\u00f3logo\"},\"description\":\"Marcos Corr\u00eaa Alencar is a psychoanalyst and psychologist, registered under CRP 06\\\/30117. He offers in-person sessions in S\u00e3o Paulo and online sessions in Brazil and internationally, in Portuguese, English and Spanish.\",\"jobTitle\":[\"Psicanalista\",\"Psic\u00f3logo\"],\"identifier\":{\"@type\":\"PropertyValue\",\"propertyID\":\"CRP\",\"value\":\"06\\\/30117\",\"name\":\"Registro profissional no Conselho Regional de Psicologia\"},\"knowsLanguage\":[{\"@type\":\"Language\",\"name\":\"Portugu\u00eas\",\"alternateName\":\"pt-BR\"},{\"@type\":\"Language\",\"name\":\"English\",\"alternateName\":\"en\"},{\"@type\":\"Language\",\"name\":\"Espa\u00f1ol\",\"alternateName\":\"es\"}],\"telephone\":\"+55 11 91566-5300\",\"email\":\"contato@marcosalencarpsicanalista.com\",\"workLocation\":{\"@type\":\"Place\",\"name\":\"S\u00e3o Paulo, SP, Brasil\",\"address\":{\"@type\":\"PostalAddress\",\"addressLocality\":\"S\u00e3o Paulo\",\"addressRegion\":\"SP\",\"postalCode\":\"05447-140\",\"addressCountry\":\"BR\"},\"geo\":{\"@type\":\"GeoCoordinates\",\"latitude\":-23.5468322,\"longitude\":-46.705219}},\"worksFor\":{\"@id\":\"https:\\\/\\\/marcosalencarpsicanalista.com\\\/en\\\/#consultorio-marcos-alencar\"},\"knowsAbout\":[\"Psican\u00e1lise\",\"Psicologia\",\"Psicoterapia de orienta\u00e7\u00e3o anal\u00edtica\",\"An\u00e1lise individual\",\"Terapia breve\",\"Autoconhecimento\",\"Sa\u00fade mental\",\"Subjetividade\",\"Migra\u00e7\u00e3o e adapta\u00e7\u00e3o cultural\",\"Tecnologia e subjetividade\",\"Supervis\u00e3o cl\u00ednica\"],\"makesOffer\":[{\"@id\":\"https:\\\/\\\/marcosalencarpsicanalista.com\\\/en\\\/#oferta-primeira-conversa\"}]},{\"@type\":\"LocalBusiness\",\"@id\":\"https:\\\/\\\/marcosalencarpsicanalista.com\\\/en\\\/#consultorio-marcos-alencar\",\"name\":\"Marcos Alencar \u2014 Psychoanalyst and Psychologist\",\"alternateName\":\"Marcos Alencar\",\"url\":\"https:\\\/\\\/marcosalencarpsicanalista.com\\\/en\\\/en\\\/\",\"description\":\"Psychoanalysis and analytically oriented psychotherapy with Marcos Corr\u00eaa Alencar, registered under CRP 06\\\/30117. In-person sessions in S\u00e3o Paulo and online sessions in Brazil and internationally, in Portuguese, English and Spanish.\",\"image\":{\"@id\":\"https:\\\/\\\/marcosalencarpsicanalista.com\\\/en\\\/#imagem-marcos-alencar\"},\"telephone\":\"+55 11 91566-5300\",\"email\":\"contato@marcosalencarpsicanalista.com\",\"address\":{\"@type\":\"PostalAddress\",\"addressLocality\":\"S\u00e3o Paulo\",\"addressRegion\":\"SP\",\"postalCode\":\"05447-140\",\"addressCountry\":\"BR\"},\"geo\":{\"@type\":\"GeoCoordinates\",\"latitude\":-23.5468322,\"longitude\":-46.705219},\"areaServed\":[{\"@type\":\"City\",\"name\":\"S\u00e3o Paulo\"},{\"@type\":\"Country\",\"name\":\"Brasil\"},{\"@type\":\"AdministrativeArea\",\"name\":\"Atendimento online internacional\"}],\"availableLanguage\":[{\"@type\":\"Language\",\"name\":\"Portugu\u00eas\",\"alternateName\":\"pt-BR\"},{\"@type\":\"Language\",\"name\":\"English\",\"alternateName\":\"en\"},{\"@type\":\"Language\",\"name\":\"Espa\u00f1ol\",\"alternateName\":\"es\"}],\"founder\":{\"@id\":\"https:\\\/\\\/marcosalencarpsicanalista.com\\\/en\\\/#marcos-correa-alencar\"},\"employee\":{\"@id\":\"https:\\\/\\\/marcosalencarpsicanalista.com\\\/en\\\/#marcos-correa-alencar\"},\"openingHoursSpecification\":[{\"@type\":\"OpeningHoursSpecification\",\"dayOfWeek\":[\"https:\\\/\\\/schema.org\\\/Monday\",\"https:\\\/\\\/schema.org\\\/Tuesday\",\"https:\\\/\\\/schema.org\\\/Wednesday\",\"https:\\\/\\\/schema.org\\\/Thursday\",\"https:\\\/\\\/schema.org\\\/Friday\"],\"opens\":\"09:00\",\"closes\":\"19:00\"}],\"hasOfferCatalog\":{\"@type\":\"OfferCatalog\",\"name\":\"Atendimentos e servi\u00e7os\",\"itemListElement\":[{\"@id\":\"https:\\\/\\\/marcosalencarpsicanalista.com\\\/en\\\/#analise-individual\"},{\"@id\":\"https:\\\/\\\/marcosalencarpsicanalista.com\\\/en\\\/#terapia-breve\"},{\"@id\":\"https:\\\/\\\/marcosalencarpsicanalista.com\\\/en\\\/#supervisao-clinica\"},{\"@id\":\"https:\\\/\\\/marcosalencarpsicanalista.com\\\/en\\\/#primeira-conversa\"}]},\"makesOffer\":[{\"@id\":\"https:\\\/\\\/marcosalencarpsicanalista.com\\\/en\\\/#oferta-primeira-conversa\"}]},{\"@type\":\"Service\",\"@id\":\"https:\\\/\\\/marcosalencarpsicanalista.com\\\/en\\\/#analise-individual\",\"name\":\"Individual Psychoanalysis\",\"serviceType\":\"Psican\u00e1lise e psicoterapia de orienta\u00e7\u00e3o anal\u00edtica\",\"description\":\"An ongoing and in-depth process of listening and self-knowledge, developed according to each person\u2019s singularity and individual pace.\",\"provider\":{\"@id\":\"https:\\\/\\\/marcosalencarpsicanalista.com\\\/en\\\/#marcos-correa-alencar\"},\"broker\":{\"@id\":\"https:\\\/\\\/marcosalencarpsicanalista.com\\\/en\\\/#consultorio-marcos-alencar\"},\"areaServed\":[{\"@type\":\"City\",\"name\":\"S\u00e3o Paulo\"},{\"@type\":\"Country\",\"name\":\"Brasil\"},{\"@type\":\"AdministrativeArea\",\"name\":\"Atendimento online internacional\"}],\"availableChannel\":[{\"@type\":\"ServiceChannel\",\"name\":\"Consulting room in S\u00e3o Paulo\",\"serviceLocation\":{\"@type\":\"Place\",\"name\":\"Consulting room in S\u00e3o Paulo\",\"address\":{\"@type\":\"PostalAddress\",\"addressLocality\":\"S\u00e3o Paulo\",\"addressRegion\":\"SP\",\"postalCode\":\"05447-140\",\"addressCountry\":\"BR\"},\"geo\":{\"@type\":\"GeoCoordinates\",\"latitude\":-23.5468322,\"longitude\":-46.705219}},\"availableLanguage\":[{\"@type\":\"Language\",\"name\":\"Portugu\u00eas\",\"alternateName\":\"pt-BR\"},{\"@type\":\"Language\",\"name\":\"English\",\"alternateName\":\"en\"},{\"@type\":\"Language\",\"name\":\"Espa\u00f1ol\",\"alternateName\":\"es\"}]},{\"@type\":\"ServiceChannel\",\"name\":\"Online sessions\",\"serviceUrl\":\"https:\\\/\\\/marcosalencarpsicanalista.com\\\/en\\\/en\\\/30min\\\/\",\"availableLanguage\":[{\"@type\":\"Language\",\"name\":\"Portugu\u00eas\",\"alternateName\":\"pt-BR\"},{\"@type\":\"Language\",\"name\":\"English\",\"alternateName\":\"en\"},{\"@type\":\"Language\",\"name\":\"Espa\u00f1ol\",\"alternateName\":\"es\"}]}],\"url\":\"https:\\\/\\\/marcosalencarpsicanalista.com\\\/en\\\/en\\\/#Modalidades\"},{\"@type\":\"Service\",\"@id\":\"https:\\\/\\\/marcosalencarpsicanalista.com\\\/en\\\/#terapia-breve\",\"name\":\"Brief Therapy\",\"serviceType\":\"Terapia breve focal\",\"description\":\"A focused and time-limited therapeutic process addressing a specific issue such as stress, professional pressure, difficult decisions or career transitions.\",\"provider\":{\"@id\":\"https:\\\/\\\/marcosalencarpsicanalista.com\\\/en\\\/#marcos-correa-alencar\"},\"broker\":{\"@id\":\"https:\\\/\\\/marcosalencarpsicanalista.com\\\/en\\\/#consultorio-marcos-alencar\"},\"areaServed\":[{\"@type\":\"City\",\"name\":\"S\u00e3o Paulo\"},{\"@type\":\"Country\",\"name\":\"Brasil\"},{\"@type\":\"AdministrativeArea\",\"name\":\"Atendimento online internacional\"}],\"availableChannel\":[{\"@type\":\"ServiceChannel\",\"name\":\"Consulting room in S\u00e3o Paulo\",\"serviceLocation\":{\"@type\":\"Place\",\"name\":\"Consulting room in S\u00e3o Paulo\",\"address\":{\"@type\":\"PostalAddress\",\"addressLocality\":\"S\u00e3o Paulo\",\"addressRegion\":\"SP\",\"postalCode\":\"05447-140\",\"addressCountry\":\"BR\"},\"geo\":{\"@type\":\"GeoCoordinates\",\"latitude\":-23.5468322,\"longitude\":-46.705219}},\"availableLanguage\":[{\"@type\":\"Language\",\"name\":\"Portugu\u00eas\",\"alternateName\":\"pt-BR\"},{\"@type\":\"Language\",\"name\":\"English\",\"alternateName\":\"en\"},{\"@type\":\"Language\",\"name\":\"Espa\u00f1ol\",\"alternateName\":\"es\"}]},{\"@type\":\"ServiceChannel\",\"name\":\"Online sessions\",\"serviceUrl\":\"https:\\\/\\\/marcosalencarpsicanalista.com\\\/en\\\/en\\\/30min\\\/\",\"availableLanguage\":[{\"@type\":\"Language\",\"name\":\"Portugu\u00eas\",\"alternateName\":\"pt-BR\"},{\"@type\":\"Language\",\"name\":\"English\",\"alternateName\":\"en\"},{\"@type\":\"Language\",\"name\":\"Espa\u00f1ol\",\"alternateName\":\"es\"}]}],\"url\":\"https:\\\/\\\/marcosalencarpsicanalista.com\\\/en\\\/en\\\/#Modalidades\"},{\"@type\":\"Service\",\"@id\":\"https:\\\/\\\/marcosalencarpsicanalista.com\\\/en\\\/#supervisao-clinica\",\"name\":\"Clinical Supervision\",\"serviceType\":\"Supervis\u00e3o cl\u00ednica para profissionais de sa\u00fade mental\",\"description\":\"Clinical supervision for psychologists, psychoanalysts, psychotherapists and professionals in training.\",\"url\":\"https:\\\/\\\/marcosalencarpsicanalista.com\\\/en\\\/en\\\/supervisao-clinica\\\/\",\"provider\":{\"@id\":\"https:\\\/\\\/marcosalencarpsicanalista.com\\\/en\\\/#marcos-correa-alencar\"},\"broker\":{\"@id\":\"https:\\\/\\\/marcosalencarpsicanalista.com\\\/en\\\/#consultorio-marcos-alencar\"},\"areaServed\":[{\"@type\":\"City\",\"name\":\"S\u00e3o Paulo\"},{\"@type\":\"Country\",\"name\":\"Brasil\"},{\"@type\":\"AdministrativeArea\",\"name\":\"Atendimento online internacional\"}],\"availableChannel\":[{\"@type\":\"ServiceChannel\",\"name\":\"Consulting room in S\u00e3o Paulo\",\"serviceLocation\":{\"@type\":\"Place\",\"name\":\"Consulting room in S\u00e3o Paulo\",\"address\":{\"@type\":\"PostalAddress\",\"addressLocality\":\"S\u00e3o Paulo\",\"addressRegion\":\"SP\",\"postalCode\":\"05447-140\",\"addressCountry\":\"BR\"},\"geo\":{\"@type\":\"GeoCoordinates\",\"latitude\":-23.5468322,\"longitude\":-46.705219}},\"availableLanguage\":[{\"@type\":\"Language\",\"name\":\"Portugu\u00eas\",\"alternateName\":\"pt-BR\"},{\"@type\":\"Language\",\"name\":\"English\",\"alternateName\":\"en\"},{\"@type\":\"Language\",\"name\":\"Espa\u00f1ol\",\"alternateName\":\"es\"}]},{\"@type\":\"ServiceChannel\",\"name\":\"Online sessions\",\"serviceUrl\":\"https:\\\/\\\/marcosalencarpsicanalista.com\\\/en\\\/en\\\/30min\\\/\",\"availableLanguage\":[{\"@type\":\"Language\",\"name\":\"Portugu\u00eas\",\"alternateName\":\"pt-BR\"},{\"@type\":\"Language\",\"name\":\"English\",\"alternateName\":\"en\"},{\"@type\":\"Language\",\"name\":\"Espa\u00f1ol\",\"alternateName\":\"es\"}]}]},{\"@type\":\"Service\",\"@id\":\"https:\\\/\\\/marcosalencarpsicanalista.com\\\/en\\\/#primeira-conversa\",\"name\":\"Free 30-minute initial conversation\",\"serviceType\":\"Conversa inicial online de 30 minutos\",\"description\":\"A free and non-binding 30-minute online conversation to understand the person\u2019s needs and consider the possibility of beginning therapy.\",\"url\":\"https:\\\/\\\/marcosalencarpsicanalista.com\\\/en\\\/en\\\/30min\\\/\",\"provider\":{\"@id\":\"https:\\\/\\\/marcosalencarpsicanalista.com\\\/en\\\/#marcos-correa-alencar\"},\"areaServed\":[{\"@type\":\"City\",\"name\":\"S\u00e3o Paulo\"},{\"@type\":\"Country\",\"name\":\"Brasil\"},{\"@type\":\"AdministrativeArea\",\"name\":\"Atendimento online internacional\"}],\"availableChannel\":[{\"@type\":\"ServiceChannel\",\"name\":\"Online sessions\",\"serviceUrl\":\"https:\\\/\\\/marcosalencarpsicanalista.com\\\/en\\\/en\\\/30min\\\/\",\"availableLanguage\":[{\"@type\":\"Language\",\"name\":\"Portugu\u00eas\",\"alternateName\":\"pt-BR\"},{\"@type\":\"Language\",\"name\":\"English\",\"alternateName\":\"en\"},{\"@type\":\"Language\",\"name\":\"Espa\u00f1ol\",\"alternateName\":\"es\"}]}],\"offers\":{\"@id\":\"https:\\\/\\\/marcosalencarpsicanalista.com\\\/en\\\/#oferta-primeira-conversa\"}},{\"@type\":\"Offer\",\"@id\":\"https:\\\/\\\/marcosalencarpsicanalista.com\\\/en\\\/#oferta-primeira-conversa\",\"name\":\"Free 30-minute initial conversation\",\"url\":\"https:\\\/\\\/marcosalencarpsicanalista.com\\\/en\\\/en\\\/30min\\\/\",\"price\":\"0\",\"priceCurrency\":\"BRL\",\"itemOffered\":{\"@id\":\"https:\\\/\\\/marcosalencarpsicanalista.com\\\/en\\\/#primeira-conversa\"},\"seller\":{\"@id\":\"https:\\\/\\\/marcosalencarpsicanalista.com\\\/en\\\/#consultorio-marcos-alencar\"}}]}<\/script>\n<!-- \/ Yoast SEO Premium plugin. -->","yoast_head_json":{"title":"Cadastro para Psicanalistas | Grupo de Estudo e Supervis\u00e3o","description":"Espa\u00e7o para psicanalistas e terapeutas: grupo de estudo, supervis\u00e3o cl\u00ednica e rede profissional. Cadastre-se e receba datas, programa e formato.","robots":{"index":"index","follow":"follow","max-snippet":"max-snippet:-1","max-image-preview":"max-image-preview:large","max-video-preview":"max-video-preview:-1"},"canonical":"https:\/\/marcosalencarpsicanalista.com\/en\/psicanalistas-e-terapeutas\/","og_locale":"en_US","og_type":"article","og_title":"Cadastro para Psicanalistas | Grupo de Estudo e Supervis\u00e3o","og_description":"Espa\u00e7o para psicanalistas e terapeutas: grupo de estudo, supervis\u00e3o cl\u00ednica e rede profissional. Cadastre-se e receba datas, programa e formato.","og_url":"https:\/\/marcosalencarpsicanalista.com\/en\/psicanalistas-e-terapeutas\/","og_site_name":"Marcos Alencar | Psicanalista em S\u00e3o Paulo","article_modified_time":"2026-08-29T19:36:53+00:00","og_image":[{"width":1200,"height":630,"url":"https:\/\/marcosalencarpsicanalista.com\/wp-content\/uploads\/2026\/07\/animathera-og-1200x630-1.png","type":"image\/png"}],"twitter_card":"summary_large_image","twitter_title":"Cadastro para Psicanalistas | Grupo de Estudo e Supervis\u00e3o","twitter_description":"Espa\u00e7o para psicanalistas e terapeutas: grupo de estudo, supervis\u00e3o cl\u00ednica e rede profissional. Cadastre-se e receba datas, programa e formato.","twitter_image":"https:\/\/marcosalencarpsicanalista.com\/wp-content\/uploads\/2026\/07\/animathera-og-1200x630-1.png","twitter_misc":{"Est. reading time":"1 minute"},"schema":{"@context":"https:\/\/schema.org","@graph":[{"@type":"WebPage","@id":"https:\/\/marcosalencarpsicanalista.com\/psicanalistas-e-terapeutas\/","url":"https:\/\/marcosalencarpsicanalista.com\/psicanalistas-e-terapeutas\/","name":"Cadastro para Psicanalistas | Grupo de Estudo e Supervis\u00e3o","isPartOf":{"@id":"https:\/\/marcosalencarpsicanalista.com\/#website"},"primaryImageOfPage":{"@id":"https:\/\/marcosalencarpsicanalista.com\/psicanalistas-e-terapeutas\/#primaryimage"},"image":{"@id":"https:\/\/marcosalencarpsicanalista.com\/psicanalistas-e-terapeutas\/#primaryimage"},"thumbnailUrl":"https:\/\/marcosalencarpsicanalista.com\/wp-content\/uploads\/2026\/08\/marcosalencarpsicanalistaterapiaonlineSaoPaulo.webp","datePublished":"2026-07-13T13:38:50+00:00","dateModified":"2026-08-29T19:36:53+00:00","description":"Espa\u00e7o para psicanalistas e terapeutas: grupo de estudo, supervis\u00e3o cl\u00ednica e rede profissional. Cadastre-se e receba datas, programa e formato.","breadcrumb":{"@id":"https:\/\/marcosalencarpsicanalista.com\/psicanalistas-e-terapeutas\/#breadcrumb"},"inLanguage":"en-US","potentialAction":[{"@type":"ReadAction","target":["https:\/\/marcosalencarpsicanalista.com\/psicanalistas-e-terapeutas\/"]}],"about":[{"@id":"https:\/\/marcosalencarpsicanalista.com\/en\/#marcos-correa-alencar"},{"@id":"https:\/\/marcosalencarpsicanalista.com\/en\/#consultorio-marcos-alencar"}]},{"@type":"ImageObject","inLanguage":"en-US","@id":"https:\/\/marcosalencarpsicanalista.com\/psicanalistas-e-terapeutas\/#primaryimage","url":"https:\/\/marcosalencarpsicanalista.com\/wp-content\/uploads\/2026\/08\/marcosalencarpsicanalistaterapiaonlineSaoPaulo.webp","contentUrl":"https:\/\/marcosalencarpsicanalista.com\/wp-content\/uploads\/2026\/08\/marcosalencarpsicanalistaterapiaonlineSaoPaulo.webp","width":544,"height":576},{"@type":"BreadcrumbList","@id":"https:\/\/marcosalencarpsicanalista.com\/psicanalistas-e-terapeutas\/#breadcrumb","itemListElement":[{"@type":"ListItem","position":1,"name":"Home","item":"https:\/\/marcosalencarpsicanalista.com\/"},{"@type":"ListItem","position":2,"name":"Para Psicanalistas e Terapeutas"}]},{"@type":"WebSite","@id":"https:\/\/marcosalencarpsicanalista.com\/#website","url":"https:\/\/marcosalencarpsicanalista.com\/","name":"Marcos Alencar | Psychoanalyst and Psychologist","description":"Psican\u00e1lise e psicoterapia presencial em S\u00e3o Paulo e online no Brasil e no exterior.","publisher":{"@id":"https:\/\/marcosalencarpsicanalista.com\/en\/#consultorio-marcos-alencar"},"alternateName":"Marcos Alencar","potentialAction":[{"@type":"SearchAction","target":{"@type":"EntryPoint","urlTemplate":"https:\/\/marcosalencarpsicanalista.com\/?s={search_term_string}"},"query-input":{"@type":"PropertyValueSpecification","valueRequired":true,"valueName":"search_term_string"}}],"inLanguage":"en-US","about":[{"@id":"https:\/\/marcosalencarpsicanalista.com\/en\/#marcos-correa-alencar"},{"@id":"https:\/\/marcosalencarpsicanalista.com\/en\/#consultorio-marcos-alencar"}]},{"@type":"Organization","@id":"https:\/\/marcosalencarpsicanalista.com\/#organization","name":"Marcos Alencar | Psicologo e Psicanalista","url":"https:\/\/marcosalencarpsicanalista.com\/","logo":{"@type":"ImageObject","inLanguage":"en-US","@id":"https:\/\/marcosalencarpsicanalista.com\/#\/schema\/logo\/image\/","url":"https:\/\/marcosalencarpsicanalista.com\/wp-content\/uploads\/2026\/08\/marcosalencar-psicanalista-psicologo-sao-paulo-sp-port.png","contentUrl":"https:\/\/marcosalencarpsicanalista.com\/wp-content\/uploads\/2026\/08\/marcosalencar-psicanalista-psicologo-sao-paulo-sp-port.png","width":1122,"height":1402,"caption":"Marcos Alencar | Psicologo e Psicanalista"},"image":{"@id":"https:\/\/marcosalencarpsicanalista.com\/#\/schema\/logo\/image\/"},"description":"Psychoanalysis and psychotherapy with Marcos Alencar, Psychoanalyst and Psychologist (CRP 06\/30117). In-person sessions in S\u00e3o Paulo and online, in Portuguese, English, and Spanish. Free 30-minute introductory conversation."},{"@type":"Person","@id":"https:\/\/marcosalencarpsicanalista.com\/en\/#marcos-correa-alencar","name":"Marcos Corr\u00eaa Alencar","alternateName":"Marcos Alencar","givenName":"Marcos","additionalName":"Corr\u00eaa","familyName":"Alencar","url":"https:\/\/marcosalencarpsicanalista.com\/en\/en\/psicanalista-marcos-alencar\/","mainEntityOfPage":{"@id":"https:\/\/marcosalencarpsicanalista.com\/en\/en\/psicanalista-marcos-alencar\/"},"image":{"@type":"ImageObject","@id":"https:\/\/marcosalencarpsicanalista.com\/en\/#imagem-marcos-alencar","url":"https:\/\/marcosalencarpsicanalista.com\/en\/wp-content\/uploads\/2026\/07\/DrMarcosAlencar.webp","contentUrl":"https:\/\/marcosalencarpsicanalista.com\/en\/wp-content\/uploads\/2026\/07\/DrMarcosAlencar.webp","caption":"Marcos Corr\u00eaa Alencar, Psicanalista e Psic\u00f3logo"},"description":"Marcos Corr\u00eaa Alencar is a psychoanalyst and psychologist, registered under CRP 06\/30117. He offers in-person sessions in S\u00e3o Paulo and online sessions in Brazil and internationally, in Portuguese, English and Spanish.","jobTitle":["Psicanalista","Psic\u00f3logo"],"identifier":{"@type":"PropertyValue","propertyID":"CRP","value":"06\/30117","name":"Registro profissional no Conselho Regional de Psicologia"},"knowsLanguage":[{"@type":"Language","name":"Portugu\u00eas","alternateName":"pt-BR"},{"@type":"Language","name":"English","alternateName":"en"},{"@type":"Language","name":"Espa\u00f1ol","alternateName":"es"}],"telephone":"+55 11 91566-5300","email":"contato@marcosalencarpsicanalista.com","workLocation":{"@type":"Place","name":"S\u00e3o Paulo, SP, Brasil","address":{"@type":"PostalAddress","addressLocality":"S\u00e3o Paulo","addressRegion":"SP","postalCode":"05447-140","addressCountry":"BR"},"geo":{"@type":"GeoCoordinates","latitude":-23.5468322,"longitude":-46.705219}},"worksFor":{"@id":"https:\/\/marcosalencarpsicanalista.com\/en\/#consultorio-marcos-alencar"},"knowsAbout":["Psican\u00e1lise","Psicologia","Psicoterapia de orienta\u00e7\u00e3o anal\u00edtica","An\u00e1lise individual","Terapia breve","Autoconhecimento","Sa\u00fade mental","Subjetividade","Migra\u00e7\u00e3o e adapta\u00e7\u00e3o cultural","Tecnologia e subjetividade","Supervis\u00e3o cl\u00ednica"],"makesOffer":[{"@id":"https:\/\/marcosalencarpsicanalista.com\/en\/#oferta-primeira-conversa"}]},{"@type":"LocalBusiness","@id":"https:\/\/marcosalencarpsicanalista.com\/en\/#consultorio-marcos-alencar","name":"Marcos Alencar \u2014 Psychoanalyst and Psychologist","alternateName":"Marcos Alencar","url":"https:\/\/marcosalencarpsicanalista.com\/en\/en\/","description":"Psychoanalysis and analytically oriented psychotherapy with Marcos Corr\u00eaa Alencar, registered under CRP 06\/30117. In-person sessions in S\u00e3o Paulo and online sessions in Brazil and internationally, in Portuguese, English and Spanish.","image":{"@id":"https:\/\/marcosalencarpsicanalista.com\/en\/#imagem-marcos-alencar"},"telephone":"+55 11 91566-5300","email":"contato@marcosalencarpsicanalista.com","address":{"@type":"PostalAddress","addressLocality":"S\u00e3o Paulo","addressRegion":"SP","postalCode":"05447-140","addressCountry":"BR"},"geo":{"@type":"GeoCoordinates","latitude":-23.5468322,"longitude":-46.705219},"areaServed":[{"@type":"City","name":"S\u00e3o Paulo"},{"@type":"Country","name":"Brasil"},{"@type":"AdministrativeArea","name":"Atendimento online internacional"}],"availableLanguage":[{"@type":"Language","name":"Portugu\u00eas","alternateName":"pt-BR"},{"@type":"Language","name":"English","alternateName":"en"},{"@type":"Language","name":"Espa\u00f1ol","alternateName":"es"}],"founder":{"@id":"https:\/\/marcosalencarpsicanalista.com\/en\/#marcos-correa-alencar"},"employee":{"@id":"https:\/\/marcosalencarpsicanalista.com\/en\/#marcos-correa-alencar"},"openingHoursSpecification":[{"@type":"OpeningHoursSpecification","dayOfWeek":["https:\/\/schema.org\/Monday","https:\/\/schema.org\/Tuesday","https:\/\/schema.org\/Wednesday","https:\/\/schema.org\/Thursday","https:\/\/schema.org\/Friday"],"opens":"09:00","closes":"19:00"}],"hasOfferCatalog":{"@type":"OfferCatalog","name":"Atendimentos e servi\u00e7os","itemListElement":[{"@id":"https:\/\/marcosalencarpsicanalista.com\/en\/#analise-individual"},{"@id":"https:\/\/marcosalencarpsicanalista.com\/en\/#terapia-breve"},{"@id":"https:\/\/marcosalencarpsicanalista.com\/en\/#supervisao-clinica"},{"@id":"https:\/\/marcosalencarpsicanalista.com\/en\/#primeira-conversa"}]},"makesOffer":[{"@id":"https:\/\/marcosalencarpsicanalista.com\/en\/#oferta-primeira-conversa"}]},{"@type":"Service","@id":"https:\/\/marcosalencarpsicanalista.com\/en\/#analise-individual","name":"Individual Psychoanalysis","serviceType":"Psican\u00e1lise e psicoterapia de orienta\u00e7\u00e3o anal\u00edtica","description":"An ongoing and in-depth process of listening and self-knowledge, developed according to each person&#039;s singularity and individual pace.","provider":{"@id":"https:\/\/marcosalencarpsicanalista.com\/en\/#marcos-correa-alencar"},"broker":{"@id":"https:\/\/marcosalencarpsicanalista.com\/en\/#consultorio-marcos-alencar"},"areaServed":[{"@type":"City","name":"S\u00e3o Paulo"},{"@type":"Country","name":"Brasil"},{"@type":"AdministrativeArea","name":"Atendimento online internacional"}],"availableChannel":[{"@type":"ServiceChannel","name":"Consulting room in S\u00e3o Paulo","serviceLocation":{"@type":"Place","name":"Consulting room in S\u00e3o Paulo","address":{"@type":"PostalAddress","addressLocality":"S\u00e3o Paulo","addressRegion":"SP","postalCode":"05447-140","addressCountry":"BR"},"geo":{"@type":"GeoCoordinates","latitude":-23.5468322,"longitude":-46.705219}},"availableLanguage":[{"@type":"Language","name":"Portugu\u00eas","alternateName":"pt-BR"},{"@type":"Language","name":"English","alternateName":"en"},{"@type":"Language","name":"Espa\u00f1ol","alternateName":"es"}]},{"@type":"ServiceChannel","name":"Online sessions","serviceUrl":"https:\/\/marcosalencarpsicanalista.com\/en\/en\/30min\/","availableLanguage":[{"@type":"Language","name":"Portugu\u00eas","alternateName":"pt-BR"},{"@type":"Language","name":"English","alternateName":"en"},{"@type":"Language","name":"Espa\u00f1ol","alternateName":"es"}]}],"url":"https:\/\/marcosalencarpsicanalista.com\/en\/en\/#Modalidades"},{"@type":"Service","@id":"https:\/\/marcosalencarpsicanalista.com\/en\/#terapia-breve","name":"Brief Therapy","serviceType":"Terapia breve focal","description":"A focused and time-limited therapeutic process addressing a specific issue such as stress, professional pressure, difficult decisions or career transitions.","provider":{"@id":"https:\/\/marcosalencarpsicanalista.com\/en\/#marcos-correa-alencar"},"broker":{"@id":"https:\/\/marcosalencarpsicanalista.com\/en\/#consultorio-marcos-alencar"},"areaServed":[{"@type":"City","name":"S\u00e3o Paulo"},{"@type":"Country","name":"Brasil"},{"@type":"AdministrativeArea","name":"Atendimento online internacional"}],"availableChannel":[{"@type":"ServiceChannel","name":"Consulting room in S\u00e3o Paulo","serviceLocation":{"@type":"Place","name":"Consulting room in S\u00e3o Paulo","address":{"@type":"PostalAddress","addressLocality":"S\u00e3o Paulo","addressRegion":"SP","postalCode":"05447-140","addressCountry":"BR"},"geo":{"@type":"GeoCoordinates","latitude":-23.5468322,"longitude":-46.705219}},"availableLanguage":[{"@type":"Language","name":"Portugu\u00eas","alternateName":"pt-BR"},{"@type":"Language","name":"English","alternateName":"en"},{"@type":"Language","name":"Espa\u00f1ol","alternateName":"es"}]},{"@type":"ServiceChannel","name":"Online sessions","serviceUrl":"https:\/\/marcosalencarpsicanalista.com\/en\/en\/30min\/","availableLanguage":[{"@type":"Language","name":"Portugu\u00eas","alternateName":"pt-BR"},{"@type":"Language","name":"English","alternateName":"en"},{"@type":"Language","name":"Espa\u00f1ol","alternateName":"es"}]}],"url":"https:\/\/marcosalencarpsicanalista.com\/en\/en\/#Modalidades"},{"@type":"Service","@id":"https:\/\/marcosalencarpsicanalista.com\/en\/#supervisao-clinica","name":"Clinical Supervision","serviceType":"Supervis\u00e3o cl\u00ednica para profissionais de sa\u00fade mental","description":"Clinical supervision for psychologists, psychoanalysts, psychotherapists and professionals in training.","url":"https:\/\/marcosalencarpsicanalista.com\/en\/en\/supervisao-clinica\/","provider":{"@id":"https:\/\/marcosalencarpsicanalista.com\/en\/#marcos-correa-alencar"},"broker":{"@id":"https:\/\/marcosalencarpsicanalista.com\/en\/#consultorio-marcos-alencar"},"areaServed":[{"@type":"City","name":"S\u00e3o Paulo"},{"@type":"Country","name":"Brasil"},{"@type":"AdministrativeArea","name":"Atendimento online internacional"}],"availableChannel":[{"@type":"ServiceChannel","name":"Consulting room in S\u00e3o Paulo","serviceLocation":{"@type":"Place","name":"Consulting room in S\u00e3o Paulo","address":{"@type":"PostalAddress","addressLocality":"S\u00e3o Paulo","addressRegion":"SP","postalCode":"05447-140","addressCountry":"BR"},"geo":{"@type":"GeoCoordinates","latitude":-23.5468322,"longitude":-46.705219}},"availableLanguage":[{"@type":"Language","name":"Portugu\u00eas","alternateName":"pt-BR"},{"@type":"Language","name":"English","alternateName":"en"},{"@type":"Language","name":"Espa\u00f1ol","alternateName":"es"}]},{"@type":"ServiceChannel","name":"Online sessions","serviceUrl":"https:\/\/marcosalencarpsicanalista.com\/en\/en\/30min\/","availableLanguage":[{"@type":"Language","name":"Portugu\u00eas","alternateName":"pt-BR"},{"@type":"Language","name":"English","alternateName":"en"},{"@type":"Language","name":"Espa\u00f1ol","alternateName":"es"}]}]},{"@type":"Service","@id":"https:\/\/marcosalencarpsicanalista.com\/en\/#primeira-conversa","name":"Free 30-minute initial conversation","serviceType":"Conversa inicial online de 30 minutos","description":"A free and non-binding 30-minute online conversation to understand the person&#039;s needs and consider the possibility of beginning therapy.","url":"https:\/\/marcosalencarpsicanalista.com\/en\/en\/30min\/","provider":{"@id":"https:\/\/marcosalencarpsicanalista.com\/en\/#marcos-correa-alencar"},"areaServed":[{"@type":"City","name":"S\u00e3o Paulo"},{"@type":"Country","name":"Brasil"},{"@type":"AdministrativeArea","name":"Atendimento online internacional"}],"availableChannel":[{"@type":"ServiceChannel","name":"Online sessions","serviceUrl":"https:\/\/marcosalencarpsicanalista.com\/en\/en\/30min\/","availableLanguage":[{"@type":"Language","name":"Portugu\u00eas","alternateName":"pt-BR"},{"@type":"Language","name":"English","alternateName":"en"},{"@type":"Language","name":"Espa\u00f1ol","alternateName":"es"}]}],"offers":{"@id":"https:\/\/marcosalencarpsicanalista.com\/en\/#oferta-primeira-conversa"}},{"@type":"Offer","@id":"https:\/\/marcosalencarpsicanalista.com\/en\/#oferta-primeira-conversa","name":"Free 30-minute initial conversation","url":"https:\/\/marcosalencarpsicanalista.com\/en\/en\/30min\/","price":"0","priceCurrency":"BRL","itemOffered":{"@id":"https:\/\/marcosalencarpsicanalista.com\/en\/#primeira-conversa"},"seller":{"@id":"https:\/\/marcosalencarpsicanalista.com\/en\/#consultorio-marcos-alencar"}}]}},"_links":{"self":[{"href":"https:\/\/marcosalencarpsicanalista.com\/en\/wp-json\/wp\/v2\/pages\/385","targetHints":{"allow":["GET"]}}],"collection":[{"href":"https:\/\/marcosalencarpsicanalista.com\/en\/wp-json\/wp\/v2\/pages"}],"about":[{"href":"https:\/\/marcosalencarpsicanalista.com\/en\/wp-json\/wp\/v2\/types\/page"}],"author":[{"embeddable":true,"href":"https:\/\/marcosalencarpsicanalista.com\/en\/wp-json\/wp\/v2\/users\/1"}],"replies":[{"embeddable":true,"href":"https:\/\/marcosalencarpsicanalista.com\/en\/wp-json\/wp\/v2\/comments?post=385"}],"version-history":[{"count":69,"href":"https:\/\/marcosalencarpsicanalista.com\/en\/wp-json\/wp\/v2\/pages\/385\/revisions"}],"predecessor-version":[{"id":2713,"href":"https:\/\/marcosalencarpsicanalista.com\/en\/wp-json\/wp\/v2\/pages\/385\/revisions\/2713"}],"wp:featuredmedia":[{"embeddable":true,"href":"https:\/\/marcosalencarpsicanalista.com\/en\/wp-json\/wp\/v2\/media\/2670"}],"wp:attachment":[{"href":"https:\/\/marcosalencarpsicanalista.com\/en\/wp-json\/wp\/v2\/media?parent=385"}],"curies":[{"name":"wp","href":"https:\/\/api.w.org\/{rel}","templated":true}]}}